{"id":39,"date":"2016-08-23T10:17:47","date_gmt":"2016-08-23T08:17:47","guid":{"rendered":"http:\/\/www.kfi.se\/wp-index.php\/?page_id=39"},"modified":"2026-02-18T07:48:59","modified_gmt":"2026-02-18T06:48:59","slug":"kontakt","status":"publish","type":"page","link":"https:\/\/www.kfi.se\/wp-index.php\/kontakt\/","title":{"rendered":"Kontakt"},"content":{"rendered":"<h3>Kontaktpersoner<\/h3>\n<hr class=\"red-line\" \/>\n<p>Uppdaterad: 2025-10-24<\/p>\n<p><strong>F\u00f6rest\u00e5ndare:<\/strong> Gustaf Kastberg Weichselberger, tel: 0768-56 30 93, <strong><a style=\"color: #b0043d;\" href=\"mailto:gustaf.kastberg@kfi.se\" target=\"_blank\" rel=\"noopener noreferrer\">gustaf.kastberg@kfi.se<\/a> <\/strong><\/p>\n<p><strong>Bitr. f\u00f6rest\u00e5ndare:<\/strong> Pierre Donatella, tel: 0708-87 16 95, <a style=\"color: #b0043d;\" href=\"mailto:pierre.donatella@kfi.se\" target=\"_blank\" rel=\"noopener noreferrer\">pierre.donatella@kfi.se<\/a><\/p>\n<p><strong>Administrationsansvarig:<\/strong> Viveka Nilsson, tel: 0703-41 65 17,<a style=\"color: #b0043d;\" href=\"mailto:viveka.nilsson@kfi.se\" target=\"_blank\" rel=\"noopener noreferrer\">viveka.nilsson@kfi.se<\/a><\/p>\n<p><strong>Postadress:<\/strong> Kommunforskning i V\u00e4stsverige, Box 171, 431 22 M\u00f6lndal.<\/p>\n<h2><\/h2>\n<h3>Forskarn\u00e4tverk<\/h3>\n<hr class=\"red-line\" \/>\n<p>Uppdaterad: 2025-10-24<\/p>\n<p><a href=\"https:\/\/www.kfi.se\/wp-index.php\/kontakt\/emma-albertsson\/\">Emma Albertsson<\/a><br \/>\n<a href=\"https:\/\/www.kfi.se\/wp-index.php\/jessica-algehed\/\">Jessica Algehed\u00a0<\/a><br \/>\n<a href=\"http:\/\/www.kfi.se\/wp-index.php\/var-organisation\/johan-berlin\/\">Johan Berlin<\/a><br \/>\n<a href=\"http:\/\/www.kfi.se\/wp-index.php\/var-organisation\/bjorn-brorstrom\/\">Bj\u00f6rn Brorstr\u00f6m<\/a><br \/>\n<a href=\"http:\/\/www.kfi.se\/wp-index.php\/var-organisation\/sara-brorstrom\/\">Sara Brorstr\u00f6m<\/a><br \/>\n<a href=\"http:\/\/www.kfi.se\/wp-index.php\/var-organisation\/pierre-donatella\/\">Pierre Donatella<\/a><br \/>\n<a href=\"https:\/\/www.kfi.se\/wp-index.php\/kontakt\/sanna-eklund\/\">Sanna Eklund\u00a0<\/a><br \/>\n<a href=\"http:\/\/www.kfi.se\/wp-index.php\/var-organisation\/emma-ek-osterberg\/\">Emma Ek \u00d6sterberg<\/a><br \/>\n<a href=\"http:\/\/www.kfi.se\/wp-index.php\/var-organisation\/nomie-eriksson\/\">Nomie Eriksson<\/a><br \/>\n<a href=\"http:\/\/www.kfi.se\/wp-index.php\/christian-jensen\/\">Christian Jensen<\/a><a href=\"http:\/\/www.kfi.se\/wp-index.php\/var-organisation\/gustaf-kastberg\/\"><br \/>\nGustaf Kastberg Weichselberger<\/a><br \/>\n<a href=\"http:\/\/www.kfi.se\/wp-index.php\/var-organisation\/cristian-lagstrom\/\">Cristian Lagstr\u00f6m<\/a><br \/>\n<a href=\"https:\/\/www.kfi.se\/wp-index.php\/caroline-leppanen\/\">Caroline Lepp\u00e4nen<\/a><br \/>\n<a href=\"https:\/\/www.kfi.se\/wp-index.php\/kontakt\/royliff\/\">Roy Liff<\/a><br \/>\n<a href=\"http:\/\/www.kfi.se\/wp-index.php\/var-organisation\/mikael-lofstrom\/\">Mikael L\u00f6fstr\u00f6m<\/a><br \/>\n<a href=\"http:\/\/www.kfi.se\/wp-index.php\/isabell-meltzer\/\">Isabell Meltzer<\/a><br \/>\n<a href=\"http:\/\/www.kfi.se\/wp-index.php\/var-organisation\/viveka-nilsson\/\">Viveka Nilsson<\/a><br \/>\n<a href=\"https:\/\/www.kfi.se\/wp-index.php\/kontakt\/sofia-rosvall\/\">Sofia Rosvall<\/a><br \/>\n<a href=\"https:\/\/www.kfi.se\/wp-index.php\/kontakt\/ingrid-svensson\/\">Ingrid Svensson<\/a><br \/>\n<a href=\"https:\/\/www.kfi.se\/wp-index.php\/johanna-thalenius\/\">Johanna Thalenius\u00a0<\/a><br \/>\n<a style=\"font-size: 16px;\" href=\"http:\/\/www.kfi.se\/wp-index.php\/var-organisation\/hans-petersson\/\">Hans Petersson<br \/>\n<\/a><a style=\"font-size: 16px;\" href=\"http:\/\/www.kfi.se\/wp-index.php\/var-organisation\/sven-siverbo\/\">Sven Siverbo<\/a><\/p>\n<p>&nbsp;<\/p>\n<h3><\/h3>\n<h3>Styrelse<\/h3>\n<hr class=\"red-line\" \/>\n<p>Uppdaterad: 2025-10-24<\/p>\n<p><span style=\"color: #000000;\"><strong style=\"font-family: 'Noto Sans', sans-serif; font-size: 16px; font-style: normal; color: #242424;\"><span style=\"color: #000000;\"><strong style=\"font-family: 'Noto Sans', sans-serif; font-size: 16px; font-style: normal;\">Kicki Nordberg,<\/strong><span style=\"font-family: 'Noto Sans', sans-serif; font-size: 16px; font-style: normal; font-weight: 400;\"> Falkenbergs kommun (Ordf\u00f6rande)<br \/>\n<\/span>Magnus Andersson, <\/span><\/strong><span style=\"color: #000000;\">G\u00f6teborgs Stad<br \/>\n<strong>Erica Bj\u00e4rsved,<\/strong> Stenungsunds kommun<br \/>\n<strong>Pierre Donatella,<\/strong> G\u00f6teborgs universitet<br \/>\n<\/span><\/span><span style=\"color: #000000;\"><strong style=\"font-family: 'Noto Sans', sans-serif; font-size: 16px; font-style: normal;\"><strong style=\"font-family: 'Noto Sans', sans-serif; font-size: 16px; font-style: normal;\"><strong style=\"font-family: 'Noto Sans', sans-serif; font-size: 16px; font-style: normal;\">Emil Gisslow,<\/strong><span style=\"font-family: 'Noto Sans', sans-serif; font-size: 16px; font-style: normal; font-weight: 400;\"> V\u00e4stra G\u00f6talandsregionen<\/span><\/strong><\/strong><\/span><span style=\"color: #000000;\"><strong style=\"font-family: 'Noto Sans', sans-serif; font-size: 16px; font-style: normal;\"><span style=\"font-family: 'Noto Sans', sans-serif; font-size: 16px; font-style: normal; font-weight: 400;\"><br \/>\n<strong>Christina Hermansson,<\/strong> Kungsbacka kommun<br \/>\n<\/span><\/strong><\/span><span style=\"color: #000000;\"><strong style=\"font-family: 'Noto Sans', sans-serif; font-size: 16px; font-style: normal;\">Pia Jakobsson, <\/strong>Kung\u00e4lvs kommun\u00a0<strong style=\"font-family: 'Noto Sans', sans-serif; font-size: 16px; font-style: normal;\"><br \/>\nChristian Jensen,<\/strong><span style=\"font-family: 'Noto Sans', sans-serif; font-size: 16px; font-style: normal; font-weight: 400;\">\u00a0G\u00f6teborgs universitet<br \/>\n<\/span><\/span><span style=\"color: #000000;\"><span style=\"font-family: 'Noto Sans', sans-serif; font-size: 16px; font-style: normal; font-weight: 400;\"><strong style=\"font-family: 'Noto Sans', sans-serif; font-size: 16px; font-style: normal; color: #242424;\">Bengt Johansson,<\/strong><span style=\"color: #242424; font-family: 'Noto Sans', sans-serif; font-size: 16px; font-style: normal; font-weight: 400;\"> G\u00f6teborgs universitet<strong><br \/>\nKristina L\u00e4nnergren,<\/strong> V\u00e4stKom<br \/>\n<strong>Karolina Samuelsson,<\/strong> Lysekils kommun<br \/>\n<\/span><\/span><\/span><span style=\"color: #000000;\"><strong>Maria Standar,<\/strong> Alings\u00e5s kommun<br \/>\n<strong>Anna Karevi Verdoes,<\/strong> V\u00e4stra G\u00f6talandsregionen<br \/>\n<\/span><span style=\"color: #000000;\"><strong>Magnus Wid\u00e9n,<\/strong> Str\u00f6mstads kommun<br \/>\n<strong>Allison \u00d6stlund,<\/strong> G\u00f6teborgs universitet<\/span><\/p>\n<p>&nbsp;<\/p>\n<h3>Medlemsorganisationer<\/h3>\n<hr class=\"red-line\" \/>\n<p>Uppdaterad: 2025-10-24<\/p>\n<p>Kommunforskning i V\u00e4stsverige (KFi) har totalt <strong>52<\/strong> medlemsorganisationer, varav <strong>49<\/strong>\u00a0kommuner och <strong>3<\/strong> \u00f6vriga.<\/p>\n<p><strong>KOMMUNER<\/strong><br \/>\nAle kommun, Alings\u00e5s kommun, Bengtsfors kommun, Bollebygds kommun, Bor\u00e5s stad, Dals-Eds kommun, Essunga kommun, Falkenbergs kommun, Falk\u00f6pings kommun, F\u00e4rgelanda kommun, Gr\u00e4storps kommun, G\u00f6teborgs stad, G\u00f6tene kommun, Halmstads kommun, Herrljunga kommun, Hjo kommun, H\u00e4rryda kommun, Karlsborgs kommun, Kungsbacka kommun, Kung\u00e4lvs kommun, Lerums kommun, Lidk\u00f6pings kommun, Lilla Edets kommun, Lysekils kommun, Marks kommun, Mariestads kommun, Melleruds kommun, Munkedals kommun, M\u00f6lndals stad, Orust kommun, Partille kommun, Sk\u00f6vde kommun, Soten\u00e4s kommun, Stenungsunds kommun, Str\u00f6mstads kommun, Svenljunga kommun, Tanums kommun, Tibro kommun, Tj\u00f6rns kommun, Tranemo kommun, Trollh\u00e4ttans stad, T\u00f6reboda kommun, Ulricehamns kommun, Vara kommun, Varbergs kommun, V\u00e5rg\u00e5rda kommun, V\u00e4nersborgs kommun, \u00c5m\u00e5ls kommun, \u00d6cker\u00f6 kommun<\/p>\n<p><strong>\u00d6VRIGA MEDLEMMAR<\/strong><br \/>\nV\u00e4stra G\u00f6talandsregionen, G\u00f6teborgs universitet och V\u00e4stKom.<\/p>\n<p>&nbsp;<\/p>\n<h3>Stadgar<\/h3>\n<hr class=\"red-line\" \/>\n<p>Uppdaterad: 2026-02-18<\/p>\n<p><a href=\"https:\/\/www.kfi.se\/wp-content\/uploads\/2026\/02\/Stadgar-KFi-2025-05-13.pdf\" target=\"_blank\" rel=\"noopener\">L\u00e4nk till KFi:s stadgar (PDF)<\/a><a href=\"http:\/\/www.kfi.se\/wp-content\/uploads\/2016\/11\/KFi_stadgar.pdf\" target=\"_blank\" rel=\"noopener noreferrer\"><br \/>\n<\/a><\/p>\n<p>&nbsp;<\/p>\n<p>&nbsp;<\/p>\n<p>&nbsp;<\/p>\n","protected":false},"excerpt":{"rendered":"<p>Kontaktpersoner Uppdaterad: 2025-10-24 F\u00f6rest\u00e5ndare: Gustaf Kastberg Weichselberger, tel: 0768-56 30 93, gustaf.kastberg@kfi.se Bitr. f\u00f6rest\u00e5ndare: Pierre Donatella, tel: 0708-87 16 95, pierre.donatella@kfi.se Administrationsansvarig: Viveka Nilsson, tel: 0703-41 65 17,viveka.nilsson@kfi.se Postadress: Kommunforskning i V\u00e4stsverige, Box 171, 431 22 M\u00f6lndal. Forskarn\u00e4tverk Uppdaterad: 2025-10-24 Emma Albertsson Jessica Algehed\u00a0 Johan Berlin Bj\u00f6rn Brorstr\u00f6m Sara Brorstr\u00f6m Pierre Donatella Sanna Eklund\u00a0 Emma &hellip; <a href=\"https:\/\/www.kfi.se\/wp-index.php\/kontakt\/\" class=\"more-link\">Forts\u00e4tt l\u00e4sa <span class=\"screen-reader-text\">Kontakt<\/span><\/a><\/p>\n","protected":false},"author":3,"featured_media":0,"parent":0,"menu_order":0,"comment_status":"closed","ping_status":"closed","template":"","meta":{"footnotes":""},"class_list":["post-39","page","type-page","status-publish","hentry"],"_links":{"self":[{"href":"https:\/\/www.kfi.se\/wp-index.php\/wp-json\/wp\/v2\/pages\/39"}],"collection":[{"href":"https:\/\/www.kfi.se\/wp-index.php\/wp-json\/wp\/v2\/pages"}],"about":[{"href":"https:\/\/www.kfi.se\/wp-index.php\/wp-json\/wp\/v2\/types\/page"}],"author":[{"embeddable":true,"href":"https:\/\/www.kfi.se\/wp-index.php\/wp-json\/wp\/v2\/users\/3"}],"replies":[{"embeddable":true,"href":"https:\/\/www.kfi.se\/wp-index.php\/wp-json\/wp\/v2\/comments?post=39"}],"version-history":[{"count":173,"href":"https:\/\/www.kfi.se\/wp-index.php\/wp-json\/wp\/v2\/pages\/39\/revisions"}],"predecessor-version":[{"id":6994,"href":"https:\/\/www.kfi.se\/wp-index.php\/wp-json\/wp\/v2\/pages\/39\/revisions\/6994"}],"wp:attachment":[{"href":"https:\/\/www.kfi.se\/wp-index.php\/wp-json\/wp\/v2\/media?parent=39"}],"curies":[{"name":"wp","href":"https:\/\/api.w.org\/{rel}","templated":true}]}}