{"id":496,"date":"2016-08-30T15:44:32","date_gmt":"2016-08-30T13:44:32","guid":{"rendered":"http:\/\/www.kfi.se\/wp-index.php\/?page_id=496"},"modified":"2026-02-25T08:58:01","modified_gmt":"2026-02-25T07:58:01","slug":"kfi-rapporter","status":"publish","type":"page","link":"https:\/\/www.kfi.se\/wp-index.php\/publikationer\/kfi-rapporter\/","title":{"rendered":"KFi-rapporter"},"content":{"rendered":"<p>&nbsp;<\/p>\n<p><!--more--><\/p>\n<p><a href=\"https:\/\/www.kfi.se\/wp-content\/uploads\/2026\/02\/KFi-198.pdf\" target=\"_blank\" rel=\"noopener\"><img decoding=\"async\" style=\"font-style: inherit; font-weight: inherit;\" title=\"pdf.png\" src=\"https:\/\/www.kfi.se\/wp-content\/uploads\/2018\/01\/pdf.png\" alt=\"pdf.png\" \/> <strong>198.<\/strong> Caroline Lepp\u00e4nen och Gustaf Kastberg Weichselberger 2026.<span style=\"font-family: 'Noto Sans', sans-serif; font-size: 16px; font-style: normal; font-weight: 400;\"><br \/>\n<\/span>Om kommuners insatser f\u00f6r att minska kr\u00e5ngel och on\u00f6dig administration.\u00a0<\/a><\/p>\n<p><a href=\"https:\/\/www.kfi.se\/wp-content\/uploads\/2025\/09\/KFi-rapport-197.pdf\" target=\"_blank\" rel=\"noopener\"><img decoding=\"async\" style=\"font-style: inherit; font-weight: inherit;\" title=\"pdf.png\" src=\"https:\/\/www.kfi.se\/wp-content\/uploads\/2018\/01\/pdf.png\" alt=\"pdf.png\" \/> <strong>197.<\/strong> Mikael L\u00f6fstr\u00f6m och Isabell Meltzer 2025.<span style=\"font-family: 'Noto Sans', sans-serif; font-size: 16px; font-style: normal; font-weight: 400;\"><br \/>\n<\/span>Bakom valurnorna: En studie om r\u00f6stmottagares roller, drivkrafter och framtid.\u00a0<\/a><br \/>\n<a href=\"https:\/\/www.kfi.se\/wp-content\/uploads\/2025\/09\/KFi-rapport-197.pdf\" target=\"_blank\" rel=\"noopener\">ISBN: 978-91-89458-27-7<\/a><\/p>\n<p><a href=\"https:\/\/www.kfi.se\/wp-content\/uploads\/2025\/05\/Meltzer-2025.pdf\" target=\"_blank\" rel=\"noopener\"><img decoding=\"async\" style=\"font-style: inherit; font-weight: inherit;\" title=\"pdf.png\" src=\"https:\/\/www.kfi.se\/wp-content\/uploads\/2018\/01\/pdf.png\" alt=\"pdf.png\" \/> <strong>196.<\/strong> Isabell Meltzer 2025.<span style=\"font-family: 'Noto Sans', sans-serif; font-size: 16px; font-style: normal; font-weight: 400;\"><br \/>\n<\/span>Avtalssamverkan inom det sociala omr\u00e5det<br \/>\n\u2013 gemensam strategisk ledningsfunktion i Bengtsfors och Melleruds kommuner<\/a><br \/>\n<a href=\"https:\/\/www.kfi.se\/wp-content\/uploads\/2025\/05\/Meltzer-2025.pdf\" target=\"_blank\" rel=\"noopener\">ISBN: 978-91-89458-26-0<\/a><\/p>\n<p><a href=\"https:\/\/www.kfi.se\/wp-content\/uploads\/2025\/01\/KFi-rapport-195.pdf\" target=\"_blank\" rel=\"noopener\"><img decoding=\"async\" style=\"font-style: inherit; font-weight: inherit;\" title=\"pdf.png\" src=\"https:\/\/www.kfi.se\/wp-content\/uploads\/2018\/01\/pdf.png\" alt=\"pdf.png\" \/> <strong>195.<\/strong> Gustaf Kastberg Weichselberger 2025.<span style=\"font-family: 'Noto Sans', sans-serif; font-size: 16px; font-style: normal; font-weight: 400;\"><br \/>\n<\/span>Kvasimarknader: Erfarenheter fr\u00e5n till\u00e4mpningen av valfrihetssystem och upphandling.<\/a><br \/>\n<a href=\"https:\/\/www.kfi.se\/wp-content\/uploads\/2025\/01\/KFi-rapport-195.pdf\" target=\"_blank\" rel=\"noopener\">ISBN: 978-91-89458-25-3<\/a><\/p>\n<p><a href=\"https:\/\/www.kfi.se\/wp-content\/uploads\/2025\/01\/KFi-rapport_nr_194.pdf\" target=\"_blank\" rel=\"noopener\"><img decoding=\"async\" style=\"font-style: inherit; font-weight: inherit;\" title=\"pdf.png\" src=\"https:\/\/www.kfi.se\/wp-content\/uploads\/2018\/01\/pdf.png\" alt=\"pdf.png\" \/> <strong>194.<\/strong> Emma Albertsson och Gustaf Kastberg Weichselberger <span style=\"font-family: 'Noto Sans', sans-serif; font-size: 16px; font-style: normal; font-weight: 400;\"><strong>2025.<\/strong><br \/>\n<\/span>Hanteringen av visselbl\u00e5sar\u00e4renden i kommuner.<\/a><br \/>\n<a href=\"https:\/\/www.kfi.se\/wp-content\/uploads\/2025\/01\/KFi-rapport_nr_194.pdf\" target=\"_blank\" rel=\"noopener\">ISBN: 978-91-89458-24-6<\/a><\/p>\n<p><a href=\"https:\/\/www.kfi.se\/wp-content\/uploads\/2025\/01\/KFi-rapport-193.pdf\" target=\"_blank\" rel=\"noopener\"><img decoding=\"async\" style=\"font-style: inherit; font-weight: inherit;\" title=\"pdf.png\" src=\"https:\/\/www.kfi.se\/wp-content\/uploads\/2018\/01\/pdf.png\" alt=\"pdf.png\" \/> <strong>193.<\/strong> <span style=\"font-family: 'Noto Sans', sans-serif; font-size: 16px; font-style: normal; font-weight: 400;\"><strong>Johanna Thalenius och Gustaf Kastberg Weichselberger 2025.<\/strong><br \/>\n<\/span>Budgetmodeller i f\u00f6r\u00e4ndring \u2013 Erfarenheter fr\u00e5n Sverige och andra l\u00e4nder med relevans f\u00f6r kommuner och regioner.<\/a><br \/>\n<a href=\"https:\/\/www.kfi.se\/wp-content\/uploads\/2025\/01\/KFi-rapport-193.pdf\" target=\"_blank\" rel=\"noopener\">ISBN: 978-91-89458-23-9<\/a><\/p>\n<p><a href=\"https:\/\/www.kfi.se\/wp-content\/uploads\/2024\/09\/KFi-rapport-192.pdf\" target=\"_blank\" rel=\"noopener\"><img decoding=\"async\" style=\"font-style: inherit; font-weight: inherit;\" title=\"pdf.png\" src=\"https:\/\/www.kfi.se\/wp-content\/uploads\/2018\/01\/pdf.png\" alt=\"pdf.png\" \/> <strong>192. Bj\u00f6rn Brorstr\u00f6m 2024.\u00a0\u00a0<span style=\"font-family: 'Noto Sans', sans-serif; font-size: 16px; font-style: normal;\"><br \/>\n&#8221;Effektivitet &#8211; villkor, id\u00e9 och till\u00e4mpning&#8221;<\/span><span style=\"font-size: 16px;\"><br \/>\nISBN: 978-91-89458-21-5<\/span><\/strong><\/a><\/p>\n<p><a href=\"https:\/\/www.kfi.se\/wp-content\/uploads\/2024\/12\/KFi-rapport-191.pdf\" target=\"_blank\" rel=\"noopener\"><img decoding=\"async\" style=\"font-style: inherit; font-weight: inherit;\" title=\"pdf.png\" src=\"https:\/\/www.kfi.se\/wp-content\/uploads\/2018\/01\/pdf.png\" alt=\"pdf.png\" \/> <strong>191. Pierre Donatella 2024.\u00a0\u00a0<span style=\"font-family: 'Noto Sans', sans-serif; font-size: 16px; font-style: normal;\"><br \/>\n&#8221;Budgetregler p\u00e5 lokal niv\u00e5<br \/>\n&#8211; en kunskaps\u00f6versikt av reglernas utformning, till\u00e4mpning och effekter&#8221;<\/span><span style=\"font-size: 16px;\"><br \/>\nISBN: 978-91-89458-20-8<\/span><\/strong><\/a><\/p>\n<p><a href=\"https:\/\/www.kfi.se\/wp-content\/uploads\/2024\/01\/Akademisk-frihet-Kfi-190.pdf\" target=\"_blank\" rel=\"noopener\"><img decoding=\"async\" style=\"font-style: inherit; font-weight: inherit;\" title=\"pdf.png\" src=\"https:\/\/www.kfi.se\/wp-content\/uploads\/2018\/01\/pdf.png\" alt=\"pdf.png\" \/> <strong>190. Bj\u00f6rn Brorstr\u00f6m 2024.\u00a0\u00a0<span style=\"font-family: 'Noto Sans', sans-serif; font-size: 16px; font-style: normal;\"><br \/>\n&#8221;Akademisk frihet \u00e4r allas ansvar &#8211; Om att g\u00f6ra ist\u00e4llet f\u00f6r att prata&#8221;<\/span><span style=\"font-size: 16px;\"><br \/>\nISBN: 978-91-89458-19-2<\/span><\/strong><\/a><\/p>\n<p><a href=\"https:\/\/www.kfi.se\/wp-content\/uploads\/2023\/10\/KFi-rapport-189.pdf\" target=\"_blank\" rel=\"noopener\"><img decoding=\"async\" style=\"font-style: inherit; font-weight: inherit;\" title=\"pdf.png\" src=\"https:\/\/www.kfi.se\/wp-content\/uploads\/2018\/01\/pdf.png\" alt=\"pdf.png\" \/> <strong>189. Pierre Donatella och Julia Marksund Larsson 2023.\u00a0\u00a0<span style=\"font-family: 'Noto Sans', sans-serif; font-size: 16px; font-style: normal;\"><br \/>\n&#8221;Bed\u00f6md nyttjandeperiod av materiella anl\u00e4ggningstillg\u00e5ngar i kommunsektorn &#8211; en praxisunders\u00f6kning.&#8221;<\/span><span style=\"font-size: 16px;\"><br \/>\nISBN: 978-91-89458-18-5<\/span><\/strong><\/a><\/p>\n<p><a href=\"https:\/\/www.kfi.se\/wp-content\/uploads\/2023\/09\/KFi-rapport-188.pdf\" target=\"_blank\" rel=\"noopener\"><img decoding=\"async\" style=\"font-style: inherit; font-weight: inherit;\" title=\"pdf.png\" src=\"https:\/\/www.kfi.se\/wp-content\/uploads\/2018\/01\/pdf.png\" alt=\"pdf.png\" \/> <strong>188. Sara Brorstr\u00f6m 2023.\u00a0\u00a0<span style=\"font-family: 'Noto Sans', sans-serif; font-size: 16px; font-style: normal;\"><br \/>\n&#8221;Visioner och id\u00e9er om G\u00f6teborg &#8211; vad s\u00e4ger de och vilken nytta g\u00f6r de?&#8221;<\/span><span style=\"font-size: 16px;\"><br \/>\nISBN: 978-91-89458-17-8<\/span><\/strong><\/a><\/p>\n<p><a href=\"https:\/\/www.kfi.se\/wp-content\/uploads\/2023\/05\/KFi-rapport-187.pdf\" target=\"_blank\" rel=\"noopener\"><img decoding=\"async\" style=\"font-style: inherit; font-weight: inherit;\" title=\"pdf.png\" src=\"https:\/\/www.kfi.se\/wp-content\/uploads\/2018\/01\/pdf.png\" alt=\"pdf.png\" \/> <strong>187. Bj\u00f6rn Brorstr\u00f6m 2023.\u00a0\u00a0<span style=\"font-family: 'Noto Sans', sans-serif; font-size: 16px; font-style: normal;\"><br \/>\n&#8221;Styrning &#8211; Ideologier och reformer under ett halvt sekel.<br \/>\nFr\u00e5n programbudgetering till Tillitsbaserad styrning och ledning&#8221;<\/span><span style=\"font-size: 16px;\"><br \/>\nISBN: 978-91-89458-14-7<\/span><\/strong><\/a><\/p>\n<p><a href=\"https:\/\/www.kfi.se\/wp-content\/uploads\/2023\/04\/KFi-rapport-186.pdf\" target=\"_blank\" rel=\"noopener\"><img decoding=\"async\" style=\"font-style: inherit; font-weight: inherit;\" title=\"pdf.png\" src=\"https:\/\/www.kfi.se\/wp-content\/uploads\/2018\/01\/pdf.png\" alt=\"pdf.png\" \/> <strong>186. Sara Brorstr\u00f6m 2023.\u00a0\u00a0<span style=\"font-family: 'Noto Sans', sans-serif; font-size: 16px; font-style: normal;\"><br \/>\n&#8221;Vad har vi l\u00e4rt oss? &#8211; En sammanfattning av l\u00e4rdomar fr\u00e5n f\u00f6ljeforskningen av vision \u00c4lvstaden 2011-2023&#8221;<\/span><span style=\"font-size: 16px;\"><br \/>\nISBN: 978-91-89458-13-0<\/span><\/strong><\/a><\/p>\n<p><a href=\"https:\/\/www.kfi.se\/wp-content\/uploads\/2023\/04\/KFi-rapport-185.pdf\" target=\"_blank\" rel=\"noopener\"><img decoding=\"async\" style=\"font-style: inherit; font-weight: inherit;\" title=\"pdf.png\" src=\"https:\/\/www.kfi.se\/wp-content\/uploads\/2018\/01\/pdf.png\" alt=\"pdf.png\" \/> <strong>185. Sara Brorstr\u00f6m och Ingrid Svensson 2023.\u00a0\u00a0<span style=\"font-family: 'Noto Sans', sans-serif; font-size: 16px; font-style: normal;\"><br \/>\n&#8221;Strategparadoxen &#8211; En studie av strategrollen i offentliga organisationer&#8221;<\/span><span style=\"font-size: 16px;\"><br \/>\nISBN: 978-91-89458-12-3<\/span><\/strong><\/a><\/p>\n<p><a href=\"https:\/\/www.kfi.se\/wp-content\/uploads\/2023\/03\/KFi-rapport-184.pdf\" target=\"_blank\" rel=\"noopener\"><img decoding=\"async\" style=\"font-style: inherit; font-weight: inherit;\" title=\"pdf.png\" src=\"https:\/\/www.kfi.se\/wp-content\/uploads\/2018\/01\/pdf.png\" alt=\"pdf.png\" \/> <strong>184. Sven Siverbo 2023.\u00a0\u00a0<span style=\"font-family: 'Noto Sans', sans-serif; font-size: 16px; font-style: normal;\"><br \/>\n&#8221;S\u00e5 motiveras l\u00e4rare av ber\u00f6m&#8221;<\/span><span style=\"font-size: 16px;\"><br \/>\nISBN: 978-91-89458-09-3<\/span><\/strong><\/a><\/p>\n<p><a href=\"https:\/\/www.kfi.se\/wp-content\/uploads\/2023\/03\/KFi-rapport-183.pdf\" target=\"_blank\" rel=\"noopener\"><img decoding=\"async\" style=\"font-style: inherit; font-weight: inherit;\" title=\"pdf.png\" src=\"https:\/\/www.kfi.se\/wp-content\/uploads\/2018\/01\/pdf.png\" alt=\"pdf.png\" \/> <strong>183. Johanna Thalenius 2023.\u00a0\u00a0<span style=\"font-family: 'Noto Sans', sans-serif; font-size: 16px; font-style: normal;\"><br \/>\n&#8221;Stratifiering och hybrida roller&#8221;<\/span><span style=\"font-size: 16px;\"><br \/>\nISBN: 978-91-89458-08-6<\/span><\/strong><\/a><\/p>\n<p><a href=\"https:\/\/www.kfi.se\/wp-content\/uploads\/2023\/02\/KFi-rapport-182.pdf\" target=\"_blank\" rel=\"noopener\"><img decoding=\"async\" style=\"font-style: inherit; font-weight: inherit;\" title=\"pdf.png\" src=\"https:\/\/www.kfi.se\/wp-content\/uploads\/2018\/01\/pdf.png\" alt=\"pdf.png\" \/> <strong>182. Sanna Eklund, Johanna Thalenius, Gustaf Kastberg Weichselberger 2023.\u00a0\u00a0<span style=\"font-family: 'Noto Sans', sans-serif; font-size: 16px; font-style: normal;\"><br \/>\n&#8221;Kommunala digitaliseringsstrategier inom skolan&#8221;<\/span><span style=\"font-size: 16px;\"><br \/>\nISBN: 978-91-89458-07-9<\/span><\/strong><\/a><\/p>\n<p><a href=\"https:\/\/www.kfi.se\/wp-content\/uploads\/2023\/01\/Berlin-Liff-2023-Framtidens-alarmeringstjanst-Fran-rivalitet-till-partnerskap.pdf\" target=\"_blank\" rel=\"noopener\"><img decoding=\"async\" style=\"font-style: inherit; font-weight: inherit;\" title=\"pdf.png\" src=\"https:\/\/www.kfi.se\/wp-content\/uploads\/2018\/01\/pdf.png\" alt=\"pdf.png\" \/> <strong>181. Johan Berlin och Roy Liff 2023.\u00a0\u00a0<span style=\"font-family: 'Noto Sans', sans-serif; font-size: 16px; font-style: normal;\"><br \/>\n&#8221;Framtidens alarmeringstj\u00e4nst &#8211; Fr\u00e5n rivalitet till partnerskap&#8221;<\/span><span style=\"font-size: 16px;\"><br \/>\nISBN: 978-91-89458-06-2<\/span><\/strong><\/a><\/p>\n<p><a href=\"https:\/\/www.kfi.se\/wp-content\/uploads\/2023\/01\/KFi-rapport-180.pdf\" target=\"_blank\" rel=\"noopener\"><img decoding=\"async\" style=\"font-style: inherit; font-weight: inherit;\" title=\"pdf.png\" src=\"https:\/\/www.kfi.se\/wp-content\/uploads\/2018\/01\/pdf.png\" alt=\"pdf.png\" \/> <strong>180. Sven Siverbo 2023.\u00a0\u00a0<span style=\"font-family: 'Noto Sans', sans-serif; font-size: 16px; font-style: normal;\"><br \/>\n&#8221;Tillitsbaserad styrning och ledning i kommuner och regioner &#8211; Spridning, adoption och implementering&#8221;<\/span><span style=\"font-size: 16px;\"><br \/>\nISBN: 978-91-89458-05-5<\/span><\/strong><\/a><\/p>\n<p><a href=\"https:\/\/www.kfi.se\/wp-content\/uploads\/2022\/05\/KFi-rapport_nr_179.pdf\" target=\"_blank\" rel=\"noopener\"><img decoding=\"async\" style=\"font-style: inherit; font-weight: inherit;\" title=\"pdf.png\" src=\"https:\/\/www.kfi.se\/wp-content\/uploads\/2018\/01\/pdf.png\" alt=\"pdf.png\" \/> <strong>179. Isabell Meltzer och Gustaf Kastberg Weichselberger 2022.\u00a0\u00a0<span style=\"font-family: 'Noto Sans', sans-serif; font-size: 16px; font-style: normal;\"><br \/>\n&#8221;Fyra \u00e5r med mellankommunala samarbeten. &#8211; Slutrapportering av f\u00f6ljeforskningsprojektet samarbete f\u00f6r kvalitativt utf\u00f6rande&#8221;<\/span><span style=\"font-size: 16px;\"><br \/>\nISBN: 978-91-89458-01-7<\/span><\/strong><\/a><\/p>\n<p><a href=\"https:\/\/www.kfi.se\/wp-content\/uploads\/2022\/04\/KFi-rapport-178.pdf\" target=\"_blank\" rel=\"noopener\"><img decoding=\"async\" style=\"font-style: inherit; font-weight: inherit;\" title=\"pdf.png\" src=\"https:\/\/www.kfi.se\/wp-content\/uploads\/2018\/01\/pdf.png\" alt=\"pdf.png\" \/> <strong>178. Sven Siverbo 2022.\u00a0\u00a0<span style=\"font-family: 'Noto Sans', sans-serif; font-size: 16px; font-style: normal;\"><br \/>\n&#8221;Vad vi vet om tillitsbaserad styrning och ledning&#8221;<\/span><span style=\"font-size: 16px;\"><br \/>\nISBN: 978-91-87454-99-8<\/span><\/strong><\/a><\/p>\n<p><a href=\"https:\/\/www.kfi.se\/wp-content\/uploads\/2022\/03\/KFi-rapport-177.pdf\" target=\"_blank\" rel=\"noopener\"><img decoding=\"async\" style=\"font-style: inherit; font-weight: inherit;\" title=\"pdf.png\" src=\"https:\/\/www.kfi.se\/wp-content\/uploads\/2018\/01\/pdf.png\" alt=\"pdf.png\" \/> <strong>177. Hans Petersson 2022.\u00a0\u00a0<span style=\"font-family: 'Noto Sans', sans-serif; font-size: 16px; font-style: normal;\"><br \/>\n&#8221;Den finansiella profilen \u2013 v\u00e4xelverkan mellan teori och praktik som bidrar till att \u00f6ka effektiviteten i kommuner och regioner&#8221;<\/span><span style=\"font-size: 16px;\"><br \/>\nISBN: 978-91-87454-96-7<\/span><\/strong><\/a><\/p>\n<p><a href=\"https:\/\/www.kfi.se\/wp-content\/uploads\/2022\/02\/KFi-rapport-176.pdf\" target=\"_blank\" rel=\"noopener\"><img decoding=\"async\" style=\"font-style: inherit; font-weight: inherit;\" title=\"pdf.png\" src=\"https:\/\/www.kfi.se\/wp-content\/uploads\/2018\/01\/pdf.png\" alt=\"pdf.png\" \/> <strong>176. Bengt Johansson 2022.\u00a0\u00a0<span style=\"font-family: 'Noto Sans', sans-serif; font-size: 16px; font-style: normal;\"><br \/>\n&#8221;En kommunikativ kris &#8211; Kriskommunikation under Covid-19&#8221;<\/span><span style=\"font-size: 16px;\"><br \/>\nISBN: 978-91-87454-95-0<\/span><\/strong><\/a><\/p>\n<p><a href=\"https:\/\/www.kfi.se\/wp-content\/uploads\/2022\/02\/KFi-rapport-175.pdf\" target=\"_blank\" rel=\"noopener\"><img decoding=\"async\" style=\"font-style: inherit; font-weight: inherit;\" title=\"pdf.png\" src=\"https:\/\/www.kfi.se\/wp-content\/uploads\/2018\/01\/pdf.png\" alt=\"pdf.png\" \/> <strong>175. Ingrid Svensson och Sara Brorstr\u00f6m 2022.\u00a0\u00a0<span style=\"font-family: 'Noto Sans', sans-serif; font-size: 16px; font-style: normal;\"><br \/>\n&#8221;Arbetet med utveckling och implementering av strategisk kommunal fastighetsf\u00f6rvaltning&#8221;<\/span><span style=\"font-size: 16px;\"><br \/>\nISBN: 978-91-87454-94-3<\/span><\/strong><\/a><\/p>\n<p><a href=\"https:\/\/www.kfi.se\/wp-content\/uploads\/2022\/01\/KFi-rapport-174.pdf\" target=\"_blank\" rel=\"noopener\"><img decoding=\"async\" style=\"font-style: inherit; font-weight: inherit;\" title=\"pdf.png\" src=\"https:\/\/www.kfi.se\/wp-content\/uploads\/2018\/01\/pdf.png\" alt=\"pdf.png\" \/> <strong>174. Bj\u00f6rn Brorstr\u00f6m 2022.\u00a0\u00a0<span style=\"font-family: 'Noto Sans', sans-serif; font-size: 16px; font-style: normal;\"><br \/>\n&#8221;Jakten efter den goda styrningen -En problematisering av idealet tillitsbaserad styrning&#8221;<\/span><span style=\"font-size: 16px;\"><br \/>\nISBN: 978-91-87454-93-6<\/span><\/strong><\/a><\/p>\n<p><a href=\"https:\/\/www.kfi.se\/wp-content\/uploads\/2022\/01\/KFi-rapport-173.pdf\" target=\"_blank\" rel=\"noopener\"><img decoding=\"async\" style=\"font-style: inherit; font-weight: inherit;\" title=\"pdf.png\" src=\"https:\/\/www.kfi.se\/wp-content\/uploads\/2018\/01\/pdf.png\" alt=\"pdf.png\" \/> <strong>173. Jessica Algehed och Christian Jensen 2022.\u00a0\u00a0<span style=\"font-family: 'Noto Sans', sans-serif; font-size: 16px; font-style: normal;\"><br \/>\n&#8221;Covid-19-pandemin som f\u00f6r\u00e4ndringskraft&#8221;<\/span><span style=\"font-size: 16px;\"><br \/>\nISBN: 978-91-87454-92-9<\/span><\/strong><\/a><\/p>\n<p><a href=\"https:\/\/www.kfi.se\/wp-content\/uploads\/2021\/11\/KFi-rapport_nr_172.pdf\" target=\"_blank\" rel=\"noopener\"><img decoding=\"async\" style=\"font-style: inherit; font-weight: inherit;\" title=\"pdf.png\" src=\"https:\/\/www.kfi.se\/wp-content\/uploads\/2018\/01\/pdf.png\" alt=\"pdf.png\" \/> <strong>172. Bj\u00f6rn Brorstr\u00f6m och Mikael L\u00f6fstr\u00f6m 2021.\u00a0\u00a0<span style=\"font-family: 'Noto Sans', sans-serif; font-size: 16px; font-style: normal;\"><br \/>\n&#8221;Kommuner och regioner f\u00f6r en fungerande offentlig verksamhet i vardag och i kris&#8221;<\/span><span style=\"font-size: 16px;\"><br \/>\nISBN: 978-91-87454-91-2<\/span><\/strong><\/a><\/p>\n<p><a href=\"https:\/\/www.kfi.se\/wp-content\/uploads\/2021\/10\/KFi-rapport-171.pdf\" target=\"_blank\" rel=\"noopener\"><img decoding=\"async\" style=\"font-style: inherit; font-weight: inherit;\" title=\"pdf.png\" src=\"https:\/\/www.kfi.se\/wp-content\/uploads\/2018\/01\/pdf.png\" alt=\"pdf.png\" \/> <strong>171. Pierre Donatella och Angelica Olsson 2021.\u00a0\u00a0<span style=\"font-family: 'Noto Sans', sans-serif; font-size: 16px; font-style: normal;\"><br \/>\n&#8221;Del\u00e5rsrapporten &#8211; En kartl\u00e4ggning av praxis under perioden 2018-2020&#8221;<\/span><span style=\"font-size: 16px;\"><br \/>\nISBN: 978-91-87454-88-2<\/span><\/strong><\/a><\/p>\n<p><a href=\"https:\/\/www.kfi.se\/wp-content\/uploads\/2021\/06\/KFi-rapport-170.pdf\" target=\"_blank\" rel=\"noopener noreferrer\"><img decoding=\"async\" style=\"font-style: inherit; font-weight: inherit;\" title=\"pdf.png\" src=\"https:\/\/www.kfi.se\/wp-content\/uploads\/2018\/01\/pdf.png\" alt=\"pdf.png\" \/> <strong>170. Gustaf Kastberg Weichselberger, Jessica Algehed och Bj\u00f6rn Brorstr\u00f6m 2021.\u00a0\u00a0<span style=\"font-family: 'Noto Sans', sans-serif; font-size: 16px; font-style: normal;\"><br \/>\n&#8221;Mobilisering och samordning &#8211; En studie av G\u00f6teborgs Stads hantering av pandemin&#8221;<\/span><span style=\"font-size: 16px;\"><br \/>\nISBN: 978-91-87454-84-4<\/span><\/strong><\/a><\/p>\n<p><a href=\"https:\/\/www.kfi.se\/wp-content\/uploads\/2021\/05\/KFi-rapport-169.pdf\" target=\"_blank\" rel=\"noopener noreferrer\"><img decoding=\"async\" style=\"font-style: inherit; font-weight: inherit;\" title=\"pdf.png\" src=\"https:\/\/www.kfi.se\/wp-content\/uploads\/2018\/01\/pdf.png\" alt=\"pdf.png\" \/> <strong>169. Bj\u00f6rn Brorstr\u00f6m 2021.\u00a0\u00a0<span style=\"font-family: 'Noto Sans', sans-serif; font-size: 16px; font-style: normal;\"><br \/>\n&#8221;Tillit som ideal f\u00f6r styrning och den bistra verkligheten<br \/>\n\u2013 En studie av f\u00f6rslag till reformerad styrning som kom av sig&#8221;<\/span><span style=\"font-size: 16px;\"><br \/>\nISBN: 978-91-87454-83-7<\/span><\/strong><\/a><\/p>\n<p><a href=\"https:\/\/www.kfi.se\/wp-content\/uploads\/2021\/04\/KFi-rapport-168.pdf\" target=\"_blank\" rel=\"noopener noreferrer\"><img decoding=\"async\" style=\"font-style: inherit; font-weight: inherit;\" title=\"pdf.png\" src=\"https:\/\/www.kfi.se\/wp-content\/uploads\/2018\/01\/pdf.png\" alt=\"pdf.png\" \/> <strong>168. Caroline Lepp\u00e4nen, Jessica H\u00e4gglund och Cristian Lagstr\u00f6m 2021.\u00a0\u00a0<span style=\"font-family: 'Noto Sans', sans-serif; font-size: 16px; font-style: normal;\"><br \/>\n&#8221;V\u00e4lf\u00e4rdsbokslut &#8211; En studie om styrbarhet i den kommunala v\u00e4lf\u00e4rdsorganisationen&#8221;<\/span><span style=\"font-size: 16px;\"><br \/>\nISBN: 978-91-87454-82-0<\/span><\/strong><\/a><\/p>\n<p><a href=\"https:\/\/www.kfi.se\/wp-content\/uploads\/2021\/03\/KFi-rapport-167.pdf\" target=\"_blank\" rel=\"noopener noreferrer\"><img decoding=\"async\" style=\"font-style: inherit; font-weight: inherit;\" title=\"pdf.png\" src=\"https:\/\/www.kfi.se\/wp-content\/uploads\/2018\/01\/pdf.png\" alt=\"pdf.png\" \/> <strong>167. Bj\u00f6rn Brorstr\u00f6m, Bengt Johansson och Gustaf Kastberg Weichselberger 2021.\u00a0\u00a0<span style=\"font-family: 'Noto Sans', sans-serif; font-size: 16px; font-style: normal;\"><br \/>\n&#8221;Godk\u00e4nt, men med f\u00f6rbeh\u00e5ll&#8221;<\/span><span style=\"font-size: 16px;\"><br \/>\nISBN: 978-91-87454-80-6<\/span><\/strong><\/a><\/p>\n<p><a href=\"https:\/\/www.kfi.se\/wp-content\/uploads\/2021\/03\/KFi-rapport-166.pdf\" target=\"_blank\" rel=\"noopener noreferrer\"><img decoding=\"async\" style=\"font-style: inherit; font-weight: inherit;\" title=\"pdf.png\" src=\"https:\/\/www.kfi.se\/wp-content\/uploads\/2018\/01\/pdf.png\" alt=\"pdf.png\" \/> <strong>166. Sara Brorstr\u00f6m 2021.\u00a0<span style=\"font-family: 'Noto Sans', sans-serif; font-size: 16px; font-style: normal;\"><br \/>\n&#8221;Fr\u00e5n Vision till Portf\u00f6ljkontor. &#8211; 10 \u00e5rs utveckling av organisationen f\u00f6r \u00c4lvstaden.&#8221;<\/span><span style=\"font-size: 16px;\"><br \/>\nISBN: 978-91-87454-79-0<\/span><\/strong><\/a><\/p>\n<p><a href=\"https:\/\/www.kfi.se\/wp-content\/uploads\/2021\/03\/KFI-rapport_nr_165.pdf\" target=\"_blank\" rel=\"noopener noreferrer\"><img decoding=\"async\" style=\"font-style: inherit; font-weight: inherit;\" title=\"pdf.png\" src=\"https:\/\/www.kfi.se\/wp-content\/uploads\/2018\/01\/pdf.png\" alt=\"pdf.png\" \/> <strong>165. Isabell Meltzer <span style=\"font-family: 'Noto Sans', sans-serif; font-size: 16px; font-style: normal;\">och Gustaf Kastberg Weichselberger 2021.<br \/>\n&#8221;Styrningsutmaningar i mellankommunala samarbeten &#8211; en empirisk studie&#8221;<\/span><span style=\"font-size: 16px;\"><br \/>\nISBN: 978-91-87454-77-6<\/span><\/strong><\/a><\/p>\n<p><a href=\"https:\/\/www.kfi.se\/wp-content\/uploads\/2020\/12\/KFi-rapport-164.pdf\" target=\"_blank\" rel=\"noopener noreferrer\"><img decoding=\"async\" style=\"font-style: inherit; font-weight: inherit;\" title=\"pdf.png\" src=\"https:\/\/www.kfi.se\/wp-content\/uploads\/2018\/01\/pdf.png\" alt=\"pdf.png\" \/> <strong>164.\u00a0<span style=\"font-family: 'Noto Sans', sans-serif; font-size: 16px; font-style: normal;\">Pierre Donatella och Caroline Lepp\u00e4nen 2020.<br \/>\n&#8221;<\/span><span style=\"font-size: 16px;\">Popul\u00e4rrapporter &#8211; en mer anv\u00e4ndarv\u00e4nlig redovisning f\u00f6r inv\u00e5narna.&#8221;<br \/>\nISBN: 978-91-87454-78-3<\/span><\/strong><\/a><\/p>\n<p><a href=\"https:\/\/www.kfi.se\/wp-content\/uploads\/2020\/12\/KFI-rapport_nr_163.pdf\" target=\"_blank\" rel=\"noopener noreferrer\"><img decoding=\"async\" style=\"font-style: inherit; font-weight: inherit;\" title=\"pdf.png\" src=\"https:\/\/www.kfi.se\/wp-content\/uploads\/2018\/01\/pdf.png\" alt=\"pdf.png\" \/> <strong>163. Mikael L\u00f6fstr\u00f6m 2020<span style=\"font-family: 'Noto Sans', sans-serif; font-size: 16px; font-style: normal;\">.<br \/>\n&#8221;Utmaningen att samverka kring implementering &#8211; en enk\u00e4tstudie om att genomf\u00f6ra lagen om samverkan vid utskrivning fr\u00e5n slutenv\u00e5rden&#8221; <\/span><\/strong><\/a><a href=\"https:\/\/www.kfi.se\/wp-content\/uploads\/2020\/12\/KFi-rapport-164.pdf\" target=\"_blank\" rel=\"noopener noreferrer\"><strong><span style=\"font-size: 16px;\"><br \/>\n<\/span><\/strong><\/a><a href=\"https:\/\/www.kfi.se\/wp-content\/uploads\/2020\/12\/KFI-rapport_nr_163.pdf\" target=\"_blank\" rel=\"noopener noreferrer\"><strong><span style=\"font-size: 16px;\">ISBN: 978-91-87454-76-9<\/span><\/strong><\/a><\/p>\n<p><a href=\"https:\/\/www.kfi.se\/wp-content\/uploads\/2020\/12\/KFi-rapport-162.pdf\" target=\"_blank\" rel=\"noopener noreferrer\"><img decoding=\"async\" style=\"font-style: inherit; font-weight: inherit;\" title=\"pdf.png\" src=\"https:\/\/www.kfi.se\/wp-content\/uploads\/2018\/01\/pdf.png\" alt=\"pdf.png\" \/> <strong>162. Isabell Meltzer och Gustaf Kastberg Weichselberger 2020<span style=\"font-family: 'Noto Sans', sans-serif; font-size: 16px; font-style: normal;\">.<br \/>\n&#8221;Intraprenader inom skolan<\/span><span style=\"font-size: 16px;\">&#8221;<br \/>\nISBN: 978-91-87454-75-2<\/span><\/strong><\/a><\/p>\n<p><a href=\"http:\/\/www.kfi.se\/wp-content\/uploads\/2020\/10\/KFi-rapport-161.pdf\" target=\"_blank\" rel=\"noopener noreferrer\"><img decoding=\"async\" style=\"font-style: inherit; font-weight: inherit;\" title=\"pdf.png\" src=\"https:\/\/www.kfi.se\/wp-content\/uploads\/2018\/01\/pdf.png\" alt=\"pdf.png\" \/> <span style=\"font-size: 16px;\">161. Christian Jensen, Mikael L\u00f6fstr\u00f6m och Viveka Nilsson 2020.<br \/>\n<\/span><span style=\"font-size: 16px;\">&#8221;En studie av implementeringen av lagen om samverkan vid utskrivning fr\u00e5n sluten h\u00e4lso- och sjukv\u00e5rd i V\u00e4stra G\u00f6talandsregionen&#8221; <\/span>ISBN: 978-91-87454-74-5<\/a><\/p>\n<p><a href=\"http:\/\/www.kfi.se\/wp-content\/uploads\/2020\/09\/160.pdf\" target=\"_blank\" rel=\"noopener noreferrer\"><img decoding=\"async\" style=\"font-style: inherit; font-weight: inherit;\" title=\"pdf.png\" src=\"https:\/\/www.kfi.se\/wp-content\/uploads\/2018\/01\/pdf.png\" alt=\"pdf.png\" \/> <span style=\"font-size: 16px;\">160. Axel Christoffersson 2020.<br \/>\n<\/span><span style=\"font-size: 16px;\">&#8221;Professionell arbetsdelning under f\u00f6r\u00e4ndring<br \/>\n\u2013 en studie om gr\u00e4nslandsarbete av l\u00e4rare och avlastande yrkespersoner i svensk skola&#8221; <\/span>ISBN: 978-91-87454-73-8<\/a><\/p>\n<p><a href=\"http:\/\/www.kfi.se\/wp-content\/uploads\/2020\/08\/159.pdf\" target=\"_blank\" rel=\"noopener noreferrer\"><img decoding=\"async\" style=\"font-style: inherit; font-weight: inherit;\" title=\"pdf.png\" src=\"https:\/\/www.kfi.se\/wp-content\/uploads\/2018\/01\/pdf.png\" alt=\"pdf.png\" \/> <span style=\"font-size: 16px;\">159. Bj\u00f6rn Brorstr\u00f6m 2020.<br \/>\n<\/span><span style=\"font-size: 16px;\">&#8221;Boken om Kommunforskning i V\u00e4stsverige&#8221; <\/span>ISBN: 978-91-87454-72-1<\/a><\/p>\n<p><a href=\"http:\/\/www.kfi.se\/wp-content\/uploads\/2020\/01\/158.pdf\" target=\"_blank\" rel=\"noopener noreferrer\"><img decoding=\"async\" style=\"font-style: inherit; font-weight: inherit;\" title=\"pdf.png\" src=\"https:\/\/www.kfi.se\/wp-content\/uploads\/2018\/01\/pdf.png\" alt=\"pdf.png\" \/> <span style=\"font-size: 16px;\">158. Viveka Nilsson 2020.<br \/>\n<\/span><span style=\"font-size: 16px;\">&#8221;Medborgarl\u00f6ften &#8211; dokument med f\u00f6rb\u00e4ttringspotential&#8221; <\/span>ISBN: 978-91-87454-71-4<\/a><\/p>\n<p><a href=\"http:\/\/www.kfi.se\/wp-content\/uploads\/2019\/12\/157.pdf\" target=\"_blank\" rel=\"noopener noreferrer\"><img decoding=\"async\" style=\"font-style: inherit; font-weight: inherit;\" title=\"pdf.png\" src=\"https:\/\/www.kfi.se\/wp-content\/uploads\/2018\/01\/pdf.png\" alt=\"pdf.png\" \/> <span style=\"font-size: 16px;\">157. Jessica Algehed och Christian Jensen 2019<\/span><span style=\"font-size: 16px;\">.<br \/>\n<\/span><span style=\"font-size: 16px;\">&#8221;<\/span><span style=\"font-size: 16px;\">Innovation som policy och praktik &#8211; Perspektiv och l\u00e4rdomar fr\u00e5n framtagandet av G\u00f6teborg Stads innovationsprogram 2018-2023&#8243; <\/span>ISBN: 978-91-87454-70-7<\/a><\/p>\n<p><img decoding=\"async\" title=\"pdf.png\" src=\"https:\/\/www.kfi.se\/wp-content\/uploads\/2018\/01\/pdf.png\" alt=\"pdf.png\" \/> <a href=\"http:\/\/www.kfi.se\/wp-content\/uploads\/2019\/11\/156.pdf\" target=\"_blank\" rel=\"noopener noreferrer\">156. Isabell Meltzer och Gustaf Kastberg 2019.<\/a><br \/>\n<a href=\"http:\/\/www.kfi.se\/wp-content\/uploads\/2019\/11\/156.pdf\" target=\"_blank\" rel=\"noopener noreferrer\">&#8221;\u00c4garstyrning i fem kommuner. -En empirisk studie&#8221; <\/a><a href=\"http:\/\/www.kfi.se\/wp-content\/uploads\/2019\/11\/156.pdf\" target=\"_blank\" rel=\"noopener noreferrer\">ISBN: 978-91-87454-69-1<\/a><\/p>\n<p><a href=\"http:\/\/www.kfi.se\/wp-content\/uploads\/2019\/11\/155.pdf\" target=\"_blank\" rel=\"noopener noreferrer\"><img decoding=\"async\" style=\"font-style: inherit; font-weight: inherit;\" title=\"pdf.png\" src=\"https:\/\/www.kfi.se\/wp-content\/uploads\/2018\/01\/pdf.png\" alt=\"pdf.png\" \/> <span style=\"font-size: 16px;\">155. Johan Alvehus <\/span><span style=\"font-size: 16px;\">och Gustaf Kastberg 2019. <\/span><\/a><br \/>\n<a href=\"http:\/\/www.kfi.se\/wp-content\/uploads\/2019\/11\/155.pdf\" target=\"_blank\" rel=\"noopener noreferrer\"><span style=\"font-size: 16px;\">&#8221;\u00d6kande administration \u2013 Bel\u00e4gg och potentiella f\u00f6rklaringar: tv\u00e5 ess\u00e4er&#8221; <\/span><\/a><a href=\"http:\/\/www.kfi.se\/wp-content\/uploads\/2019\/11\/155.pdf\" target=\"_blank\" rel=\"noopener noreferrer\">ISBN: 978-91-87454-68-4<\/a><\/p>\n<p><a href=\"http:\/\/www.kfi.se\/wp-content\/uploads\/2019\/11\/154.pdf\"><img decoding=\"async\" style=\"font-style: inherit; font-weight: inherit;\" title=\"pdf.png\" src=\"https:\/\/www.kfi.se\/wp-content\/uploads\/2018\/01\/pdf.png\" alt=\"pdf.png\" \/> <span style=\"font-size: 16px;\">154. Madelen Andersson, Tom K<\/span><span style=\"font-size: 16px;\">arlsson och Gustaf Kastberg 2019. <\/span><\/a><br \/>\n<a style=\"font-size: 16px;\" href=\"http:\/\/www.kfi.se\/wp-content\/uploads\/2019\/11\/154.pdf\" target=\"_blank\" rel=\"noopener noreferrer\"><span style=\"font-size: 16px;\">&#8221;V\u00e4rdebaserad v\u00e5rd- en kritisk granskning av konceptet och befintliga erfarenheter&#8221; <\/span><\/a><a style=\"font-size: 16px;\" href=\"http:\/\/www.kfi.se\/wp-content\/uploads\/2019\/11\/154.pdf\" target=\"_blank\" rel=\"noopener noreferrer\">ISBN: 978-91-87454-67-7<\/a><\/p>\n<p><a href=\"http:\/\/www.kfi.se\/wp-content\/uploads\/2019\/10\/153.pdf\" target=\"_blank\" rel=\"noopener noreferrer\"><img decoding=\"async\" title=\"pdf.png\" src=\"https:\/\/www.kfi.se\/wp-content\/uploads\/2018\/01\/pdf.png\" alt=\"pdf.png\" \/> 153. Mikael L\u00f6fstr\u00f6m, Viveka Nilsson och Christian Jensen 2019.<\/a><br \/>\n<a href=\"http:\/\/www.kfi.se\/wp-content\/uploads\/2019\/10\/153.pdf\" target=\"_blank\" rel=\"noopener noreferrer\">&#8221;Implementering av samverkan &#8211; om att genomf\u00f6ra lagen om samverkan vid utskrivning fr\u00e5n slutenv\u00e5rden&#8221;<\/a><br \/>\n<a href=\"http:\/\/www.kfi.se\/wp-content\/uploads\/2019\/10\/153.pdf\" target=\"_blank\" rel=\"noopener noreferrer\">ISBN: 978-91-87454-66-0<\/a><\/p>\n<p><a href=\"http:\/\/www.kfi.se\/wp-content\/uploads\/2019\/10\/152.pdf\" target=\"_blank\" rel=\"noopener noreferrer\"><img decoding=\"async\" title=\"pdf.png\" src=\"https:\/\/www.kfi.se\/wp-content\/uploads\/2018\/01\/pdf.png\" alt=\"pdf.png\" \/> 152. Sven Siverbo 2019.<\/a><br \/>\n<a href=\"http:\/\/www.kfi.se\/wp-content\/uploads\/2019\/10\/152.pdf\" target=\"_blank\" rel=\"noopener noreferrer\">&#8221;Ber\u00f6m som styrinstrument&#8221;<\/a><br \/>\n<a href=\"http:\/\/www.kfi.se\/wp-content\/uploads\/2019\/10\/152.pdf\" target=\"_blank\" rel=\"noopener noreferrer\">ISBN: 978-91-87454-65-3 (reviderad version)<\/a><\/p>\n<p><a href=\"http:\/\/www.kfi.se\/wp-content\/uploads\/2019\/10\/152.pdf\">\u00a0<\/a><a style=\"font-size: 16px;\" href=\"http:\/\/www.kfi.se\/wp-content\/uploads\/2019\/03\/151.pdf\" target=\"_blank\" rel=\"noopener noreferrer\"><img decoding=\"async\" title=\"pdf.png\" src=\"https:\/\/www.kfi.se\/wp-content\/uploads\/2018\/01\/pdf.png\" alt=\"pdf.png\" \/> 151. Hanna Larsson 2019.<\/a><br \/>\n<a href=\"http:\/\/www.kfi.se\/wp-content\/uploads\/2019\/03\/151.pdf\" target=\"_blank\" rel=\"noopener noreferrer\">&#8221;Vem styr? En studie om styrning av st\u00f6dfunktioner i kommunal verksamhet.&#8221;<\/a><br \/>\n<a href=\"http:\/\/www.kfi.se\/wp-content\/uploads\/2019\/03\/151.pdf\" target=\"_blank\" rel=\"noopener noreferrer\">ISBN: 978-91-87454-64-6\u00a0<\/a><\/p>\n<p><a href=\"http:\/\/www.kfi.se\/wp-content\/uploads\/2019\/03\/150.pdf\" target=\"_blank\" rel=\"noopener noreferrer\"><img decoding=\"async\" title=\"pdf.png\" src=\"https:\/\/www.kfi.se\/wp-content\/uploads\/2018\/01\/pdf.png\" alt=\"pdf.png\" \/> 150. Bj\u00f6rn Brorstr\u00f6m 2019.<\/a><br \/>\n<a href=\"http:\/\/www.kfi.se\/wp-content\/uploads\/2019\/03\/150.pdf\" target=\"_blank\" rel=\"noopener noreferrer\">&#8221;Att leda en h\u00f6gskola och driva verksamhetsutveckling&#8221;<\/a><br \/>\n<a href=\"http:\/\/www.kfi.se\/wp-content\/uploads\/2019\/03\/150.pdf\" target=\"_blank\" rel=\"noopener noreferrer\">ISBN: 978-91-87454-63-9\u00a0<\/a><\/p>\n<p><a href=\"http:\/\/www.kfi.se\/wp-content\/uploads\/2018\/12\/149.pdf\"><img decoding=\"async\" title=\"pdf.png\" src=\"https:\/\/www.kfi.se\/wp-content\/uploads\/2018\/01\/pdf.png\" alt=\"pdf.png\" \/>\u00a0149. Elin K. Funck och Tom S. Karlsson 2018.<\/a><br \/>\n<a href=\"http:\/\/www.kfi.se\/wp-content\/uploads\/2018\/12\/149.pdf\">&#8221;Post-NPM, vad \u00e4r det? Trender och empiriska iakttagelser kring alternativa id\u00e9er f\u00f6r den offentliga sektorn&#8221;<\/a><br \/>\n<a href=\"http:\/\/www.kfi.se\/wp-content\/uploads\/2018\/12\/149.pdf\">ISBN: 978-91-87454-61-5\u00a0<\/a><\/p>\n<p><a href=\"http:\/\/www.kfi.se\/wp-content\/uploads\/2018\/09\/148.pdf\"><img decoding=\"async\" title=\"pdf.png\" src=\"https:\/\/www.kfi.se\/wp-content\/uploads\/2018\/01\/pdf.png\" alt=\"pdf.png\" \/>\u00a0148. Pierre Donatella 2018.<\/a><br \/>\n<a href=\"http:\/\/www.kfi.se\/wp-content\/uploads\/2018\/09\/148.pdf\">&#8221;Resultatjustering i kommunsektorn. En studie av perioden 2012-2016&#8221;<\/a><br \/>\n<a href=\"http:\/\/www.kfi.se\/wp-content\/uploads\/2018\/09\/148.pdf\">ISBN: 978-91-87454-59-2\u00a0<\/a><\/p>\n<p><a href=\"http:\/\/www.kfi.se\/wp-content\/uploads\/2018\/08\/147.pdf\" target=\"_blank\" rel=\"noopener noreferrer\"><img decoding=\"async\" title=\"pdf.png\" src=\"https:\/\/www.kfi.se\/wp-content\/uploads\/2018\/01\/pdf.png\" alt=\"pdf.png\" \/>\u00a0147. Magnus Thor och Pierre Donatella 2018.<\/a><br \/>\n<a href=\"http:\/\/www.kfi.se\/wp-content\/uploads\/2018\/08\/147.pdf\" target=\"_blank\" rel=\"noopener noreferrer\">&#8221;Till\u00e4ggsupplysningar av varierande kvalitet &#8211; en praxisunders\u00f6kning&#8221;<\/a><br \/>\n<a href=\"http:\/\/www.kfi.se\/wp-content\/uploads\/2018\/08\/147.pdf\" target=\"_blank\" rel=\"noopener noreferrer\">ISBN: 978-91-87454-60-8\u00a0<\/a><\/p>\n<p><a href=\"http:\/\/www.kfi.se\/wp-content\/uploads\/2018\/03\/146.pdf\" target=\"_blank\" rel=\"noopener noreferrer\"><img decoding=\"async\" title=\"pdf.png\" src=\"https:\/\/www.kfi.se\/wp-content\/uploads\/2018\/01\/pdf.png\" alt=\"pdf.png\" \/>\u00a0146. Isabell Meltzer 2018.<\/a><br \/>\n<a href=\"http:\/\/www.kfi.se\/wp-content\/uploads\/2018\/03\/146.pdf\" target=\"_blank\" rel=\"noopener noreferrer\">&#8221;Vad vet vi om samarbete? En kunskaps\u00f6versikt om inter-organisatoriskt samarbete i offentlig sektor&#8221;<\/a><br \/>\n<a href=\"http:\/\/www.kfi.se\/wp-content\/uploads\/2018\/03\/146.pdf\" target=\"_blank\" rel=\"noopener noreferrer\">ISBN: 978-91-87454-57-8\u00a0<\/a><\/p>\n<p><a href=\"http:\/\/www.kfi.se\/wp-content\/uploads\/2018\/02\/145.pdf\" target=\"_blank\" rel=\"noopener noreferrer\"><img decoding=\"async\" title=\"pdf.png\" src=\"https:\/\/www.kfi.se\/wp-content\/uploads\/2018\/01\/pdf.png\" alt=\"pdf.png\" \/>\u00a0145. Emma Ek \u00d6sterberg och Isabell Meltzer 2018.<\/a><br \/>\n<a href=\"http:\/\/www.kfi.se\/wp-content\/uploads\/2018\/02\/145.pdf\" target=\"_blank\" rel=\"noopener noreferrer\">&#8221;Marknadiseringens kostnader p\u00e5 kommunal niv\u00e5&#8221;<\/a><br \/>\n<a href=\"http:\/\/www.kfi.se\/wp-content\/uploads\/2018\/02\/145.pdf\" target=\"_blank\" rel=\"noopener noreferrer\">ISBN: 978-91-87454-56-1\u00a0<\/a><\/p>\n<p><a href=\"http:\/\/www.kfi.se\/wp-content\/uploads\/2016\/08\/144.pdf\" target=\"_blank\" rel=\"noopener noreferrer\"><img decoding=\"async\" title=\"pdf.png\" src=\"https:\/\/www.kfi.se\/wp-content\/uploads\/2018\/01\/pdf.png\" alt=\"pdf.png\" \/>\u00a0144. Sven Siverbo 2018.<\/a><br \/>\n<a href=\"http:\/\/www.kfi.se\/wp-content\/uploads\/2016\/08\/144.pdf\" target=\"_blank\" rel=\"noopener noreferrer\">&#8221;NPM i svenska kommuner&#8221;<\/a><br \/>\n<a href=\"http:\/\/www.kfi.se\/wp-content\/uploads\/2016\/08\/144.pdf\" target=\"_blank\" rel=\"noopener noreferrer\">ISBN: 978-91-87454-55-4\u00a0<\/a><\/p>\n<p><a href=\"http:\/\/www.kfi.se\/wp-content\/uploads\/2017\/11\/143.pdf\" target=\"_blank\" rel=\"noopener noreferrer\"><img decoding=\"async\" title=\"pdf.png\" src=\"https:\/\/www.kfi.se\/wp-content\/uploads\/2018\/01\/pdf.png\" alt=\"pdf.png\" \/>\u00a0143. Tom Karlsson och Viveka Nilsson 2017.<\/a><br \/>\n<a href=\"http:\/\/www.kfi.se\/wp-content\/uploads\/2017\/11\/143.pdf\" target=\"_blank\" rel=\"noopener noreferrer\">&#8221;Bristande samordning och liten f\u00f6rst\u00e5else &#8211; en studie av arbetsgivares behov av st\u00f6d vid anst\u00e4llning av individer i l\u00e5ngvarigt utanf\u00f6rskap&#8221;<\/a><br \/>\n<a href=\"http:\/\/www.kfi.se\/wp-content\/uploads\/2017\/11\/143.pdf\" target=\"_blank\" rel=\"noopener noreferrer\">ISBN: 978-91-87454-54-7<\/a><\/p>\n<p><a href=\"http:\/\/www.kfi.se\/wp-content\/uploads\/2017\/11\/142.pdf\" target=\"_blank\" rel=\"noopener noreferrer\"><img decoding=\"async\" title=\"pdf.png\" src=\"https:\/\/www.kfi.se\/wp-content\/uploads\/2018\/01\/pdf.png\" alt=\"pdf.png\" \/>\u00a0142. Sara Brorstr\u00f6m 2017.<\/a><br \/>\n<a href=\"http:\/\/www.kfi.se\/wp-content\/uploads\/2017\/11\/142.pdf\" target=\"_blank\" rel=\"noopener noreferrer\">&#8221;Mellan dr\u00f6m och verklighet &#8211; Om hur \u00e4lvstaden fylls med inneh\u00e5ll&#8221;<\/a><br \/>\n<a href=\"http:\/\/www.kfi.se\/wp-content\/uploads\/2017\/11\/142.pdf\" target=\"_blank\" rel=\"noopener noreferrer\">ISBN: 978-91-87454-53-0<\/a><\/p>\n<p><a href=\"http:\/\/www.kfi.se\/wp-content\/uploads\/2016\/08\/141.pdf.pdf\" target=\"_blank\" rel=\"noopener noreferrer\"><img decoding=\"async\" title=\"pdf.png\" src=\"https:\/\/www.kfi.se\/wp-content\/uploads\/2018\/01\/pdf.png\" alt=\"pdf.png\" \/>\u00a0141. Viveka Nilsson 2017.<\/a><br \/>\n<a href=\"http:\/\/www.kfi.se\/wp-content\/uploads\/2016\/08\/141.pdf.pdf\" target=\"_blank\" rel=\"noopener noreferrer\">&#8221;Goda, stolta, v\u00e4xande kommuner! En kritisk granskning av visioner och h\u00e5llbarhet&#8221;<\/a><br \/>\n<a href=\"http:\/\/www.kfi.se\/wp-content\/uploads\/2016\/08\/141.pdf.pdf\" target=\"_blank\" rel=\"noopener noreferrer\">ISBN: 978-91-87454-52-3<\/a><\/p>\n<p><a href=\"http:\/\/www.kfi.se\/wp-content\/uploads\/2016\/08\/140.pdf\" target=\"_blank\" rel=\"noopener noreferrer\"><img decoding=\"async\" title=\"pdf.png\" src=\"https:\/\/www.kfi.se\/wp-content\/uploads\/2018\/01\/pdf.png\" alt=\"pdf.png\" \/>\u00a0140. Rolf Solli, Peter Demediuk och Ulla Eriksson-Zetterquist 2017.<\/a><br \/>\n<a href=\"http:\/\/www.kfi.se\/wp-content\/uploads\/2016\/08\/140.pdf\" target=\"_blank\" rel=\"noopener noreferrer\">&#8221;Jakten efter framtidens v\u00e4lf\u00e4rdsmodeller &#8211; forskningsprogram och fallet med Australien&#8221;<\/a><a href=\"http:\/\/www.kfi.se\/wp-content\/uploads\/2016\/08\/KFirapport_138.pdf\" target=\"_blank\" rel=\"noopener noreferrer\"><br \/>\n<\/a><a href=\"http:\/\/www.kfi.se\/wp-content\/uploads\/2016\/08\/140.pdf\">ISBN: 978-91-87454-51-6<\/a><br \/>\n<a href=\"http:\/\/www.kfi.se\/wp-content\/uploads\/2016\/08\/KFirapport_138.pdf\" target=\"_blank\" rel=\"noopener noreferrer\"><br \/>\n<\/a><a href=\"http:\/\/www.kfi.se\/wp-content\/uploads\/2016\/08\/139.pdf\" target=\"_blank\" rel=\"noopener noreferrer\"><img decoding=\"async\" title=\"pdf.png\" src=\"https:\/\/www.kfi.se\/wp-content\/uploads\/2018\/01\/pdf.png\" alt=\"pdf.png\" \/>\u00a0139. Isabell Meltzer 2017.<\/a><br \/>\n<a href=\"http:\/\/www.kfi.se\/wp-content\/uploads\/2016\/08\/139.pdf\" target=\"_blank\" rel=\"noopener noreferrer\">&#8221;Vem styr egentligen?\u00a0-En studie om styrning i den svenska skolan&#8221;<\/a><br \/>\n<a href=\"http:\/\/www.kfi.se\/wp-content\/uploads\/2016\/08\/139.pdf\" target=\"_blank\" rel=\"noopener noreferrer\">ISBN: 978-91-87454-50-9<\/a><\/p>\n<p><a href=\"http:\/\/www.kfi.se\/wp-content\/uploads\/2016\/11\/KFi-rapport-138.pdf\" target=\"_blank\" rel=\"noopener noreferrer\"><img decoding=\"async\" title=\"pdf.png\" src=\"https:\/\/www.kfi.se\/wp-content\/uploads\/2018\/01\/pdf.png\" alt=\"pdf.png\" \/>\u00a0138.\u00a0Hanna Estmalm 2016.<\/a><br \/>\n<a href=\"http:\/\/www.kfi.se\/wp-content\/uploads\/2016\/11\/KFi-rapport-138.pdf\" target=\"_blank\" rel=\"noopener noreferrer\">&#8221;Engagera flera och innovera mera. &#8211; En gr\u00e4ns\u00f6verskridande samverkan kring etablering av nyanl\u00e4nda&#8221;<\/a><a href=\"http:\/\/www.kfi.se\/wp-content\/uploads\/2016\/08\/KFirapport_138.pdf\" target=\"_blank\" rel=\"noopener noreferrer\"><br \/>\nISBN: 978-91-87454-39-4<\/a><\/p>\n<p><a href=\"http:\/\/www.kfi.se\/wp-content\/uploads\/2016\/11\/KFi-rapport-137.pdf\" target=\"_blank\" rel=\"noopener noreferrer\"><img decoding=\"async\" title=\"pdf.png\" src=\"https:\/\/www.kfi.se\/wp-content\/uploads\/2018\/01\/pdf.png\" alt=\"pdf.png\" \/>\u00a0137.\u00a0Sara Brorstr\u00f6m 2016.<br \/>\n&#8221;Styr oss!\u00a0-Om\u00a0konsekvenser\u00a0av\u00a0vision\u00a0\u00c4lvstaden\u00a0och\u00a0om\u00a0prat,\u00a0handling\u00a0och\u00a0styrgap&#8221;<br \/>\nISBN: 978-91-87454-38-7<\/a><\/p>\n<p><a href=\"http:\/\/www.kfi.se\/wp-content\/uploads\/2016\/11\/KFi-rapport-136.pdf\" target=\"_blank\" rel=\"noopener noreferrer\"><img decoding=\"async\" title=\"pdf.png\" src=\"https:\/\/www.kfi.se\/wp-content\/uploads\/2018\/01\/pdf.png\" alt=\"pdf.png\" \/>\u00a0136.\u00a0Sara Brorstr\u00f6m och Anders Parment 2016.<br \/>\n&#8221;Urbaniseringens effekter f\u00f6r sm\u00e5 och stora kommuner. &#8211; En studie av h\u00e5llbar utveckling&#8221;<br \/>\nISBN: 978-91-87454-29-5<\/a><\/p>\n<p><a href=\"http:\/\/www.kfi.se\/wp-content\/uploads\/2016\/11\/KFi-rapport-135.pdf\" target=\"_blank\" rel=\"noopener noreferrer\"><img decoding=\"async\" title=\"pdf.png\" src=\"https:\/\/www.kfi.se\/wp-content\/uploads\/2018\/01\/pdf.png\" alt=\"pdf.png\" \/>\u00a0135.\u00a0Gustaf Kastberg och Cristian Hermansson 2016.<br \/>\n&#8221;Sociala investeringar i praktiken. Ambitioner, samarbete och organisering&#8221;<\/a><br \/>\n<a href=\"http:\/\/www.kfi.se\/wp-content\/uploads\/2016\/11\/KFi-rapport-135.pdf\" target=\"_blank\" rel=\"noopener noreferrer\">ISBN: 978-91-87454-29-5<\/a><\/p>\n<p><a href=\"http:\/\/www.kfi.se\/wp-content\/uploads\/2016\/11\/KFi-rapport-134.pdf\" target=\"_blank\" rel=\"noopener noreferrer\"><img decoding=\"async\" title=\"pdf.png\" src=\"https:\/\/www.kfi.se\/wp-content\/uploads\/2018\/01\/pdf.png\" alt=\"pdf.png\" \/>\u00a0134.\u00a0Sven Siverbo 2016.<\/a><br \/>\n<a href=\"http:\/\/www.kfi.se\/wp-content\/uploads\/2016\/11\/KFi-rapport-134.pdf\">&#8221;Att hantera omfattande styrning&#8221;<\/a><br \/>\n<a href=\"http:\/\/www.kfi.se\/wp-content\/uploads\/2016\/11\/KFi-rapport-134.pdf\" target=\"_blank\" rel=\"noopener noreferrer\">ISBN: 978-91-87454-32-5<\/a><\/p>\n<p><a href=\"http:\/\/www.kfi.se\/wp-content\/uploads\/2017\/01\/133.pdf\" target=\"_blank\" rel=\"noopener noreferrer\"><img decoding=\"async\" title=\"pdf.png\" src=\"https:\/\/www.kfi.se\/wp-content\/uploads\/2018\/01\/pdf.png\" alt=\"pdf.png\" \/>\u00a0133.\u00a0Bj\u00f6rn Brorstr\u00f6m, Nomie Eriksson, Christian Jensen och Viveka Nilsson 2015.<br \/>\n&#8221;H\u00e5llbar kommun. Att balansera konkurrerande v\u00e4rden&#8221;<\/a><br \/>\n<a href=\"http:\/\/www.kfi.se\/wp-content\/uploads\/2017\/01\/133.pdf\" target=\"_blank\" rel=\"noopener noreferrer\">ISBN: 978-91-87454-28-8<\/a><\/p>\n<p><a href=\"http:\/\/www.kfi.se\/wp-content\/uploads\/2017\/01\/132.pdf\" target=\"_blank\" rel=\"noopener noreferrer\"><img decoding=\"async\" title=\"pdf.png\" src=\"https:\/\/www.kfi.se\/wp-content\/uploads\/2018\/01\/pdf.png\" alt=\"pdf.png\" \/>\u00a0132.\u00a0Mikael L\u00f6fstr\u00f6m och Viveka Nilsson 2015.<br \/>\n&#8221;Sociala investeringar i Ale och p\u00e5 Hisingen. En studie av vilken betydelse samverkan kan ha f\u00f6r sociala investeringar.&#8221;<br \/>\nISBN: 978-91-87454-26-4<\/a><\/p>\n<p><a href=\"http:\/\/www.kfi.se\/wp-content\/uploads\/2017\/01\/131.pdf\" target=\"_blank\" rel=\"noopener noreferrer\"><img decoding=\"async\" title=\"pdf.png\" src=\"https:\/\/www.kfi.se\/wp-content\/uploads\/2018\/01\/pdf.png\" alt=\"pdf.png\" \/>\u00a0131.\u00a0Gustaf Kastberg 2014.<br \/>\n&#8221;Fr\u00e5n id\u00e9 till handling. En studie av framtagande och anv\u00e4ndande av en \u00e5tg\u00e4rdsplan f\u00f6r mer j\u00e4mlik folkh\u00e4lsa&#8221;<br \/>\nISBN: 978-91-87454-24-0<\/a><\/p>\n<p><a href=\"http:\/\/www.kfi.se\/wp-content\/uploads\/2017\/01\/130.pdf\" target=\"_blank\" rel=\"noopener noreferrer\"><img decoding=\"async\" title=\"pdf.png\" src=\"https:\/\/www.kfi.se\/wp-content\/uploads\/2018\/01\/pdf.png\" alt=\"pdf.png\" \/>\u00a0130.\u00a0Barbara Czarniawska och Rolf Solli 2014.<br \/>\n&#8221;NPM, granskningsamh\u00e4lle och sedan? Om kommunala megatrender&#8221;.<br \/>\nISBN: 978-91-87454-23-3<\/a><\/p>\n<p><a href=\"http:\/\/www.kfi.se\/wp-content\/uploads\/2017\/01\/129.pdf\" target=\"_blank\" rel=\"noopener noreferrer\"><img decoding=\"async\" title=\"pdf.png\" src=\"https:\/\/www.kfi.se\/wp-content\/uploads\/2018\/01\/pdf.png\" alt=\"pdf.png\" \/>\u00a0129.\u00a0Sven Siverbo 2014.<br \/>\n&#8221;Demokrati och ekonomi i kommuner med n\u00e4mndl\u00f6s politisk organisation&#8221;.<br \/>\nISBN: 978-91-87454-22-6<\/a><\/p>\n<p><a href=\"http:\/\/www.kfi.se\/wp-content\/uploads\/2017\/01\/128.pdf\" target=\"_blank\" rel=\"noopener noreferrer\"><img decoding=\"async\" title=\"pdf.png\" src=\"https:\/\/www.kfi.se\/wp-content\/uploads\/2018\/01\/pdf.png\" alt=\"pdf.png\" \/>\u00a0128.\u00a0Pierre Donatella 2014.<br \/>\n&#8221;Resultatutj\u00e4mningsreserver i kommuner och landsting &#8211; en praxisunders\u00f6kning&#8221;.<br \/>\nUnder medverkan av: Bj\u00f6rn J\u00e4gesten och Hans Petersson. ISBN: 978-91-87454-21-9<\/a><\/p>\n<p><a href=\"http:\/\/www.kfi.se\/wp-content\/uploads\/2017\/01\/127.pdf\" target=\"_blank\" rel=\"noopener noreferrer\"><img decoding=\"async\" title=\"pdf.png\" src=\"https:\/\/www.kfi.se\/wp-content\/uploads\/2018\/01\/pdf.png\" alt=\"pdf.png\" \/>\u00a0127.\u00a0Rolf Solli 2014.<br \/>\n&#8221;Viskande tj\u00e4nstem\u00e4n &#8211; En verkligt longitudinell studie av kommunala ekonomichefer&#8221;.<br \/>\nISBN: 978-91-87454-20-2<\/a><\/p>\n<p><a href=\"http:\/\/www.kfi.se\/wp-content\/uploads\/2016\/08\/126.pdf\" target=\"_blank\" rel=\"noopener noreferrer\"><img decoding=\"async\" title=\"pdf.png\" src=\"https:\/\/www.kfi.se\/wp-content\/uploads\/2018\/01\/pdf.png\" alt=\"pdf.png\" \/>\u00a0126.\u00a0Sven Siverbo 2014.<br \/>\n&#8221;Kommunala strategiers orsaker och effekter&#8221;<br \/>\nISBN: 978-91-87454-16-5<\/a><\/p>\n<p><a href=\"http:\/\/www.kfi.se\/wp-content\/uploads\/2016\/08\/125.pdf\" target=\"_blank\" rel=\"noopener noreferrer\"><img decoding=\"async\" title=\"pdf.png\" src=\"https:\/\/www.kfi.se\/wp-content\/uploads\/2018\/01\/pdf.png\" alt=\"pdf.png\" \/>\u00a0125.\u00a0Mikael L\u00f6fstr\u00f6m och Helena \u00d6fverstr\u00f6m 2014.<br \/>\n&#8221;Samordningsf\u00f6rbundet FinsamGotland. -en studie av hur samverkan implementeras genom samordningsf\u00f6rbund&#8221;.<br \/>\nISBN: 978-91-87454-17-2<\/a><\/p>\n<p><a href=\"http:\/\/www.kfi.se\/wp-content\/uploads\/2016\/08\/124.pdf\" target=\"_blank\" rel=\"noopener noreferrer\"><img decoding=\"async\" title=\"pdf.png\" src=\"https:\/\/www.kfi.se\/wp-content\/uploads\/2018\/01\/pdf.png\" alt=\"pdf.png\" \/>\u00a0124.\u00a0Emma Ek och Rolf Solli 2013.<br \/>\n&#8221;Revision och nytta. -En n\u00e4rg\u00e5ngen studie av revisionen i en region&#8221;.<br \/>\nISBN: 978-91-87454-16-5<\/a><\/p>\n<p><a href=\"http:\/\/www.kfi.se\/wp-content\/uploads\/2016\/08\/123.pdf\" target=\"_blank\" rel=\"noopener noreferrer\"><img decoding=\"async\" title=\"pdf.png\" src=\"https:\/\/www.kfi.se\/wp-content\/uploads\/2018\/01\/pdf.png\" alt=\"pdf.png\" \/>\u00a0123.\u00a0Viveka Nilsson (red.) 2013.<br \/>\n&#8221;Sp\u00e5r av Bj\u00f6rn. Nio texter om Bj\u00f6rn Brorstr\u00f6m och hans forskarg\u00e4rning&#8221;.<br \/>\nISBN: 978-91-87454-14-1<\/a><\/p>\n<p><a href=\"http:\/\/www.kfi.se\/wp-content\/uploads\/2016\/08\/122.pdf\" target=\"_blank\" rel=\"noopener noreferrer\"><img decoding=\"async\" title=\"pdf.png\" src=\"https:\/\/www.kfi.se\/wp-content\/uploads\/2018\/01\/pdf.png\" alt=\"pdf.png\" \/>\u00a0122.\u00a0Viveka Nilsson och Sven Siverbo 2013.<br \/>\n&#8221;Ny politisk organisation i Orust kommun. &#8211; Effekter av en f\u00f6r\u00e4ndring&#8221;.<br \/>\nISBN: 978-91-87454-10-3<\/a><\/p>\n<p><a href=\"http:\/\/www.kfi.se\/wp-content\/uploads\/2016\/08\/121.pdf\" target=\"_blank\" rel=\"noopener noreferrer\"><img decoding=\"async\" title=\"pdf.png\" src=\"https:\/\/www.kfi.se\/wp-content\/uploads\/2018\/01\/pdf.png\" alt=\"pdf.png\" \/>\u00a0121.\u00a0Gustaf Kastberg 2012.<br \/>\n&#8221;Strategiska tv\u00e4rfunktionella team i h\u00e4lso- och sjukv\u00e5rden. &#8211; Risk f\u00f6r frikoppling&#8221;.<br \/>\nISBN: 978-91-980639-7-4<\/a><\/p>\n<p><a href=\"http:\/\/www.kfi.se\/wp-content\/uploads\/2016\/08\/120.pdf\" target=\"_blank\" rel=\"noopener noreferrer\"><img decoding=\"async\" title=\"pdf.png\" src=\"https:\/\/www.kfi.se\/wp-content\/uploads\/2018\/01\/pdf.png\" alt=\"pdf.png\" \/>\u00a0120.\u00a0Sara Brorstr\u00f6m 2012.<br \/>\n&#8221;\u00c4lvstaden. L\u00e4rdomar fr\u00e5n visions- och strategiprocessen&#8221;.<br \/>\nISBN: 978-91-980639-6-7<\/a><\/p>\n<p><a href=\"http:\/\/www.kfi.se\/wp-content\/uploads\/2017\/01\/119.pdf\" target=\"_blank\" rel=\"noopener noreferrer\"><img decoding=\"async\" title=\"pdf.png\" src=\"https:\/\/www.kfi.se\/wp-content\/uploads\/2018\/01\/pdf.png\" alt=\"pdf.png\" \/>\u00a0119.\u00a0Sven Siverbo 2012.<br \/>\n&#8221;Benchmarking i kommunsektorn. -Ekonomiska\u00a0orsaker\u00a0och\u00a0effekter&#8221;.<br \/>\nISBN: 978-91-980639-8-1<\/a><\/p>\n<p><a href=\"http:\/\/www.kfi.se\/wp-content\/uploads\/2017\/01\/118.pdf\" target=\"_blank\" rel=\"noopener noreferrer\"><img decoding=\"async\" title=\"pdf.png\" src=\"https:\/\/www.kfi.se\/wp-content\/uploads\/2018\/01\/pdf.png\" alt=\"pdf.png\" \/>\u00a0118.\u00a0Petra Adolfsson, Rolf Solli och Peter Demediuk 2012.<br \/>\n&#8221;Medborgarbudget &#8211; erfarenheter fr\u00e5n tre svenska pilotkommuner&#8221;.<br \/>\nISBN: 978-91-980639-5-0<\/a><\/p>\n<p><a href=\"http:\/\/www.kfi.se\/wp-content\/uploads\/2017\/01\/117.pdf.pdf\" target=\"_blank\" rel=\"noopener noreferrer\"><img decoding=\"async\" title=\"pdf.png\" src=\"https:\/\/www.kfi.se\/wp-content\/uploads\/2018\/01\/pdf.png\" alt=\"pdf.png\" \/>\u00a0117.\u00a0Petra Adolfsson, Rolf Solli och Peter Demediuk 2012.<br \/>\n&#8221;Medborgarbudget i Uddevalla. &#8211; att v\u00e4lja v\u00e4g i inflytandefr\u00e5gor&#8221;.<br \/>\nISBN: 978-91-980639-0-5<\/a><\/p>\n<p><a href=\"http:\/\/www.kfi.se\/wp-content\/uploads\/2017\/01\/116.pdf\" target=\"_blank\" rel=\"noopener noreferrer\"><img decoding=\"async\" title=\"pdf.png\" src=\"https:\/\/www.kfi.se\/wp-content\/uploads\/2018\/01\/pdf.png\" alt=\"pdf.png\" \/>\u00a0116.\u00a0Bj\u00f6rn Brorstr\u00f6m och Pierre Donatella 2011.<br \/>\n&#8221;F\u00f6rorden d\u00e4r n\u00e4stan allting \u00e4r positivt. En studie av politikerf\u00f6rordens inneh\u00e5ll och budskap&#8221;.<br \/>\nISBN: 978-91-980022-3-2<\/a><\/p>\n<p><a href=\"http:\/\/www.kfi.se\/wp-content\/uploads\/2017\/01\/115.pdf\" target=\"_blank\" rel=\"noopener noreferrer\"><img decoding=\"async\" title=\"pdf.png\" src=\"https:\/\/www.kfi.se\/wp-content\/uploads\/2018\/01\/pdf.png\" alt=\"pdf.png\" \/>\u00a0115.\u00a0Sara Brorstr\u00f6m 2011.<br \/>\n&#8221;Centrala \u00c4lvstaden. &#8211; h\u00f6ga f\u00f6rv\u00e4ntningar och stora utmaningar&#8221;.<br \/>\nISBN: 978-91-980022-1-8<\/a><\/p>\n<p><a href=\"http:\/\/www.kfi.se\/wp-content\/uploads\/2017\/01\/114.pdf\" target=\"_blank\" rel=\"noopener noreferrer\"><img decoding=\"async\" title=\"pdf.png\" src=\"https:\/\/www.kfi.se\/wp-content\/uploads\/2018\/01\/pdf.png\" alt=\"pdf.png\" \/>\u00a0114.\u00a0Anna Creg\u00e5rd och Rolf Solli 2011.<br \/>\n&#8221;Kommundirekt\u00f6rsrollens utveckling. &#8211; en longitudinell studie&#8221;.<br \/>\nISBN 978-91-980022-0-1<\/a><\/p>\n<p><a href=\"http:\/\/www.kfi.se\/wp-content\/uploads\/2017\/01\/113.pdf\" target=\"_blank\" rel=\"noopener noreferrer\"><img decoding=\"async\" title=\"pdf.png\" src=\"https:\/\/www.kfi.se\/wp-content\/uploads\/2018\/01\/pdf.png\" alt=\"pdf.png\" \/>\u00a0113.\u00a0Gustaf Kastberg 2011.<br \/>\n&#8221;Valfrihet &#8211; internationell utblick&#8221;.<br \/>\nISBN 978-91-979052-9-9<\/a><\/p>\n<p><a href=\"http:\/\/www.kfi.se\/wp-content\/uploads\/2017\/01\/112.pdf\" target=\"_blank\" rel=\"noopener noreferrer\"><img decoding=\"async\" title=\"pdf.png\" src=\"https:\/\/www.kfi.se\/wp-content\/uploads\/2018\/01\/pdf.png\" alt=\"pdf.png\" \/>\u00a0112.\u00a0Tobias Johansson och Sven Siverbo 2011.<br \/>\n&#8221;N\u00e4r l\u00f6nar sig stram budgetstyrning?&#8221;<br \/>\nISBN 978-91-979052-4-4<\/a><\/p>\n<p><a href=\"http:\/\/www.kfi.se\/wp-content\/uploads\/2017\/01\/111.pdf\" target=\"_blank\" rel=\"noopener noreferrer\"><img decoding=\"async\" title=\"pdf.png\" src=\"https:\/\/www.kfi.se\/wp-content\/uploads\/2018\/01\/pdf.png\" alt=\"pdf.png\" \/>\u00a0111.\u00a0Pierre Donatella 2011.<br \/>\n&#8221;Den ofrivillige anv\u00e4ndaren.\u00a0&#8211;\u00a0om\u00a0kommunpolitiker\u00a0och\u00a0redovisningsinformation&#8221;.<br \/>\nISBN 978-91-979052-2-0<\/a><\/p>\n<p><a href=\"http:\/\/www.kfi.se\/wp-content\/uploads\/2017\/01\/110.pdf\" target=\"_blank\" rel=\"noopener noreferrer\"><img decoding=\"async\" title=\"pdf.png\" src=\"https:\/\/www.kfi.se\/wp-content\/uploads\/2018\/01\/pdf.png\" alt=\"pdf.png\" \/>\u00a0110.\u00a0Bj\u00f6rn\u00a0Brorstr\u00f6m och Pierre Donatella 2010.<br \/>\n&#8221;Tre tankar om redovisning. &#8211; Bekr\u00e4ftelse och f\u00f6rnyelsebehov&#8221;<br \/>\nISBN 978-91-979052-1-3<\/a><\/p>\n<p><a href=\"http:\/\/www.kfi.se\/wp-content\/uploads\/2017\/01\/109.pdf\" target=\"_blank\" rel=\"noopener noreferrer\"><img decoding=\"async\" title=\"pdf.png\" src=\"https:\/\/www.kfi.se\/wp-content\/uploads\/2018\/01\/pdf.png\" alt=\"pdf.png\" \/>\u00a0109. Mikael C\u00e4ker, Malin Gevert, Sofia Jacobsson och Sven Siverbo 2010.<br \/>\n&#8221;Styrning i kommunala sam\u00e4gda bolag&#8221;<br \/>\nISBN 978-91-978520-7-4<\/a><\/p>\n<p><a href=\"http:\/\/www.kfi.se\/wp-content\/uploads\/2017\/01\/108.pdf\" target=\"_blank\" rel=\"noopener noreferrer\"><img decoding=\"async\" title=\"pdf.png\" src=\"https:\/\/www.kfi.se\/wp-content\/uploads\/2018\/01\/pdf.png\" alt=\"pdf.png\" \/>\u00a0108. Mikael L\u00f6fstr\u00f6m 2009.<br \/>\n&#8221;Styrning och organisering av samverkan p\u00e5 Familjecentralen&#8221;<br \/>\nISBN 978-91-978520-6-7<\/a><\/p>\n<p><a href=\"http:\/\/www.kfi.se\/wp-content\/uploads\/2017\/01\/107.pdf\" target=\"_blank\" rel=\"noopener noreferrer\"><img decoding=\"async\" title=\"pdf.png\" src=\"https:\/\/www.kfi.se\/wp-content\/uploads\/2018\/01\/pdf.png\" alt=\"pdf.png\" \/>\u00a0107. Rolf Solli 2009.<br \/>\n&#8221;Viskande tj\u00e4nstem\u00e4n III &#8211; En longitudinell studie av kommunala ekonomichefer&#8221;<br \/>\nISBN 978-91-978520-5-0<\/a><\/p>\n<p>106. Leif Anjou 2009.<br \/>\n&#8221;Den politiska ledningen av kommuners utveckling och verksamhet. Styrningens inriktning, styrka, och effekter i elva prim\u00e4rkommuner.&#8221;\u00a0Stockholm: \u00d6hrlings PricewaterhouseCoopers i Sverige.<br \/>\nISBN: 978-91-633-5940-8. (Kan best\u00e4llas fr\u00e5n\u00a0kansliet.)<\/p>\n<p><a href=\"http:\/\/www.kfi.se\/wp-content\/uploads\/2017\/01\/105.pdf\" target=\"_blank\" rel=\"noopener noreferrer\"><img decoding=\"async\" title=\"pdf.png\" src=\"https:\/\/www.kfi.se\/wp-content\/uploads\/2018\/01\/pdf.png\" alt=\"pdf.png\" \/>\u00a0105. Pierre Donatella 2009.<br \/>\n&#8221;Politiker som redovisningsmottagare &#8211; Resultat fr\u00e5n ett experiment&#8221;<br \/>\nISBN 978-91-978520-3-6<\/a><\/p>\n<p><a href=\"http:\/\/www.kfi.se\/wp-content\/uploads\/2017\/01\/104.pdf\" target=\"_blank\" rel=\"noopener noreferrer\"><img decoding=\"async\" title=\"pdf.png\" src=\"https:\/\/www.kfi.se\/wp-content\/uploads\/2018\/01\/pdf.png\" alt=\"pdf.png\" \/>\u00a0104. Bj\u00f6rn Brorstr\u00f6m och Pierre Donatella 2009.<br \/>\n&#8221;Referensram f\u00f6r kommunal redovisning. &#8211; Principer, rekommendationer och s\u00e4rskilda redovisningskvaliteter.&#8221;<br \/>\nISBN 978-91-978520-0-5<\/a><\/p>\n<p><a href=\"http:\/\/www.kfi.se\/wp-content\/uploads\/2017\/01\/103.pdf\" target=\"_blank\" rel=\"noopener noreferrer\"><img decoding=\"async\" title=\"pdf.png\" src=\"https:\/\/www.kfi.se\/wp-content\/uploads\/2018\/01\/pdf.png\" alt=\"pdf.png\" \/>\u00a0103. Anna Creg\u00e5rd och Rolf Solli 2009.<br \/>\n&#8221;Styrning genom kontakter. -En longitudinell studie om h\u00f6ga kommunala tj\u00e4nstem\u00e4ns f\u00f6ruts\u00e4ttningar att ut\u00f6va styrning.&#8221;<br \/>\nISBN 978-91-977502-9-5<\/a><\/p>\n<p><a href=\"http:\/\/www.kfi.se\/wp-content\/uploads\/2017\/01\/102.pdf\" target=\"_blank\" rel=\"noopener noreferrer\"><img decoding=\"async\" title=\"pdf.png\" src=\"https:\/\/www.kfi.se\/wp-content\/uploads\/2018\/01\/pdf.png\" alt=\"pdf.png\" \/>\u00a0102. Pierre Donatella 2009.<br \/>\n&#8221;Redovisning av det kommunala pensions\u00e5tagandet. En ekonomisk fr\u00e5ga?&#8221;<br \/>\nISBN 978-91-977502-8-8<\/a><\/p>\n<p><a href=\"http:\/\/www.kfi.se\/wp-content\/uploads\/2017\/01\/101.pdf\" target=\"_blank\" rel=\"noopener noreferrer\"><img decoding=\"async\" title=\"pdf.png\" src=\"https:\/\/www.kfi.se\/wp-content\/uploads\/2018\/01\/pdf.png\" alt=\"pdf.png\" \/>\u00a0101. Sven Siverbo 2009.<br \/>\n&#8221;Moderna politiska organisationer II. Erfarenheter av att arbeta med beredningar och utan fackn\u00e4mnder&#8221;<br \/>\nISBN 978-91-977502-7-1<\/a><\/p>\n<p><a href=\"http:\/\/www.kfi.se\/wp-content\/uploads\/2017\/01\/100.pdf\" target=\"_blank\" rel=\"noopener noreferrer\"><img decoding=\"async\" title=\"pdf.png\" src=\"https:\/\/www.kfi.se\/wp-content\/uploads\/2018\/01\/pdf.png\" alt=\"pdf.png\" \/>\u00a0100. Bj\u00f6rn Brorstr\u00f6m, Sven Siverbo och Rolf Solli 2009.<br \/>\n&#8221;Etthunda! &#8211; Redovisning, organisering och styrning&#8221;<br \/>\nISBN 978-91-978520-2-9<\/a><\/p>\n<p><img decoding=\"async\" title=\"pdf.png\" src=\"https:\/\/www.kfi.se\/wp-content\/uploads\/2018\/01\/pdf.png\" alt=\"pdf.png\" \/> <a href=\"http:\/\/www.kfi.se\/wp-content\/uploads\/2017\/04\/099.pdf\" target=\"_blank\" rel=\"noopener noreferrer\">99. Bj\u00f6rn Brorstr\u00f6m, Pierre Donatella och Hans Petersson 2009. &#8221;P\u00e5 r\u00e4tt v\u00e4g! M\u00e5l f\u00f6r god ekonomisk hush\u00e5llning i kommuner och landsting.&#8221; ISBN 978-91-977502-6-4<\/a><\/p>\n<p><img decoding=\"async\" title=\"pdf.png\" src=\"https:\/\/www.kfi.se\/wp-content\/uploads\/2018\/01\/pdf.png\" alt=\"pdf.png\" \/> <a href=\"http:\/\/www.kfi.se\/wp-content\/uploads\/2017\/04\/098.pdf\" target=\"_blank\" rel=\"noopener noreferrer\">98. Sven Siverbo 2009. &#8221;Kommunernas styrning av externa leverant\u00f6rer inom v\u00e5rd skola och omsorg.&#8221; ISBN 978-91-977502-5-7<\/a><\/p>\n<p><img decoding=\"async\" title=\"pdf.png\" src=\"https:\/\/www.kfi.se\/wp-content\/uploads\/2018\/01\/pdf.png\" alt=\"pdf.png\" \/><a href=\"http:\/\/www.kfi.se\/wp-content\/uploads\/2017\/04\/097.pdf\" target=\"_blank\" rel=\"noopener noreferrer\"> 97. Sven Siverbo 2009. &#8221;Statistik f\u00f6r kommunal uppf\u00f6ljning, styrning och verksamhetsutveckling.&#8221; ISBN 978-91-977502-4-0<\/a><\/p>\n<p><img decoding=\"async\" title=\"pdf.png\" src=\"https:\/\/www.kfi.se\/wp-content\/uploads\/2018\/01\/pdf.png\" alt=\"pdf.png\" \/><a href=\"http:\/\/www.kfi.se\/wp-content\/uploads\/2017\/04\/096.pdf\" target=\"_blank\" rel=\"noopener noreferrer\"> 96. Sara Brorstr\u00f6m 2008. &#8221;N\u00e5got gammalt n\u00e5got nytt, n\u00e5got l\u00e5nat och n\u00e5got bl\u00e5tt.&#8221; ISBN 978-91-977502-2-6<\/a><\/p>\n<p>95. Lennart Jansson 2008. &#8221;Kvalitetsutvecklingsarbete i en organisation med starka professioner. &#8211; Aktionsforskning och l\u00e4randeansats f\u00f6r att skapa f\u00f6r\u00e4ndring och utveckling i en Tolkverksamhet&#8221; ISBN 978-91-977502-1-9 (Kan best\u00e4llas fr\u00e5n kansliet).<\/p>\n<p><img decoding=\"async\" title=\"pdf.png\" src=\"https:\/\/www.kfi.se\/wp-content\/uploads\/2018\/01\/pdf.png\" alt=\"pdf.png\" \/><a href=\"http:\/\/www.kfi.se\/wp-content\/uploads\/2017\/04\/094.pdf\" target=\"_blank\" rel=\"noopener noreferrer\"> 94. Bj\u00f6rn Brorstr\u00f6m och Sven Siverbo 2008. &#8221;Perspektiv p\u00e5 framg\u00e5ngsrika kommuner. &#8211; Demokratiska och ekonomiska utmaningar i teori och praktik&#8221; ISBN 978-91-85659-12-8<\/a><\/p>\n<p><img decoding=\"async\" title=\"pdf.png\" src=\"https:\/\/www.kfi.se\/wp-content\/uploads\/2018\/01\/pdf.png\" alt=\"pdf.png\" \/><a href=\"http:\/\/www.kfi.se\/wp-content\/uploads\/2017\/04\/093.pdf\" target=\"_blank\" rel=\"noopener noreferrer\"> 93. Anna Creg\u00e5rd och Rolf Solli 2008. &#8221;Tango p\u00e5 toppen &#8211; om chefsoms\u00e4ttning&#8221; ISBN 978-91-977502-0-2<\/a><\/p>\n<p><img decoding=\"async\" title=\"pdf.png\" src=\"https:\/\/www.kfi.se\/wp-content\/uploads\/2018\/01\/pdf.png\" alt=\"pdf.png\" \/> <a href=\"http:\/\/www.kfi.se\/wp-content\/uploads\/2017\/04\/092.pdf\" target=\"_blank\" rel=\"noopener noreferrer\">92. Sven Siverbo 2007. &#8221;Benchmarking i svenska kommuner \u00e5r 2007&#8221; ISBN 978-91-976612-9-4<\/a><\/p>\n<p><img decoding=\"async\" title=\"pdf.png\" src=\"https:\/\/www.kfi.se\/wp-content\/uploads\/2018\/01\/pdf.png\" alt=\"pdf.png\" \/> <a href=\"http:\/\/www.kfi.se\/wp-content\/uploads\/2017\/04\/091.pdf\" target=\"_blank\" rel=\"noopener noreferrer\">91. Rolf Solli och Peter Demediuk 2007. &#8221;Tradition som f\u00f6r\u00e4ndringsf\u00f6rklaring&#8221; ISBN 978-91-976612-8-7<\/a><\/p>\n<p><img decoding=\"async\" title=\"pdf.png\" src=\"https:\/\/www.kfi.se\/wp-content\/uploads\/2018\/01\/pdf.png\" alt=\"pdf.png\" \/>\u00a0<a href=\"http:\/\/www.kfi.se\/wp-content\/uploads\/2017\/04\/090.pdf\" target=\"_blank\" rel=\"noopener noreferrer\">90. Sven Siverbo 2007. &#8221;Att arbeta med benchmarking.&#8221; ISBN 978-91-976612-7-0<\/a><\/p>\n<p><img decoding=\"async\" title=\"pdf.png\" src=\"https:\/\/www.kfi.se\/wp-content\/uploads\/2018\/01\/pdf.png\" alt=\"pdf.png\" \/> <a href=\"http:\/\/www.kfi.se\/wp-content\/uploads\/2016\/08\/089.pdf\" target=\"_blank\" rel=\"noopener noreferrer\">89. Lennart Jansson 2007. &#8221;L\u00e4randeprojekt f\u00f6r skolutveckling, vad kan vi l\u00e4ra av det?&#8221; ISBN 978-91-976612-6-3<\/a><\/p>\n<p><a href=\"https:\/\/www.studentlitteratur.se\/#9789144064260%2FAllt%2Bom%2Bkommuners%2B%C3%A5rsredovisning%2B(e-bok)\">88. <\/a><a href=\"https:\/\/www.studentlitteratur.se\/#9789144064260%2FAllt%2Bom%2Bkommuners%2B%C3%A5rsredovisning%2B(e-bok)\" target=\"_blank\" rel=\"noopener noreferrer\">Bj\u00f6rn Brorstr\u00f6m, Pierre Donatella och Hans Petersson 2007. \u201dAllt om kommuners \u00e5rsredovisning.\u201d Lund: Studentlitteratur. ISBN 978-91-44-04899-4. (Kan best\u00e4llas som E-bok fr\u00e5n Studentlitteratur.)<\/a><\/p>\n<p><img decoding=\"async\" title=\"pdf.png\" src=\"https:\/\/www.kfi.se\/wp-content\/uploads\/2018\/01\/pdf.png\" alt=\"pdf.png\" \/> <a href=\"http:\/\/www.kfi.se\/wp-content\/uploads\/2016\/08\/087.pdf\" target=\"_blank\" rel=\"noopener noreferrer\">87. Bj\u00f6rn Brorstr\u00f6m, Staffan Lindvall och Rolf Solli 2007. &#8221;Ledande f\u00f6r produktivitet.&#8221; ISBN 978-91-7164-265-3<\/a><\/p>\n<p><img decoding=\"async\" title=\"pdf.png\" src=\"https:\/\/www.kfi.se\/wp-content\/uploads\/2018\/01\/pdf.png\" alt=\"pdf.png\" \/> <a href=\"http:\/\/www.kfi.se\/wp-content\/uploads\/2016\/08\/086.pdf\" target=\"_blank\" rel=\"noopener noreferrer\">86. Pierre Donatella, Hans Petersson och Bj\u00f6rn Brorstr\u00f6m 2007. &#8221;Bristf\u00e4lliga budgetdokument. Om m\u00e5l och riktlinjer f\u00f6r god ekonomisk hush\u00e5llning.&#8221; ISBN 978-91-976612-4-9<\/a><\/p>\n<p><img decoding=\"async\" title=\"pdf.png\" src=\"https:\/\/www.kfi.se\/wp-content\/uploads\/2018\/01\/pdf.png\" alt=\"pdf.png\" \/> <a href=\"http:\/\/www.kfi.se\/wp-content\/uploads\/2016\/08\/085.pdf\" target=\"_blank\" rel=\"noopener noreferrer\">85. Lisa N\u00f6jd 2007. &#8221;Framg\u00e5ngsrik mot alla odds &#8211; En studie av H\u00e4rjedalens kommun.&#8221; ISBN 978-91-976612-3-2<\/a><\/p>\n<p><img decoding=\"async\" title=\"pdf.png\" src=\"https:\/\/www.kfi.se\/wp-content\/uploads\/2018\/01\/pdf.png\" alt=\"pdf.png\" \/> <a href=\"http:\/\/www.kfi.se\/wp-content\/uploads\/2016\/08\/084.pdf\" target=\"_blank\" rel=\"noopener noreferrer\">84. Bj\u00f6rn Brorstr\u00f6m och Pierre Donatella 2006. &#8221;Bra bara chefen vill &#8211; D\u00e4rf\u00f6r f\u00f6r\u00e4ndras \u00e5rsredovisningen.&#8221; Juryrapport 6. ISBN 91-976612-1-X<\/a><\/p>\n<p><img decoding=\"async\" title=\"pdf.png\" src=\"https:\/\/www.kfi.se\/wp-content\/uploads\/2018\/01\/pdf.png\" alt=\"pdf.png\" \/> <a href=\"http:\/\/www.kfi.se\/wp-content\/uploads\/2016\/08\/083.pdf\" target=\"_blank\" rel=\"noopener noreferrer\">83. Sven Siverbo, Gustaf Kastberg, Viveka Nilsson och Elisabeth Ravenshorst 2006. &#8221;Moderna politiska organisationer &#8211; Om f\u00f6r\u00e4ndringarna i G\u00f6tene, Kung\u00e4lv och Lerum.&#8221;, ISBN 91-975799-9-8<\/a><\/p>\n<p><img decoding=\"async\" title=\"pdf.png\" src=\"https:\/\/www.kfi.se\/wp-content\/uploads\/2018\/01\/pdf.png\" alt=\"pdf.png\" \/> <a href=\"http:\/\/www.kfi.se\/wp-content\/uploads\/2016\/08\/082.pdf\" target=\"_blank\" rel=\"noopener noreferrer\">82. Bj\u00f6rn Brorstr\u00f6m och Sven Siverbo 2006. &#8221;\u00c5terbes\u00f6k i framg\u00e5ngsrika kommuner&#8221;, ISBN 91-975799-8-X<\/a><\/p>\n<p><img decoding=\"async\" title=\"pdf.png\" src=\"https:\/\/www.kfi.se\/wp-content\/uploads\/2018\/01\/pdf.png\" alt=\"pdf.png\" \/> <a href=\"http:\/\/www.kfi.se\/wp-content\/uploads\/2016\/08\/081.pdf\" target=\"_blank\" rel=\"noopener noreferrer\">81. Ylva M\u00fchlenbock 2005. &#8221;Den minsta som exempel &#8211; Om kommunal sj\u00e4lvstyrelse.&#8221; ISBN 91-975799-7-1<\/a><\/p>\n<p><img decoding=\"async\" title=\"pdf.png\" src=\"https:\/\/www.kfi.se\/wp-content\/uploads\/2018\/01\/pdf.png\" alt=\"pdf.png\" \/> <a href=\"http:\/\/www.kfi.se\/wp-content\/uploads\/2016\/08\/080.pdf\" target=\"_blank\" rel=\"noopener noreferrer\">80. Rolf Solli och Kajsa V\u00e4rna 2005. &#8221;Viskande tj\u00e4nstem\u00e4n II.&#8221; ISBN 91-975799-6-3<\/a><\/p>\n<p><img decoding=\"async\" title=\"pdf.png\" src=\"https:\/\/www.kfi.se\/wp-content\/uploads\/2018\/01\/pdf.png\" alt=\"pdf.png\" \/> <a href=\"http:\/\/www.kfi.se\/wp-content\/uploads\/2016\/08\/079.pdf\" target=\"_blank\" rel=\"noopener noreferrer\">79. Sven Siverbo, Tobias Johansson och Karin Runhagen 2005. &#8221;Benchmarking i svenska kommuner.&#8221; ISBN 91-975799-5-5<\/a><\/p>\n<p><img decoding=\"async\" title=\"pdf.png\" src=\"https:\/\/www.kfi.se\/wp-content\/uploads\/2018\/01\/pdf.png\" alt=\"pdf.png\" \/> <a href=\"http:\/\/www.kfi.se\/wp-content\/uploads\/2016\/08\/078.pdf\" target=\"_blank\" rel=\"noopener noreferrer\">78. Bj\u00f6rn Brorstr\u00f6m och Lisa N\u00f6jd 2005. &#8221;Ett dokument av \u00f6verordnad betydelse &#8211; En anv\u00e4ndarstudie avseende den kommunala \u00e5rsredovisningen.&#8221; Juryrapport 5. ISBN 91-975799-3-9<\/a><\/p>\n<p><img decoding=\"async\" title=\"pdf.png\" src=\"https:\/\/www.kfi.se\/wp-content\/uploads\/2018\/01\/pdf.png\" alt=\"pdf.png\" \/> <a href=\"http:\/\/www.kfi.se\/wp-content\/uploads\/2016\/08\/077.pdf\" target=\"_blank\" rel=\"noopener noreferrer\">77. Sven Siverbo och Tobias Johansson 2005. &#8221;Kommunal ekonomi och politiskt samarbete.&#8221; ISBN 91-975799-4-7<\/a><\/p>\n<p><img decoding=\"async\" title=\"pdf.png\" src=\"https:\/\/www.kfi.se\/wp-content\/uploads\/2018\/01\/pdf.png\" alt=\"pdf.png\" \/> <a href=\"http:\/\/www.kfi.se\/wp-content\/uploads\/2016\/08\/076.pdf\" target=\"_blank\" rel=\"noopener noreferrer\">76. Sven Siverbo, Lisa N\u00f6jd och Bj\u00f6rn Brorstr\u00f6m 2005, &#8221;Politisk styrning i framg\u00e5ngsrika kommuner \u2013 om de politiska arbetss\u00e4tten i Ale, Kung\u00e4lv, Lerum, Lidk\u00f6ping, Mark och Tanum.&#8221; ISBN 91-975799-0-4<\/a><\/p>\n<p><img decoding=\"async\" title=\"pdf.png\" src=\"https:\/\/www.kfi.se\/wp-content\/uploads\/2018\/01\/pdf.png\" alt=\"pdf.png\" \/> <a href=\"http:\/\/www.kfi.se\/wp-content\/uploads\/2016\/08\/075.pdf\" target=\"_blank\" rel=\"noopener noreferrer\">75. Petra Adolfsson och Ewa Wikstr\u00f6m 2005, &#8221;Kvalitetsdialog i G\u00f6teborgs skolv\u00e4sende &#8211; Metod, organisation och verksamhet.&#8221;<\/a><\/p>\n<p><img decoding=\"async\" title=\"pdf.png\" src=\"https:\/\/www.kfi.se\/wp-content\/uploads\/2018\/01\/pdf.png\" alt=\"pdf.png\" \/> <a href=\"http:\/\/www.kfi.se\/wp-content\/uploads\/2016\/08\/074.pdf\" target=\"_blank\" rel=\"noopener noreferrer\">74. Rolf Solli och Ylva M\u00fchlenbock 2004, &#8221;Besparing som kampanj &#8211; En studie av Trollh\u00e4ttans kommun.&#8221;<\/a><\/p>\n<p><img decoding=\"async\" title=\"pdf.png\" src=\"https:\/\/www.kfi.se\/wp-content\/uploads\/2018\/01\/pdf.png\" alt=\"pdf.png\" \/> <a href=\"http:\/\/www.kfi.se\/wp-content\/uploads\/2016\/08\/073.pdf\" target=\"_blank\" rel=\"noopener noreferrer\">73. Sven Siverbo 2004, &#8221;Varaktiga effekter? &#8211; Om ekonomisk utveckling i Kommundelegationens sp\u00e5r.&#8221;<\/a><\/p>\n<p><a href=\"http:\/\/www.bokus.com\/bok\/9789144036106\/organisationskultur-for-framgangsrika-kommuner-en-studie-av-munkedal-sotenas-stromstad-och-tanum\/\" target=\"_blank\" rel=\"noopener noreferrer\">72. Sven Siverbo 2004, &#8221;Organisationskultur f\u00f6r framg\u00e5ngsrika kommuner &#8211; En studie av Munkedal, Soten\u00e4s, Str\u00f6mstad och Tanum.&#8221; Lund: Studentlitteratur (ISBN 91-44-03610-8) (Sluts\u00e5ld p\u00e5 f\u00f6rlaget, kontakta kansliet)<\/a><\/p>\n<p><img decoding=\"async\" title=\"pdf.png\" src=\"https:\/\/www.kfi.se\/wp-content\/uploads\/2018\/01\/pdf.png\" alt=\"pdf.png\" \/> <a href=\"http:\/\/www.kfi.se\/wp-content\/uploads\/2016\/08\/071.pdf\" target=\"_blank\" rel=\"noopener noreferrer\">71. Anna Creg\u00e5rd 2004, &#8221;Abruption &#8211; Upps\u00e4gning som \u00f6vers\u00e4ttning och improvisation.&#8221;<\/a><\/p>\n<p><img decoding=\"async\" title=\"pdf.png\" src=\"https:\/\/www.kfi.se\/wp-content\/uploads\/2018\/01\/pdf.png\" alt=\"pdf.png\" \/> <a href=\"http:\/\/www.kfi.se\/wp-content\/uploads\/2016\/08\/070.pdf\" target=\"_blank\" rel=\"noopener noreferrer\">70. Sven Siverbo 2004, &#8221;Ledningskultur f\u00f6r framg\u00e5ngsrik utveckling &#8211; En studie av V\u00e4stra G\u00f6talandsregionen.&#8221;<\/a><\/p>\n<p>69. Bj\u00f6rn Brorstr\u00f6m 2004, &#8221;Avceremonialisering \u00e4r en f\u00f6rklaring till gynnsam f\u00f6r\u00e4ndring &#8211; En studie av fyra kommuner i Bohusl\u00e4n.&#8221;<\/p>\n<p><img decoding=\"async\" title=\"pdf.png\" src=\"https:\/\/www.kfi.se\/wp-content\/uploads\/2018\/01\/pdf.png\" alt=\"pdf.png\" \/> <a href=\"http:\/\/www.kfi.se\/wp-content\/uploads\/2016\/08\/068.pdf\" target=\"_blank\" rel=\"noopener noreferrer\">68. Rolf Solli (red) 2003, &#8221;Perspektiv p\u00e5 kommunal revision &#8211; Oberoende, drivkrafter och hur andra g\u00f6r&#8221;<\/a><\/p>\n<p><img decoding=\"async\" title=\"pdf.png\" src=\"https:\/\/www.kfi.se\/wp-content\/uploads\/2018\/01\/pdf.png\" alt=\"pdf.png\" \/> <a href=\"http:\/\/www.kfi.se\/wp-content\/uploads\/2016\/08\/067.pdf\" target=\"_blank\" rel=\"noopener noreferrer\">67. Bj\u00f6rn Brorstr\u00f6m 2003, Juryrapport 3. &#8221;Vad \u00e4r det de s\u00e4ger och varf\u00f6r? Om informationsinneh\u00e5llet i politikerf\u00f6rordet.&#8221;<\/a><\/p>\n<p><img decoding=\"async\" title=\"pdf.png\" src=\"https:\/\/www.kfi.se\/wp-content\/uploads\/2018\/01\/pdf.png\" alt=\"pdf.png\" \/> <a href=\"http:\/\/www.kfi.se\/wp-content\/uploads\/2016\/08\/066.pdf\" target=\"_blank\" rel=\"noopener noreferrer\">66. Bj\u00f6rn Brorstr\u00f6m och Katarina Orrbeck 2002, Juryrapport 2. &#8221;\u00c4r de p\u00e5kostade \u00e5rsredovisningarna b\u00e4st? Om form f\u00e4rg och inneh\u00e5ll.&#8221;<\/a><\/p>\n<p><img decoding=\"async\" src=\"https:\/\/www.kfi.se\/wp-content\/uploads\/2018\/01\/pdf.png\" alt=\"pdf.png\" \/> <a href=\"http:\/\/www.kfi.se\/wp-content\/uploads\/2017\/04\/065.pdf\" target=\"_blank\" rel=\"noopener noreferrer\">65. Lennart Jansson 2003, &#8221;Lokalt reform- och f\u00f6r\u00e4ndringsarbete inom tre skolorganisationer &#8211; Hur f\u00f6r\u00e4ndringsarbete kan g\u00e5 till, samt experiment med innovationsgrupper och l\u00e4rande organisation&#8221;.<\/a><\/p>\n<p>64. Bj\u00f6rn Brorstr\u00f6m 2002, &#8221;Vilja till f\u00f6r\u00e4ndring och starka traditioner &#8211; problematiska m\u00f6ten i tre lika landsting&#8221;.<\/p>\n<p>63. Rolf Solli (red) 2002, &#8221;Ekonomer om Ekonomer &#8211; framtiden i fokus&#8221;.<\/p>\n<p>62. Lennart Jansson, Anita Kihlstr\u00f6m, Mikael L\u00f6fstr\u00f6m och Ewa Wikstr\u00f6m 2002, &#8221;Gr\u00e4ns\u00f6verskridande samverkan &#8211; en studie av f\u00f6rs\u00f6ksprojekt i offentlig sektor&#8221;.<\/p>\n<p>61. Brorstr\u00f6m, Bj\u00f6rn och Sven Siverbo 2002, &#8221;De fattiga och de rika. Ett institutionellt perspektiv p\u00e5 kommuners ekonomiska utveckling&#8221;.<\/p>\n<p><img decoding=\"async\" title=\"pdf.png\" src=\"https:\/\/www.kfi.se\/wp-content\/uploads\/2018\/01\/pdf.png\" alt=\"pdf.png\" \/> <a href=\"http:\/\/www.kfi.se\/wp-content\/uploads\/2016\/08\/060.pdf\" target=\"_blank\" rel=\"noopener noreferrer\">60. Brorstr\u00f6m, Bj\u00f6rn och Katarina Orrbeck 2001, &#8221;Olika \u00e5rsredovisningar &#8211; alla med goda motiv&#8221;.<\/a><\/p>\n<p>59. Brorstr\u00f6m, Bj\u00f6rn och Bo Hallin 2001, &#8221;Professionellas uppfattningar om v\u00e5rd och organisation. En studie av Centrallasarettet i V\u00e4ster\u00e5s&#8221;.<\/p>\n<p>58. Brorstr\u00f6m, Bj\u00f6rn och Sven Siverbo 2001, &#8221;Det enkla \u00e4r sv\u00e5rt nog &#8211; Ekonomisk m\u00e4tning av samverkan&#8221;.<\/p>\n<p><img decoding=\"async\" title=\"pdf.png\" src=\"https:\/\/www.kfi.se\/wp-content\/uploads\/2018\/01\/pdf.png\" alt=\"pdf.png\" \/> <a href=\"http:\/\/www.kfi.se\/wp-content\/uploads\/2016\/08\/057.pdf\" target=\"_blank\" rel=\"noopener noreferrer\">57. Brorstr\u00f6m, Bj\u00f6rn och Rolf Solli, 2000. &#8221;Ber\u00e4ttelsen om Mark &#8211; Konsensus som grund f\u00f6r konstruktiv pr\u00f6vning och f\u00f6rn\u00f6jsamhet&#8221;.<\/a><\/p>\n<p>56. Siverbo, Sven och Bj\u00f6rn Brorstr\u00f6m 2000, &#8221;Ber\u00e4ttelsen om Ale &#8211; Institutionerna, akt\u00f6rerna och identitetss\u00f6kandets konsekvenser&#8221;.<\/p>\n<p><img decoding=\"async\" title=\"pdf.png\" src=\"https:\/\/www.kfi.se\/wp-content\/uploads\/2018\/01\/pdf.png\" alt=\"pdf.png\" \/> <a href=\"http:\/\/www.kfi.se\/wp-content\/uploads\/2016\/08\/055.pdf\" target=\"_blank\" rel=\"noopener noreferrer\">55. Jansson, Lennart, 1999. &#8221;F\u00f6rvaltningen som f\u00f6rsvann &#8211; Utv\u00e4rdering av reformarbete inom Kultur- och bildningsn\u00e4mnden i \u00d6rebro kommun&#8221;.<\/a><\/p>\n<p><img decoding=\"async\" title=\"pdf.png\" src=\"https:\/\/www.kfi.se\/wp-content\/uploads\/2018\/01\/pdf.png\" alt=\"pdf.png\" \/> <a href=\"http:\/\/www.kfi.se\/wp-content\/uploads\/2016\/08\/054.pdf\" target=\"_blank\" rel=\"noopener noreferrer\">54. Brorstr\u00f6m Bj\u00f6rn, Gertsson Bo, M\u00fchlenbock Ylva och Rolf Solli, 1999 \u201dMalm\u00f6 stads resursf\u00f6rdelningsmodell inom stadsdelssektorn \u2013 konstruktion, inneh\u00e5ll och effekter\u201d<\/a><\/p>\n<p>53. Brorstr\u00f6m Bj\u00f6rn och Marianne Leffler, 1999 \u201dBer\u00e4ttelsen om Lidk\u00f6ping \u2013 Om inneb\u00f6rden av Li\u00b4k\u00f6pingsandan och om motst\u00e5ndskraftiga institutioner\u201d<\/p>\n<p>52. Brorstr\u00f6m Bj\u00f6rn, Orrbeck Katarina och Hans Petersson, 1999 \u201dFinansiell bed\u00f6mning. Tre perspektiv\u201d<\/p>\n<p><img decoding=\"async\" title=\"pdf.png\" src=\"https:\/\/www.kfi.se\/wp-content\/uploads\/2018\/01\/pdf.png\" alt=\"pdf.png\" \/> <a href=\"http:\/\/www.kfi.se\/wp-content\/uploads\/2016\/08\/051.pdf\" target=\"_blank\" rel=\"noopener noreferrer\">51. Creg\u00e5rd Anna och Rolf Solli, 1999 \u201dFramg\u00e5ngsrik och turbulent \u2013 en studie av en kommuns utm\u00e4rkande egenskaper till vardags och under stress\u201d<\/a><\/p>\n<p><img decoding=\"async\" title=\"pdf.png\" src=\"https:\/\/www.kfi.se\/wp-content\/uploads\/2018\/01\/pdf.png\" alt=\"pdf.png\" \/> <a href=\"http:\/\/www.kfi.se\/wp-content\/uploads\/2016\/08\/050.pdf\" target=\"_blank\" rel=\"noopener noreferrer\">50. Bengtsson Ulla och Bj\u00f6rn Brorstr\u00f6m (red.), 1999 \u201dForskarperspektiv p\u00e5 kommunala problem \u2013 en rapport om resurser, reformer och institutioner, i g\u00e5r, idag och i morgon\u201d<\/a><\/p>\n<p><img decoding=\"async\" title=\"pdf.png\" src=\"https:\/\/www.kfi.se\/wp-content\/uploads\/2018\/01\/pdf.png\" alt=\"pdf.png\" \/> <a href=\"http:\/\/www.kfi.se\/wp-content\/uploads\/2016\/08\/049.pdf\" target=\"_blank\" rel=\"noopener noreferrer\">49. Leffler, M. och Y. M\u00fchlenbock (under medverkan av B. Brorstr\u00f6m), 1998 \u201cNU-sjukv\u00e5rden &#8211; sjukv\u00e5rd i f\u00f6r\u00e4ndring. En studie av fusionen mellan Uddevalla sjukhus och N\u00c4L\u201c<\/a><\/p>\n<p>48. Brorstr\u00f6m, Bj\u00f6rn och Marianne Leffler, 1998 \u201cBer\u00e4ttelsen om Kung\u00e4lv &#8211; om utm\u00e4rkande egenskaper och goda institutioner\u201c.<\/p>\n<p>47. Solli, Rolf, 1998 \u201cViskande tj\u00e4nstem\u00e4n \u2013 En studie av kommunala ekonomichefers vardag\u201c<\/p>\n<p>46. Brorstr\u00f6m, Bj\u00f6rn, 1998 \u201cSamh\u00e4llsvetenskapliga problemst\u00e4llningar och kvalitativa forskningsmetoder. En rapport med fokus p\u00e5 kommunforskning i V\u00e4stsverige\u201c<\/p>\n<p>45. Wikstr\u00f6m Ewa (red.), L\u00f6fstr\u00f6m Mikael, Jansson Lennart, M\u00fchlenbock Ylva och Sven Siverbo, 1998 \u201cFlerpartssamverkan i missbruksv\u00e5rden \u2013 F\u00f6rs\u00f6ksprojekt i Ume\u00e5, Kristianstad och G\u00f6teborg\u201c<\/p>\n<p><img decoding=\"async\" title=\"pdf.png\" src=\"https:\/\/www.kfi.se\/wp-content\/uploads\/2018\/01\/pdf.png\" alt=\"pdf.png\" \/> <a href=\"http:\/\/www.kfi.se\/wp-content\/uploads\/2016\/08\/044.pdf\" target=\"_blank\" rel=\"noopener noreferrer\">44. Brorstr\u00f6m Bj\u00f6rn, Orrbeck, Katarina och Hans Petersson, 1998 \u201cResultat, fl\u00f6de och risk \u2013 finansiell analys pr\u00f6vas av experter\u201c<\/a><\/p>\n<p><img decoding=\"async\" title=\"pdf.png\" src=\"https:\/\/www.kfi.se\/wp-content\/uploads\/2018\/01\/pdf.png\" alt=\"pdf.png\" \/> <a href=\"http:\/\/www.kfi.se\/wp-content\/uploads\/2016\/08\/043.pdf\" target=\"_blank\" rel=\"noopener noreferrer\">43. Jensen Christian och Staffan Johansson, 1997 \u201cKunskap som orienterar och \u00f6vertygar. Tv\u00e5 fallstudier om hur kommunala ledare anv\u00e4nder forskning\u201c<\/a><\/p>\n<p><img decoding=\"async\" title=\"pdf.png\" src=\"https:\/\/www.kfi.se\/wp-content\/uploads\/2018\/01\/pdf.png\" alt=\"pdf.png\" \/> <a href=\"http:\/\/www.kfi.se\/wp-content\/uploads\/2016\/08\/042.pdf\" target=\"_blank\" rel=\"noopener noreferrer\">42. Leffler Marianne (red.), 1997 \u201cKommunala reformer \u2013 tre uppsatser om styrning\u201c<\/a><\/p>\n<p><img decoding=\"async\" title=\"pdf.png\" src=\"https:\/\/www.kfi.se\/wp-content\/uploads\/2018\/01\/pdf.png\" alt=\"pdf.png\" \/> <a href=\"http:\/\/www.kfi.se\/wp-content\/uploads\/2016\/08\/041.pdf\" target=\"_blank\" rel=\"noopener noreferrer\">41. Brorstr\u00f6m Bj\u00f6rn och Rolf Solli (under medverkan av Viveka Edlund och Sven Siverbo), 1997 \u201cN\u00e4r int\u00e4kten kom \u2013 en studie av skiftet fr\u00e5n kostnads- till int\u00e4ktsstyrning i budgetkopplade organisationer\u201c<\/a><\/p>\n<p><img decoding=\"async\" title=\"pdf.png\" src=\"https:\/\/www.kfi.se\/wp-content\/uploads\/2018\/01\/pdf.png\" alt=\"pdf.png\" \/> <a href=\"http:\/\/www.kfi.se\/wp-content\/uploads\/2016\/08\/040.pdf\" target=\"_blank\" rel=\"noopener noreferrer\">40. Brorstr\u00f6m Bj\u00f6rn, 1997 \u201cF\u00f6rklaring av finansiell utveckling \u2013 ett f\u00f6rvaltningsekonomiskt forskningsprojekt\u201c<\/a><\/p>\n<p><img decoding=\"async\" title=\"pdf.png\" src=\"https:\/\/www.kfi.se\/wp-content\/uploads\/2018\/01\/pdf.png\" alt=\"pdf.png\" \/> <a href=\"http:\/\/www.kfi.se\/wp-content\/uploads\/2016\/08\/039.pdf\" target=\"_blank\" rel=\"noopener noreferrer\">39. Leffler Jonas, 1996 &#8221;V\u00e5rdkedjans m\u00f6jligheter och begr\u00e4nsningar&#8221;<\/a><\/p>\n<p>38. Malmer Stellan, 1996 &#8221;Sj\u00e4lvkostnad&#8221;<\/p>\n<p><img decoding=\"async\" title=\"pdf.png\" src=\"https:\/\/www.kfi.se\/wp-content\/uploads\/2018\/01\/pdf.png\" alt=\"pdf.png\" \/> <a href=\"http:\/\/www.kfi.se\/wp-content\/uploads\/2016\/08\/037.pdf\" target=\"_blank\" rel=\"noopener noreferrer\">37. Brorstr\u00f6m Bj\u00f6rn, Bengtsson Ulla, Cwejman Malgorzata, Edlund Viveka och Marianne Leffler M.,1996 \u201cForskning p\u00e5g\u00e5r \u2013 fyra artiklar om styrning i offentlig f\u00f6rvaltning\u201c<\/a><\/p>\n<p><img decoding=\"async\" title=\"pdf.png\" src=\"https:\/\/www.kfi.se\/wp-content\/uploads\/2018\/01\/pdf.png\" alt=\"pdf.png\" \/> <a href=\"http:\/\/www.kfi.se\/wp-content\/uploads\/2016\/08\/036.pdf\" target=\"_blank\" rel=\"noopener noreferrer\">36. K\u00e4llstr\u00f6m Anders och Rolf Solli, 1995 \u201cKommundirekt\u00f6ren. Vardagen och teorin\u201c<\/a><\/p>\n<p><img decoding=\"async\" title=\"pdf.png\" src=\"https:\/\/www.kfi.se\/wp-content\/uploads\/2018\/01\/pdf.png\" alt=\"pdf.png\" \/> <a href=\"http:\/\/www.kfi.se\/wp-content\/uploads\/2016\/08\/035.pdf\" target=\"_blank\" rel=\"noopener noreferrer\">35. Jensen Christian, 1995 &#8221;Kommun- och riksdagspolitikers syn p\u00e5 relationen dem emellan eller \u2018N\u00e4r krubban \u00e4r tom d\u00e5 bits h\u00e4starna\u2019&#8221;<\/a><\/p>\n<p><img decoding=\"async\" title=\"pdf.png\" src=\"https:\/\/www.kfi.se\/wp-content\/uploads\/2018\/01\/pdf.png\" alt=\"pdf.png\" \/> <a href=\"http:\/\/www.kfi.se\/wp-content\/uploads\/2016\/08\/034.pdf\" target=\"_blank\" rel=\"noopener noreferrer\">34. Brorstr\u00f6m Bj\u00f6rn, 1995 \u201cEffektiv organisation? Verksamhetsf\u00f6retr\u00e4dares uppfattningar om styrning och styrningens effekter. En studie av Bohusmodellen.\u201c<\/a><\/p>\n<p><img decoding=\"async\" title=\"pdf.png\" src=\"https:\/\/www.kfi.se\/wp-content\/uploads\/2018\/01\/pdf.png\" alt=\"pdf.png\" \/> <a href=\"http:\/\/www.kfi.se\/wp-content\/uploads\/2016\/08\/033.pdf\" target=\"_blank\" rel=\"noopener noreferrer\">33. Bengtsson Ulla, Brorstr\u00f6m Bj\u00f6rn och Hans Petersson, 1995 \u201dFinansiell redovisning och pensions\u00e5tagandets redovisningsm\u00e4ssiga hantering i kommuner och landsting\u201c<\/a><\/p>\n<p><img decoding=\"async\" title=\"pdf.png\" src=\"https:\/\/www.kfi.se\/wp-content\/uploads\/2018\/01\/pdf.png\" alt=\"pdf.png\" \/> <a href=\"http:\/\/www.kfi.se\/wp-content\/uploads\/2016\/08\/032.pdf\" target=\"_blank\" rel=\"noopener noreferrer\">32. Cwejman Malgorzata och Viveka Edlund, 1995 \u201dInformation och informationssystem inom sjukv\u00e5rden. En anv\u00e4ndarstudie inom Bohuslandstinget\u201d<\/a><\/p>\n<p><img decoding=\"async\" title=\"pdf.png\" src=\"https:\/\/www.kfi.se\/wp-content\/uploads\/2018\/01\/pdf.png\" alt=\"pdf.png\" \/> <a href=\"http:\/\/www.kfi.se\/wp-content\/uploads\/2016\/08\/031.pdf\" target=\"_blank\" rel=\"noopener noreferrer\">31. Johansson Staffan, 1995 \u201dVerksamhetsbed\u00f6mning i mjuka organisationer. Om kommunala ledares verksamhetsinformation och f\u00f6rs\u00f6k att finna m\u00e5tt p\u00e5 effektivitet inom social service\u201d<\/a><\/p>\n<p><img decoding=\"async\" title=\"pdf.png\" src=\"https:\/\/www.kfi.se\/wp-content\/uploads\/2018\/01\/pdf.png\" alt=\"pdf.png\" \/> <a href=\"http:\/\/www.kfi.se\/wp-content\/uploads\/2016\/08\/030.pdf\" target=\"_blank\" rel=\"noopener noreferrer\">30. Brorstr\u00f6m Bj\u00f6rn, Fihn Glenn, Olsson H\u00e5kan och Hans Petersson, 1995 \u201dFinansiell bed\u00f6mning och \u00e5rsredovisningsinformation \u2013 En studie i fyra kommuner av beslutsfattares syns\u00e4tt och tillv\u00e4gag\u00e5ngss\u00e4tt\u201d<\/a><\/p>\n<p><img decoding=\"async\" title=\"pdf.png\" src=\"https:\/\/www.kfi.se\/wp-content\/uploads\/2018\/01\/pdf.png\" alt=\"pdf.png\" \/> <a href=\"http:\/\/www.kfi.se\/wp-content\/uploads\/2016\/08\/029.pdf\" target=\"_blank\" rel=\"noopener noreferrer\">29. Fihn Glenn, 1995 \u201dF\u00f6r\u00e4ndring av kommunal redovisning under 1980-talet\u201d<\/a><\/p>\n<p><img decoding=\"async\" title=\"pdf.png\" src=\"https:\/\/www.kfi.se\/wp-content\/uploads\/2018\/01\/pdf.png\" alt=\"pdf.png\" \/> <a href=\"http:\/\/www.kfi.se\/wp-content\/uploads\/2016\/08\/028.pdf\" target=\"_blank\" rel=\"noopener noreferrer\">28. Brorstr\u00f6m Bj\u00f6rn och Christian Jensen, 1994 \u201dDecentralisering och ekonomi\u201d<\/a><\/p>\n<p><img decoding=\"async\" title=\"pdf.png\" src=\"https:\/\/www.kfi.se\/wp-content\/uploads\/2018\/01\/pdf.png\" alt=\"pdf.png\" \/> <a href=\"http:\/\/www.kfi.se\/wp-content\/uploads\/2016\/08\/027.pdf\" target=\"_blank\" rel=\"noopener noreferrer\">27. Skottsberg Berit och Svante Leijon, 1994 \u201dAtt utvecklas i enlighet med sina f\u00f6ruts\u00e4ttningar \u2013 en studie av omsorgsarbetets utveckling fr\u00e5n institution till \u00f6ppna livsformer\u201d<\/a><\/p>\n<p><img decoding=\"async\" title=\"pdf.png\" src=\"https:\/\/www.kfi.se\/wp-content\/uploads\/2018\/01\/pdf.png\" alt=\"pdf.png\" \/> <a href=\"http:\/\/www.kfi.se\/wp-content\/uploads\/2016\/08\/026.pdf\" target=\"_blank\" rel=\"noopener noreferrer\">26. Brorstr\u00f6m Bj\u00f6rn m.fl., 1994 \u201dEffektivitet och stadsdelsn\u00e4mnder. En studie av verksamhet, organisation och ekonomi i G\u00f6teborgs stad\u201d<\/a><\/p>\n<p><img decoding=\"async\" title=\"pdf.png\" src=\"https:\/\/www.kfi.se\/wp-content\/uploads\/2018\/01\/pdf.png\" alt=\"pdf.png\" \/> <a href=\"http:\/\/www.kfi.se\/wp-content\/uploads\/2016\/08\/025.pdf\" target=\"_blank\" rel=\"noopener noreferrer\">25. Fihn Glenn, 1994 \u201dDen dubbla bokf\u00f6ringen, dess ursprung och Luca Pacioli\u201d<\/a><\/p>\n<p><img decoding=\"async\" title=\"pdf.png\" src=\"https:\/\/www.kfi.se\/wp-content\/uploads\/2018\/01\/pdf.png\" alt=\"pdf.png\" \/> <a href=\"http:\/\/www.kfi.se\/wp-content\/uploads\/2016\/08\/024.pdf\" target=\"_blank\" rel=\"noopener noreferrer\">24. Johansson Staffan och Rolf Solli, 1994 \u201dHur kunde det bli s\u00e5? En studie av ett l\u00e4rorikt och misslyckat investeringsprojekt i en kommun\u201d<\/a><\/p>\n<p><img decoding=\"async\" title=\"pdf.png\" src=\"https:\/\/www.kfi.se\/wp-content\/uploads\/2018\/01\/pdf.png\" alt=\"pdf.png\" \/> <a href=\"http:\/\/www.kfi.se\/wp-content\/uploads\/2016\/08\/023.pdf\" target=\"_blank\" rel=\"noopener noreferrer\">23. Brorstr\u00f6m Bj\u00f6rn och Viveka Edlund, 1993 \u201dEkonomistyrningens effekter \u2013 tio ekonomichefer om sina modeller\u201d<\/a><\/p>\n<p><img decoding=\"async\" title=\"pdf.png\" src=\"https:\/\/www.kfi.se\/wp-content\/uploads\/2018\/01\/pdf.png\" alt=\"pdf.png\" \/> <a href=\"http:\/\/www.kfi.se\/wp-content\/uploads\/2016\/08\/022.pdf\" target=\"_blank\" rel=\"noopener noreferrer\">22. Leijon Svante m.fl., 1993 \u201dGod kommunal organisation \u2013 Lyssning, Tolkning, Handling\u201d<\/a><\/p>\n<p><img decoding=\"async\" title=\"pdf.png\" src=\"https:\/\/www.kfi.se\/wp-content\/uploads\/2018\/01\/pdf.png\" alt=\"pdf.png\" \/> <a href=\"http:\/\/www.kfi.se\/wp-content\/uploads\/2016\/08\/021.pdf\" target=\"_blank\" rel=\"noopener noreferrer\">21. Brorstr\u00f6m Bj\u00f6rn, 1993 \u201dGod ekonomi \u2013 om bed\u00f6mning av kommunernas och landstingens ekonomi\u201d<\/a><\/p>\n<p><img decoding=\"async\" title=\"pdf.png\" src=\"https:\/\/www.kfi.se\/wp-content\/uploads\/2018\/01\/pdf.png\" alt=\"pdf.png\" \/> <a href=\"http:\/\/www.kfi.se\/wp-content\/uploads\/2016\/08\/020.pdf\" target=\"_blank\" rel=\"noopener noreferrer\">20. Jensen Christian, 1993 \u201dAkt\u00f6rers f\u00f6rest\u00e4llningsramar om kommunal organisering stadd i f\u00f6r\u00e4ndring\u201d<\/a><\/p>\n<p><img decoding=\"async\" title=\"pdf.png\" src=\"https:\/\/www.kfi.se\/wp-content\/uploads\/2018\/01\/pdf.png\" alt=\"pdf.png\" \/> <a href=\"http:\/\/www.kfi.se\/wp-content\/uploads\/2016\/08\/019.pdf\" target=\"_blank\" rel=\"noopener noreferrer\">19. Leijon Svante, 1993 \u201dAtt v\u00e4lja kommunens organisationsform \u2013 eller att verka i det komplicerade samspelet mellan omv\u00e4rld, intern f\u00f6ruts\u00e4ttningar, verksamhetsambitioner och begr\u00e4nsade resurser\u201d<\/a><\/p>\n<p><img decoding=\"async\" title=\"pdf.png\" src=\"https:\/\/www.kfi.se\/wp-content\/uploads\/2018\/01\/pdf.png\" alt=\"pdf.png\" \/> <a href=\"http:\/\/www.kfi.se\/wp-content\/uploads\/2016\/08\/018.pdf\" target=\"_blank\" rel=\"noopener noreferrer\">18. Brorstr\u00f6m Bj\u00f6rn och Viveka Edlund, 1993 \u201dEkonomistyrning i teori och praktik \u2013 ideal och effekter\u201d<\/a><\/p>\n<p><img decoding=\"async\" title=\"pdf.png\" src=\"https:\/\/www.kfi.se\/wp-content\/uploads\/2018\/01\/pdf.png\" alt=\"pdf.png\" \/> <a href=\"http:\/\/www.kfi.se\/wp-content\/uploads\/2016\/08\/017.pdf\" target=\"_blank\" rel=\"noopener noreferrer\">17. Johansson Inga-Lill och Ewa Wikstr\u00f6m, 1992 \u201dEngagemanget \u2013 organisationens livsande? En studie av den enskilda m\u00e4nniskans engagemang i kommunal verksamhet\u201d<\/a><\/p>\n<p><img decoding=\"async\" title=\"pdf.png\" src=\"https:\/\/www.kfi.se\/wp-content\/uploads\/2018\/01\/pdf.png\" alt=\"pdf.png\" \/> <a href=\"http:\/\/www.kfi.se\/wp-content\/uploads\/2016\/08\/016.pdf\" target=\"_blank\" rel=\"noopener noreferrer\">16. J\u00f6nsson Sten och Rolf Solli, 1992 \u201dStadsdelscheferna i G\u00f6teborg och reformen. Erfarenheter 1990-91\u201d<\/a><\/p>\n<p><img decoding=\"async\" title=\"pdf.png\" src=\"https:\/\/www.kfi.se\/wp-content\/uploads\/2018\/01\/pdf.png\" alt=\"pdf.png\" \/> <a href=\"http:\/\/www.kfi.se\/wp-content\/uploads\/2016\/08\/015.pdf\" target=\"_blank\" rel=\"noopener noreferrer\">15. Wise Lois R., 1992 &#8221;Transitions in Local Government Pay Administration&#8221;<\/a><\/p>\n<p><img decoding=\"async\" title=\"pdf.png\" src=\"https:\/\/www.kfi.se\/wp-content\/uploads\/2018\/01\/pdf.png\" alt=\"pdf.png\" \/> <a href=\"http:\/\/www.kfi.se\/wp-content\/uploads\/2016\/08\/014.pdf\" target=\"_blank\" rel=\"noopener noreferrer\">14. Brorstr\u00f6m Bj\u00f6rn och Rolf Solli, 1992 &#8221;Ekonomi i en kommun. &#8211; Ett praktikfall om styrning och information&#8221;<\/a><\/p>\n<p><img decoding=\"async\" title=\"pdf.png\" src=\"https:\/\/www.kfi.se\/wp-content\/uploads\/2018\/01\/pdf.png\" alt=\"pdf.png\" \/> <a href=\"http:\/\/www.kfi.se\/wp-content\/uploads\/2016\/08\/013.pdf\" target=\"_blank\" rel=\"noopener noreferrer\">13. Bengtsson Ulla och Bj\u00f6rn Brorstr\u00f6m, 1992 &#8221;Redovisning av f\u00f6r\u00e4ndring och motst\u00e5ndskraft. &#8211; ett resonermang kring den finansiella redovisningens uppgift.<\/a><\/p>\n<p><img decoding=\"async\" title=\"pdf.png\" src=\"https:\/\/www.kfi.se\/wp-content\/uploads\/2018\/01\/pdf.png\" alt=\"pdf.png\" \/> <a href=\"http:\/\/www.kfi.se\/wp-content\/uploads\/2016\/08\/012.pdf\" target=\"_blank\" rel=\"noopener noreferrer\">12. Nor\u00e9n Lars, 1991 &#8221;Mot behovsstyrning av kommunal f\u00f6rvaltning. En organisationsteoretisk analys av ett praktikfall&#8221;<\/a><\/p>\n<p><img decoding=\"async\" title=\"pdf.png\" src=\"https:\/\/www.kfi.se\/wp-content\/uploads\/2018\/01\/pdf.png\" alt=\"pdf.png\" \/> <a href=\"http:\/\/www.kfi.se\/wp-content\/uploads\/2016\/08\/011.pdf\" target=\"_blank\" rel=\"noopener noreferrer\">11. Brorstr\u00f6m Bj\u00f6rn, 1991 &#8221;Ekonomi f\u00f6r beslutsfattare. Den finansiella analysens uppgift, inneh\u00e5ll och utformning&#8221;<\/a><\/p>\n<p><img decoding=\"async\" title=\"pdf.png\" src=\"https:\/\/www.kfi.se\/wp-content\/uploads\/2018\/01\/pdf.png\" alt=\"pdf.png\" \/> <a href=\"http:\/\/www.kfi.se\/wp-content\/uploads\/2016\/08\/010.pdf\" target=\"_blank\" rel=\"noopener noreferrer\">10. Jansson Lennart, 1991 &#8221;Ekonomrollen i f\u00f6r\u00e4ndring. Ekonomistyrfunktionen i kommuner och landsting&#8221;<\/a><\/p>\n<p><img decoding=\"async\" title=\"pdf.png\" src=\"https:\/\/www.kfi.se\/wp-content\/uploads\/2018\/01\/pdf.png\" alt=\"pdf.png\" \/> <a href=\"http:\/\/www.kfi.se\/wp-content\/uploads\/2016\/08\/009.pdf\" target=\"_blank\" rel=\"noopener noreferrer\">9. Johansson Inga-Lill, Svante Leijon, Lennart Nilsson och Bo Westerlund, 1991 &#8221;God kommunal organisation. KFi:s forskningsprogram.&#8221;<\/a><\/p>\n<p><img decoding=\"async\" title=\"pdf.png\" src=\"https:\/\/www.kfi.se\/wp-content\/uploads\/2018\/01\/pdf.png\" alt=\"pdf.png\" \/> <a href=\"http:\/\/www.kfi.se\/wp-content\/uploads\/2016\/08\/008.pdf\" target=\"_blank\" rel=\"noopener noreferrer\">8. Brorstr\u00f6m Bj\u00f6rn, 1991 &#8221;God ekonomi i kommuner och landsting&#8221;<\/a><\/p>\n<p><img decoding=\"async\" title=\"pdf.png\" src=\"https:\/\/www.kfi.se\/wp-content\/uploads\/2018\/01\/pdf.png\" alt=\"pdf.png\" \/> <a href=\"http:\/\/www.kfi.se\/wp-content\/uploads\/2016\/08\/007.pdf\" target=\"_blank\" rel=\"noopener noreferrer\">7. Brorstr\u00f6m Bj\u00f6rn, 1990 &#8221;Mot decentralisering och integrering. &#8211; Process och resultat&#8221;<\/a><\/p>\n<p><img decoding=\"async\" title=\"pdf.png\" src=\"https:\/\/www.kfi.se\/wp-content\/uploads\/2018\/01\/pdf.png\" alt=\"pdf.png\" \/> <a href=\"http:\/\/www.kfi.se\/wp-content\/uploads\/2016\/08\/006.pdf\" target=\"_blank\" rel=\"noopener noreferrer\">6. J\u00f6nsson Sten, 1990 &#8221;Stadsdelschefernas f\u00f6rv\u00e4ntningar. &#8211; Resultat av intervjuer med G\u00f6teborgs 21 stadsdelschefer inf\u00f6r genomf\u00f6randet av stadsdelsn\u00e4mndsreformen&#8221;<\/a><\/p>\n<p><img decoding=\"async\" title=\"pdf.png\" src=\"https:\/\/www.kfi.se\/wp-content\/uploads\/2018\/01\/pdf.png\" alt=\"pdf.png\" \/> <a href=\"http:\/\/www.kfi.se\/wp-content\/uploads\/2016\/08\/005.pdf\" target=\"_blank\" rel=\"noopener noreferrer\">5. Brorstr\u00f6m Bj\u00f6rn, 1990 &#8221;Redovisning. -En id\u00e9skrift kring externredovisning, finansiell analys och ekonomistyrning&#8221;<\/a><\/p>\n<p><img decoding=\"async\" title=\"pdf.png\" src=\"https:\/\/www.kfi.se\/wp-content\/uploads\/2018\/01\/pdf.png\" alt=\"pdf.png\" \/> <a href=\"http:\/\/www.kfi.se\/wp-content\/uploads\/2016\/08\/004.pdf\" target=\"_blank\" rel=\"noopener noreferrer\">4. Brorstr\u00f6m Bj\u00f6rn, 1990 &#8221;Effektivitet. -Syns\u00e4tt, begrepp och modell&#8221;<\/a><\/p>\n<p><img decoding=\"async\" title=\"pdf.png\" src=\"https:\/\/www.kfi.se\/wp-content\/uploads\/2018\/01\/pdf.png\" alt=\"pdf.png\" \/> <a href=\"http:\/\/www.kfi.se\/wp-content\/uploads\/2016\/08\/003.pdf\" target=\"_blank\" rel=\"noopener noreferrer\">3. Johansson Staffan, 1990 &#8221;Uppf\u00f6ljning av KF\/LF-86. Kommunernas och landstingens bufget- och redovisningsmodell&#8221;<\/a><\/p>\n<p><img decoding=\"async\" title=\"pdf.png\" src=\"https:\/\/www.kfi.se\/wp-content\/uploads\/2018\/01\/pdf.png\" alt=\"pdf.png\" \/> <a href=\"http:\/\/www.kfi.se\/wp-content\/uploads\/2016\/08\/002.pdf\" target=\"_blank\" rel=\"noopener noreferrer\">2. Solli Rolf, 1988 &#8221;Ekonomi f\u00f6r dem som g\u00f6r n\u00e5got. &#8211; Om ekonomiinformation f\u00f6r verksamhetsansvariga&#8221;<\/a><\/p>\n<p><img decoding=\"async\" src=\"https:\/\/www.kfi.se\/wp-content\/uploads\/2018\/01\/pdf.png\" alt=\"pdf.png\" \/> <a href=\"http:\/\/www.kfi.se\/wp-content\/uploads\/2017\/04\/001.pdf\" target=\"_blank\" rel=\"noopener noreferrer\">1. Brorstr\u00f6m Bj\u00f6rn, 1988 &#8221;Forskning kring kommunal ekonomi och organisation. &#8211; N\u00e5gra slutsatser och metodm\u00e4ssiga reflektioner&#8221;<\/a><\/p>\n<p>&nbsp;<\/p>\n<p>F\u00f6r mer information om KFi kontakta g\u00e4rna:<\/p>\n<p><a href=\"http:\/\/www.kfi.se\/wp-index.php\/kontakt\/viveka-nilsson\/\">Viveka Nilsson<\/a><\/p>\n<p>Administrationsansvarig KFi.<\/p>\n<p>&nbsp;<\/p>\n","protected":false},"excerpt":{"rendered":"<p>&nbsp;<\/p>\n","protected":false},"author":3,"featured_media":0,"parent":24,"menu_order":0,"comment_status":"closed","ping_status":"closed","template":"","meta":{"footnotes":""},"class_list":["post-496","page","type-page","status-publish","hentry"],"_links":{"self":[{"href":"https:\/\/www.kfi.se\/wp-index.php\/wp-json\/wp\/v2\/pages\/496"}],"collection":[{"href":"https:\/\/www.kfi.se\/wp-index.php\/wp-json\/wp\/v2\/pages"}],"about":[{"href":"https:\/\/www.kfi.se\/wp-index.php\/wp-json\/wp\/v2\/types\/page"}],"author":[{"embeddable":true,"href":"https:\/\/www.kfi.se\/wp-index.php\/wp-json\/wp\/v2\/users\/3"}],"replies":[{"embeddable":true,"href":"https:\/\/www.kfi.se\/wp-index.php\/wp-json\/wp\/v2\/comments?post=496"}],"version-history":[{"count":156,"href":"https:\/\/www.kfi.se\/wp-index.php\/wp-json\/wp\/v2\/pages\/496\/revisions"}],"predecessor-version":[{"id":7018,"href":"https:\/\/www.kfi.se\/wp-index.php\/wp-json\/wp\/v2\/pages\/496\/revisions\/7018"}],"up":[{"embeddable":true,"href":"https:\/\/www.kfi.se\/wp-index.php\/wp-json\/wp\/v2\/pages\/24"}],"wp:attachment":[{"href":"https:\/\/www.kfi.se\/wp-index.php\/wp-json\/wp\/v2\/media?parent=496"}],"curies":[{"name":"wp","href":"https:\/\/api.w.org\/{rel}","templated":true}]}}