{"id":510,"date":"2016-08-30T16:21:14","date_gmt":"2016-08-30T14:21:14","guid":{"rendered":"http:\/\/www.kfi.se\/wp-index.php\/?page_id=510"},"modified":"2025-12-21T18:16:26","modified_gmt":"2025-12-21T17:16:26","slug":"kfi-u-rapporter","status":"publish","type":"page","link":"https:\/\/www.kfi.se\/wp-index.php\/publikationer\/kfi-u-rapporter\/","title":{"rendered":"U-rapporter"},"content":{"rendered":"<p>(U-serien &#8211; utredning, utveckling och utbildning.)<\/p>\n<p>De senaste rapporterna finns som <img decoding=\"async\" title=\"pdf.png\" src=\"https:\/\/www.kfi.se\/wp-content\/uploads\/2018\/01\/pdf.png\" alt=\"pdf.png\" \/> PDF-fil &#8211; klicka p\u00e5 respektive rapport.<\/p>\n<p><a href=\"https:\/\/www.kfi.se\/wp-content\/uploads\/2025\/12\/U-rapport-119.pdf\" target=\"_blank\" rel=\"noopener\"><img decoding=\"async\" title=\"pdf.png\" src=\"https:\/\/www.kfi.se\/wp-content\/uploads\/2018\/01\/pdf.png\" alt=\"pdf.png\" \/> 119. Gustaf Kastberg Weichselberger och Mikael L\u00f6fstr\u00f6m 2025. &#8221;Utv\u00e4rdering av Alings\u00e5s kommuns politiska organisation&#8221;\u00a0<\/a><\/p>\n<p><a href=\"https:\/\/www.kfi.se\/wp-content\/uploads\/2024\/10\/U-rapport-118.pdf\" target=\"_blank\" rel=\"noopener\"><img decoding=\"async\" title=\"pdf.png\" src=\"https:\/\/www.kfi.se\/wp-content\/uploads\/2018\/01\/pdf.png\" alt=\"pdf.png\" \/> 118. Gustaf Kastberg Weichselberger och Sofia Rosvall 2024. &#8221;En robust modell: om resursf\u00f6rdelning i Bor\u00e5s Stad&#8221;<\/a><\/p>\n<p><a href=\"https:\/\/www.kfi.se\/wp-content\/uploads\/2023\/06\/U-rapport-117.pdf\" target=\"_blank\" rel=\"noopener\"><img decoding=\"async\" title=\"pdf.png\" src=\"https:\/\/www.kfi.se\/wp-content\/uploads\/2018\/01\/pdf.png\" alt=\"pdf.png\" \/> 117. Bj\u00f6rn Brorstr\u00f6m 2023. &#8221;Tillitsbaserad styrning och ledning &#8211; en kommentar till ett samtal och till state of the art&#8221;<\/a><\/p>\n<p><a href=\"https:\/\/www.kfi.se\/wp-content\/uploads\/2023\/04\/U-rapport-116.pdf\" target=\"_blank\" rel=\"noopener\"><img decoding=\"async\" title=\"pdf.png\" src=\"https:\/\/www.kfi.se\/wp-content\/uploads\/2018\/01\/pdf.png\" alt=\"pdf.png\" \/> 116. Bj\u00f6rn Brorstr\u00f6m 2023. &#8221;Styrning och samverkan &#8211; Ett inl\u00e4gg om vertikala relationer inom samh\u00e4llsorganisationen&#8221;<\/a><\/p>\n<p><a href=\"https:\/\/www.kfi.se\/wp-content\/uploads\/2023\/04\/U-rapport_nr_115.pdf\" target=\"_blank\" rel=\"noopener\"><img decoding=\"async\" title=\"pdf.png\" src=\"https:\/\/www.kfi.se\/wp-content\/uploads\/2018\/01\/pdf.png\" alt=\"pdf.png\" \/> 115. Cristian Lagstr\u00f6m och Gustaf Kastberg Weichselberger 2023. &#8221;1177 p\u00e5 telefon i V\u00e4stra G\u00f6talandsregionen. &#8211; En studie om effektivitet, v\u00e5rdgrannar och konkurrerande v\u00e4rden&#8221;<\/a><\/p>\n<p><a href=\"https:\/\/www.kfi.se\/wp-content\/uploads\/2023\/03\/U-rapport-114.pdf\" target=\"_blank\" rel=\"noopener\"><img decoding=\"async\" title=\"pdf.png\" src=\"https:\/\/www.kfi.se\/wp-content\/uploads\/2018\/01\/pdf.png\" alt=\"pdf.png\" \/> 114. Hans Petersson 2023. &#8221;Budgetdokumentet &#8211; varierande dokument med f\u00f6rb\u00e4ttringspotential&#8221;<\/a><\/p>\n<p><a href=\"https:\/\/www.kfi.se\/wp-content\/uploads\/2022\/11\/U-rapport-113.pdf\" target=\"_blank\" rel=\"noopener\"><img decoding=\"async\" title=\"pdf.png\" src=\"https:\/\/www.kfi.se\/wp-content\/uploads\/2018\/01\/pdf.png\" alt=\"pdf.png\" \/> 113. Sanna Eklund, Christian Jensen, Bengt Johansson 2022. &#8221;Om att leverera uth\u00e5llighet &#8211; Lerums kommuns arbete med pandemin&#8221;<\/a><\/p>\n<p><a href=\"https:\/\/www.kfi.se\/wp-content\/uploads\/2022\/10\/U-rapport-112.pdf\" target=\"_blank\" rel=\"noopener\"><img decoding=\"async\" title=\"pdf.png\" src=\"https:\/\/www.kfi.se\/wp-content\/uploads\/2018\/01\/pdf.png\" alt=\"pdf.png\" \/> 112. Pierre Donatella, Gustaf Kastberg Weichselberger, Mikael L\u00f6fstr\u00f6m och Viveka Nilsson 2022. \u201dAlle man p\u00e5 d\u00e4ck&#8221; &#8211; Om Kung\u00e4lvs kommuns hantering av pandemin<\/a><\/p>\n<p><a href=\"https:\/\/www.kfi.se\/wp-content\/uploads\/2022\/05\/U-rapport-111.pdf\" target=\"_blank\" rel=\"noopener\"><img decoding=\"async\" title=\"pdf.png\" src=\"https:\/\/www.kfi.se\/wp-content\/uploads\/2018\/01\/pdf.png\" alt=\"pdf.png\" \/> 111. Bj\u00f6rn Brorstr\u00f6m 2022. \u201dCentrumbildningar vid universitet och h\u00f6gskolor &#8211; f\u00f6rekomst, f\u00f6rdelar och faror&#8221;<\/a><\/p>\n<p><a href=\"https:\/\/www.kfi.se\/wp-content\/uploads\/2022\/06\/U-rapport-110.pdf\" target=\"_blank\" rel=\"noopener\"><img decoding=\"async\" title=\"pdf.png\" src=\"https:\/\/www.kfi.se\/wp-content\/uploads\/2018\/01\/pdf.png\" alt=\"pdf.png\" \/> 110. Bj\u00f6rn Brorstr\u00f6m och Viveka Nilsson 2022. \u201dStruktur, improvisation och gott omd\u00f6me. &#8211; H\u00e4rryda kommuns hantering av konsekvenserna av coronapandemin&#8221;<\/a><\/p>\n<p><a href=\"https:\/\/www.kfi.se\/wp-content\/uploads\/2022\/04\/U-rapport-109.pdf\" target=\"_blank\" rel=\"noopener\"><img decoding=\"async\" title=\"pdf.png\" src=\"https:\/\/www.kfi.se\/wp-content\/uploads\/2018\/01\/pdf.png\" alt=\"pdf.png\" \/> 109. Gustaf Kastberg Weichselberger, Bj\u00f6rn Brorstr\u00f6m, Caroline Lepp\u00e4nen och Sanna Eklund 2022. \u201dH\u00e5ll i, h\u00e5ll ut!\u201d Om Trollh\u00e4ttans Stads hantering av pandemin<\/a><\/p>\n<p><a href=\"https:\/\/www.kfi.se\/wp-content\/uploads\/2022\/04\/U-rapport_nr_108_senaste.pdf\" target=\"_blank\" rel=\"noopener\"><img decoding=\"async\" title=\"pdf.png\" src=\"https:\/\/www.kfi.se\/wp-content\/uploads\/2018\/01\/pdf.png\" alt=\"pdf.png\" \/> 108. Bj\u00f6rn Brorstr\u00f6m och Birgitta P\u00e5hlsson 2022. &#8221;H\u00e5llbara l\u00e4ros\u00e4ten &#8211; medel och m\u00e5l&#8221;<\/a><\/p>\n<p><a href=\"https:\/\/www.kfi.se\/wp-content\/uploads\/2021\/11\/U-rapport-107.pdf\" target=\"_blank\" rel=\"noopener\"><img decoding=\"async\" title=\"pdf.png\" src=\"https:\/\/www.kfi.se\/wp-content\/uploads\/2018\/01\/pdf.png\" alt=\"pdf.png\" \/> 107. Christian Jensen, Caroline Lepp\u00e4nen, Mikael L\u00f6fstr\u00f6m och Gustaf Kastberg Weichselberger 2021. &#8221;Decentraliserad krisorganisering &#8211; En studie av Bor\u00e5s Stads hantering av pandemin&#8221;<\/a><\/p>\n<p><a href=\"https:\/\/www.kfi.se\/wp-content\/uploads\/2021\/10\/U-rapport-106.pdf\" target=\"_blank\" rel=\"noopener\"><img decoding=\"async\" title=\"pdf.png\" src=\"https:\/\/www.kfi.se\/wp-content\/uploads\/2018\/01\/pdf.png\" alt=\"pdf.png\" \/> 106. Bj\u00f6rn Brorstr\u00f6m 2021. &#8221;Universitetsbibliotek i f\u00f6r\u00e4ndring&#8221;<\/a><\/p>\n<p><a href=\"https:\/\/www.kfi.se\/wp-content\/uploads\/2021\/10\/U-rapport-105.pdf\" target=\"_blank\" rel=\"noopener\"><img decoding=\"async\" title=\"pdf.png\" src=\"https:\/\/www.kfi.se\/wp-content\/uploads\/2018\/01\/pdf.png\" alt=\"pdf.png\" \/> 105. Jessica Algehed, Christan Jensen, Bengt Johansson och Caroline Lepp\u00e4nen 2021. &#8221;Utv\u00e4rdering av M\u00f6lndals stads hantering av Covid-19-pandemin&#8221;<\/a><\/p>\n<p><a href=\"https:\/\/www.kfi.se\/wp-content\/uploads\/2021\/08\/U-rapport-104.pdf\" target=\"_blank\" rel=\"noopener\"><img decoding=\"async\" title=\"pdf.png\" src=\"https:\/\/www.kfi.se\/wp-content\/uploads\/2018\/01\/pdf.png\" alt=\"pdf.png\" \/> 104. Jessica Algehed, Christan Jensen, Mikael L\u00f6fstr\u00f6m och Caroline Lepp\u00e4nen 2021. &#8221;Utv\u00e4rdering av Stenungsunds kommuns hantering av Covid-19-pandemin&#8221;<\/a><\/p>\n<p><a href=\"https:\/\/www.kfi.se\/wp-content\/uploads\/2021\/06\/U-rapport-103.pdf\" target=\"_blank\" rel=\"noopener\"><img decoding=\"async\" title=\"pdf.png\" src=\"https:\/\/www.kfi.se\/wp-content\/uploads\/2018\/01\/pdf.png\" alt=\"pdf.png\" \/> 103. Jessica Algehed och Bj\u00f6rn Brorstr\u00f6m. Under medverkan av Viveka Nilsson 2021. &#8221;Den mindre kommunen visar vad den kan. Tanums kommuns hantering av coronapandemin&#8221;<\/a><\/p>\n<p><a href=\"https:\/\/www.kfi.se\/wp-content\/uploads\/2021\/03\/U-rapport-102.pdf\" target=\"_blank\" rel=\"noopener noreferrer\"><img decoding=\"async\" title=\"pdf.png\" src=\"https:\/\/www.kfi.se\/wp-content\/uploads\/2018\/01\/pdf.png\" alt=\"pdf.png\" \/> 102. Bj\u00f6rn Brorstr\u00f6m och Birgitta P\u00e5hlsson 2021. &#8221;Den h\u00e5llbara h\u00f6gskolan och H\u00f6gskolan V\u00e4st&#8221;<\/a><\/p>\n<p><a href=\"http:\/\/www.kfi.se\/wp-content\/uploads\/2019\/03\/101.pdf\" target=\"_blank\" rel=\"noopener noreferrer\"><img decoding=\"async\" title=\"pdf.png\" src=\"https:\/\/www.kfi.se\/wp-content\/uploads\/2018\/01\/pdf.png\" alt=\"pdf.png\" \/> 101. Gustaf Kastberg och Cristian Lagstr\u00f6m 2019. &#8221;Sociala investeringar \u2013 en uppf\u00f6ljning av relationer&#8221;<\/a><\/p>\n<p><a href=\"http:\/\/www.kfi.se\/wp-content\/uploads\/2018\/04\/U100.pdf\" target=\"_blank\" rel=\"noopener noreferrer\"><img decoding=\"async\" title=\"pdf.png\" src=\"https:\/\/www.kfi.se\/wp-content\/uploads\/2018\/01\/pdf.png\" alt=\"pdf.png\" \/>\u00a0100. Gustaf Kastberg, Isabell Meltzer och Viveka Nilsson 2018. &#8221;Samarbete genom gemensam n\u00e4mnd &#8211; verksamhetsst\u00f6djande funktioner i V\u00e5rg\u00e5rda och Herrljunga&#8221;<\/a><\/p>\n<p><img decoding=\"async\" title=\"pdf.png\" src=\"https:\/\/www.kfi.se\/wp-content\/uploads\/2018\/01\/pdf.png\" alt=\"pdf.png\" \/> <a href=\"http:\/\/www.kfi.se\/wp-content\/uploads\/2016\/08\/U099.pdf\" target=\"_blank\" rel=\"noopener noreferrer\">99. Gustaf Kastberg och Cristian Lagstr\u00f6m 2016. &#8221;Nyckeltal, balans och dialog. -En studie av styrning och nyckeltal i F\u00f6rskola &amp; Grundskola i Kungsbacka kommun&#8221;<\/a><\/p>\n<p><img decoding=\"async\" title=\"pdf.png\" src=\"https:\/\/www.kfi.se\/wp-content\/uploads\/2018\/01\/pdf.png\" alt=\"pdf.png\" \/> <a href=\"http:\/\/www.kfi.se\/wp-content\/uploads\/2016\/08\/U098.pdf\" target=\"_blank\" rel=\"noopener noreferrer\">98. Helena \u00d6fverstr\u00f6m 2013. &#8221;F\u00f6ruts\u00e4ttningar f\u00f6r f\u00f6rdjupad samverkan. Samordningsf\u00f6rbundet Bengtsfors, \u00c5m\u00e5l, Dals-Ed, S\u00e4ffle, \u00c5rg\u00e4ng&#8221;<\/a><\/p>\n<p><img decoding=\"async\" title=\"pdf.png\" src=\"https:\/\/www.kfi.se\/wp-content\/uploads\/2018\/01\/pdf.png\" alt=\"pdf.png\" \/> <a href=\"http:\/\/www.kfi.se\/wp-content\/uploads\/2016\/08\/U097.pdf\" target=\"_blank\" rel=\"noopener noreferrer\">97. Viveka Nilsson 2013. &#8221;Tv\u00e5 \u00e5r med ny politisk organisation i V\u00e5rg\u00e5rda&#8221;<\/a><\/p>\n<p><img decoding=\"async\" title=\"pdf.png\" src=\"https:\/\/www.kfi.se\/wp-content\/uploads\/2018\/01\/pdf.png\" alt=\"pdf.png\" \/> <a href=\"http:\/\/www.kfi.se\/wp-content\/uploads\/2016\/08\/U096.pdf\" target=\"_blank\" rel=\"noopener noreferrer\">96. Viveka Nilsson 2013. &#8221;Tv\u00e5 \u00e5r med ny politisk organisation i M\u00f6rbyl\u00e5nga&#8221;<\/a><\/p>\n<p><img decoding=\"async\" title=\"pdf.png\" src=\"https:\/\/www.kfi.se\/wp-content\/uploads\/2018\/01\/pdf.png\" alt=\"pdf.png\" \/> <a href=\"http:\/\/www.kfi.se\/wp-content\/uploads\/2016\/08\/U095.pdf\" target=\"_blank\" rel=\"noopener noreferrer\">95. Viveka Nilsson 2012. &#8221;Utv\u00e4rdering av Lerums omv\u00e4rldsrapport&#8221;<\/a><\/p>\n<p><a href=\"http:\/\/www.kfi.se\/wp-content\/uploads\/2016\/08\/U094.pdf\" target=\"_blank\" rel=\"noopener noreferrer\">\u200b<img decoding=\"async\" title=\"pdf.png\" src=\"https:\/\/www.kfi.se\/wp-content\/uploads\/2018\/01\/pdf.png\" alt=\"pdf.png\" \/>\u00a094 Viveka Nilsson 2012. &#8221;Ett \u00e5r med ny politisk organisation p\u00e5 Orust&#8221;<\/a><\/p>\n<p><a href=\"http:\/\/www.kfi.se\/wp-content\/uploads\/2016\/08\/U093.pdf\" target=\"_blank\" rel=\"noopener noreferrer\"><img decoding=\"async\" title=\"pdf.png\" src=\"https:\/\/www.kfi.se\/wp-content\/uploads\/2018\/01\/pdf.png\" alt=\"pdf.png\" \/>\u00a093 Bj\u00f6rn Brorstr\u00f6m, Viveka Nilsson och Rolf Solli 2009. &#8221;Tillbaka till vardagen &#8211; om Utbildning Silverdal&#8221;<\/a><\/p>\n<p><a href=\"http:\/\/www.kfi.se\/wp-content\/uploads\/2016\/08\/U092.pdf\" target=\"_blank\" rel=\"noopener noreferrer\"><img decoding=\"async\" title=\"pdf.png\" src=\"https:\/\/www.kfi.se\/wp-content\/uploads\/2018\/01\/pdf.png\" alt=\"pdf.png\" \/>\u00a092 Gustaf Kastberg 2009. &#8221;Resursf\u00f6rdelning inom barnomsorg och grundskola i Sollentuna kommun&#8221;<\/a><\/p>\n<p><a href=\"http:\/\/www.kfi.se\/wp-content\/uploads\/2016\/08\/U091.pdf\" target=\"_blank\" rel=\"noopener noreferrer\"><img decoding=\"async\" title=\"pdf.png\" src=\"https:\/\/www.kfi.se\/wp-content\/uploads\/2018\/01\/pdf.png\" alt=\"pdf.png\" \/>\u00a091 Sven Siverbo 2009. &#8221;Utv\u00e4rdering av kvalitetss\u00e4kerhetssystemet inom utbildningsverksamheten i Sollentuna kommun&#8221;<\/a><\/p>\n<p><a href=\"http:\/\/www.kfi.se\/wp-content\/uploads\/2016\/08\/U090.pdf\" target=\"_blank\" rel=\"noopener noreferrer\">\u200b<img decoding=\"async\" title=\"pdf.png\" src=\"https:\/\/www.kfi.se\/wp-content\/uploads\/2018\/01\/pdf.png\" alt=\"pdf.png\" \/>\u00a090 Pierre Donatella och Sven Siverbo 2009. &#8221;Regionala h\u00e4lsofr\u00e4mjande n\u00e4tverk. En processutv\u00e4rdering&#8221;<\/a><\/p>\n<p><a href=\"http:\/\/www.kfi.se\/wp-content\/uploads\/2016\/08\/U089.pdf\" target=\"_blank\" rel=\"noopener noreferrer\"><img decoding=\"async\" title=\"pdf.png\" src=\"https:\/\/www.kfi.se\/wp-content\/uploads\/2018\/01\/pdf.png\" alt=\"pdf.png\" \/>\u00a089 Pierre Donatella och Gustaf Kastberg 2009. &#8221;KSS i Kungsbacka kommun. Kejsarens nya kl\u00e4der eller den heliga graal?&#8221;<\/a><\/p>\n<p><a href=\"http:\/\/www.kfi.se\/wp-content\/uploads\/2016\/08\/U088.pdf\" target=\"_blank\" rel=\"noopener noreferrer\"><img decoding=\"async\" title=\"pdf.png\" src=\"https:\/\/www.kfi.se\/wp-content\/uploads\/2018\/01\/pdf.png\" alt=\"pdf.png\" \/>\u00a088 Pierre Donatella 2009. &#8221;M\u00e5l f\u00f6r en h\u00e5llbar utveckling. En utv\u00e4rdering av ekohandelsplanen i Halmstads kommun&#8221;<\/a><\/p>\n<p><a href=\"http:\/\/www.kfi.se\/wp-content\/uploads\/2016\/08\/U087.pdf\" target=\"_blank\" rel=\"noopener noreferrer\"><img decoding=\"async\" title=\"pdf.png\" src=\"https:\/\/www.kfi.se\/wp-content\/uploads\/2018\/01\/pdf.png\" alt=\"pdf.png\" \/>\u00a087 Marianne Leffler 2009. &#8221;Linjen f\u00f6r samverkan. Kreativ id\u00e9 med praktiska problem&#8221;<\/a><\/p>\n<p><a href=\"http:\/\/www.kfi.se\/wp-content\/uploads\/2016\/08\/U086.pdf\" target=\"_blank\" rel=\"noopener noreferrer\"><img decoding=\"async\" title=\"pdf.png\" src=\"https:\/\/www.kfi.se\/wp-content\/uploads\/2018\/01\/pdf.png\" alt=\"pdf.png\" \/>\u00a086 Bj\u00f6rn Brorstr\u00f6m, Pierre Donatella och Rolf Solli 2008. &#8221;RK-modellen. Verksamhetsbed\u00f6mning i princip och praktik&#8221;<\/a><\/p>\n<p><a href=\"http:\/\/www.kfi.se\/wp-content\/uploads\/2016\/08\/U085.pdf\" target=\"_blank\" rel=\"noopener noreferrer\"><img decoding=\"async\" title=\"pdf.png\" src=\"https:\/\/www.kfi.se\/wp-content\/uploads\/2018\/01\/pdf.png\" alt=\"pdf.png\" \/>\u00a085 Gustaf Kastberg och Tobias Johansson 2008. &#8221;Ekonomifunktioner i j\u00e4mf\u00f6relse.&#8221;<\/a><\/p>\n<p><a href=\"http:\/\/www.kfi.se\/wp-content\/uploads\/2016\/08\/U084.pdf\" target=\"_blank\" rel=\"noopener noreferrer\"><img decoding=\"async\" title=\"pdf.png\" src=\"https:\/\/www.kfi.se\/wp-content\/uploads\/2018\/01\/pdf.png\" alt=\"pdf.png\" \/>\u00a084 Anders Ottosson 2008. &#8221;Socialchefer, skolchefer och ingenmanslandet. Att historiskt n\u00e4rma sig problemet med mellanorganisering.&#8221;<\/a><\/p>\n<p><a href=\"http:\/\/www.kfi.se\/wp-content\/uploads\/2016\/08\/U083.pdf\" target=\"_blank\" rel=\"noopener noreferrer\"><img decoding=\"async\" title=\"pdf.png\" src=\"https:\/\/www.kfi.se\/wp-content\/uploads\/2018\/01\/pdf.png\" alt=\"pdf.png\" \/>\u00a083 Sven Siverbo 2008. &#8221;Utv\u00e4rdering av Tanums kommuns omorganisation av kultur- och fritidsverksamheten&#8221;<\/a><\/p>\n<p><a href=\"http:\/\/www.kfi.se\/wp-content\/uploads\/2016\/08\/U082.pdf\" target=\"_blank\" rel=\"noopener noreferrer\"><img decoding=\"async\" title=\"pdf.png\" src=\"https:\/\/www.kfi.se\/wp-content\/uploads\/2018\/01\/pdf.png\" alt=\"pdf.png\" \/>\u00a082 Pierre Donatella och Sven Siverbo 2008. &#8221;Ledningsarenor i kommuner och landsting&#8221;<\/a><\/p>\n<p><a href=\"http:\/\/www.kfi.se\/wp-content\/uploads\/2016\/08\/U081.pdf\" target=\"_blank\" rel=\"noopener noreferrer\"><img decoding=\"async\" title=\"pdf.png\" src=\"https:\/\/www.kfi.se\/wp-content\/uploads\/2018\/01\/pdf.png\" alt=\"pdf.png\" \/>\u00a081 Sven Siverbo och Gustaf Kastberg 2008. &#8221;Ett \u00e5r med ny politisk organisation&#8221;<\/a><\/p>\n<p><a href=\"http:\/\/www.kfi.se\/wp-content\/uploads\/2016\/08\/U080.pdf\" target=\"_blank\" rel=\"noopener noreferrer\"><img decoding=\"async\" title=\"pdf.png\" src=\"https:\/\/www.kfi.se\/wp-content\/uploads\/2018\/01\/pdf.png\" alt=\"pdf.png\" \/>\u00a080 Sara Brorstr\u00f6m, Pierre Donatella och Bj\u00f6rn Brorstr\u00f6m 2007. &#8221;Organisationsutveckling i H\u00f6gsby kommun. &#8211; en utv\u00e4rdering&#8221;<\/a><\/p>\n<p><a href=\"http:\/\/www.kfi.se\/wp-content\/uploads\/2016\/08\/U079.pdf\" target=\"_blank\" rel=\"noopener noreferrer\"><img decoding=\"async\" title=\"pdf.png\" src=\"https:\/\/www.kfi.se\/wp-content\/uploads\/2018\/01\/pdf.png\" alt=\"pdf.png\" \/>\u00a079 Sara Danielsson 2007. &#8221;En j\u00e4mf\u00f6rande studie av Sveriges socialchefer och skolchefer.&#8221;<\/a><\/p>\n<p><a href=\"http:\/\/www.kfi.se\/wp-content\/uploads\/2016\/08\/U078.pdf\" target=\"_blank\" rel=\"noopener noreferrer\"><img decoding=\"async\" title=\"pdf.png\" src=\"https:\/\/www.kfi.se\/wp-content\/uploads\/2018\/01\/pdf.png\" alt=\"pdf.png\" \/>\u00a078 Pierre Donatella och Rolf Solli 2007. &#8221;En h\u00e5llbar arbetsplats&#8221;<\/a><\/p>\n<p><a href=\"http:\/\/www.kfi.se\/wp-content\/uploads\/2016\/08\/U077.pdf\" target=\"_blank\" rel=\"noopener noreferrer\"><img decoding=\"async\" title=\"pdf.png\" src=\"https:\/\/www.kfi.se\/wp-content\/uploads\/2018\/01\/pdf.png\" alt=\"pdf.png\" \/>\u00a077 Lisa N\u00f6jd 2007. &#8221;Praktik i praktiken. &#8211; En utv\u00e4rdering av feriepraktiken i V\u00e4stra G\u00f6talandsregionen.&#8221;<\/a><\/p>\n<p><a href=\"http:\/\/www.kfi.se\/wp-content\/uploads\/2016\/08\/U076.pdf\" target=\"_blank\" rel=\"noopener noreferrer\"><img decoding=\"async\" title=\"pdf.png\" src=\"https:\/\/www.kfi.se\/wp-content\/uploads\/2018\/01\/pdf.png\" alt=\"pdf.png\" \/>\u00a076 Sven Siverbo 2007. &#8221;Kommunsektorns organisering, styrning och ledning. &#8211; En enk\u00e4tstudie av kommuncheferna i Sveriges kommuner.&#8221;<\/a><\/p>\n<p><a href=\"http:\/\/www.kfi.se\/wp-content\/uploads\/2016\/08\/U075.pdf\" target=\"_blank\" rel=\"noopener noreferrer\"><img decoding=\"async\" title=\"pdf.png\" src=\"https:\/\/www.kfi.se\/wp-content\/uploads\/2018\/01\/pdf.png\" alt=\"pdf.png\" \/>\u00a075 Sofia Wall\u00e9n 2007. &#8221;Resultat &#8211; benchmarking 2007. &#8211; en studie om sv\u00e5righeterna med att f\u00e5 nyckeltal att komma till anv\u00e4ndning i kommunsektorn.&#8221;<\/a><\/p>\n<p><a href=\"http:\/\/www.kfi.se\/wp-content\/uploads\/2016\/08\/U074.pdf\" target=\"_blank\" rel=\"noopener noreferrer\"><img decoding=\"async\" title=\"pdf.png\" src=\"https:\/\/www.kfi.se\/wp-content\/uploads\/2018\/01\/pdf.png\" alt=\"pdf.png\" \/>\u00a074 Viveka Nilsson 2007. &#8221;Kommunal tillv\u00e4xt. &#8211; Kommunchefens motiv till tillv\u00e4xtsatsningar.&#8221;<\/a><\/p>\n<p><a href=\"http:\/\/www.kfi.se\/wp-content\/uploads\/2016\/08\/U073.pdf\" target=\"_blank\" rel=\"noopener noreferrer\"><img decoding=\"async\" title=\"pdf.png\" src=\"https:\/\/www.kfi.se\/wp-content\/uploads\/2018\/01\/pdf.png\" alt=\"pdf.png\" \/>\u00a073 Rolf Solli, Gustaf Kastberg och Emma Ek 2006. &#8221;Att vara f\u00f6rtroendevald i Upplands V\u00e4sby kommun &#8211; En studie av f\u00f6rtroendemannarollen och den politiska organisationen.&#8221;<\/a><\/p>\n<p><a href=\"http:\/\/www.kfi.se\/wp-content\/uploads\/2016\/08\/U072.pdf\" target=\"_blank\" rel=\"noopener noreferrer\"><img decoding=\"async\" title=\"pdf.png\" src=\"https:\/\/www.kfi.se\/wp-content\/uploads\/2018\/01\/pdf.png\" alt=\"pdf.png\" \/>\u00a072 Anna Creg\u00e5rd 2005. &#8221;Bra kan bli b\u00e4ttre &#8211; Lidk\u00f6pings ledarskap vid tv\u00e5 tidpunkter.&#8221;<\/a><\/p>\n<p><a href=\"http:\/\/www.kfi.se\/wp-content\/uploads\/2016\/08\/U071.pdf\" target=\"_blank\" rel=\"noopener noreferrer\"><img decoding=\"async\" title=\"pdf.png\" src=\"https:\/\/www.kfi.se\/wp-content\/uploads\/2018\/01\/pdf.png\" alt=\"pdf.png\" \/>\u00a071 Peter Arkev\u00e5g 2003 &#8221;Ber\u00e4ttelsen om Soten\u00e4s kommun.&#8221;<\/a><\/p>\n<p><a href=\"http:\/\/www.kfi.se\/wp-content\/uploads\/2016\/08\/U070.pdf\" target=\"_blank\" rel=\"noopener noreferrer\"><img decoding=\"async\" title=\"pdf.png\" src=\"https:\/\/www.kfi.se\/wp-content\/uploads\/2018\/01\/pdf.png\" alt=\"pdf.png\" \/>\u00a070 Gustaf Kastberg och Rolf Solli 2003 &#8221;Styrning under f\u00f6r\u00e4nderlighet &#8211; LSS-verksamhet som lysande exempel.&#8221;<\/a><\/p>\n<p><a href=\"http:\/\/www.kfi.se\/wp-content\/uploads\/2016\/08\/U069.pdf\" target=\"_blank\" rel=\"noopener noreferrer\"><img decoding=\"async\" title=\"pdf.png\" src=\"https:\/\/www.kfi.se\/wp-content\/uploads\/2018\/01\/pdf.png\" alt=\"pdf.png\" \/>\u00a069 Ola Eriksson 2003 &#8221;Utv\u00e4rdering av Sk\u00f6vde kommuns satsning p\u00e5 elektronisk handel.&#8221;<\/a><\/p>\n<p><a href=\"http:\/\/www.kfi.se\/wp-content\/uploads\/2016\/08\/U068.pdf\" target=\"_blank\" rel=\"noopener noreferrer\"><img decoding=\"async\" title=\"pdf.png\" src=\"https:\/\/www.kfi.se\/wp-content\/uploads\/2018\/01\/pdf.png\" alt=\"pdf.png\" \/>\u00a068 Gustaf Kastberg och Sven Siverbo 2003 I v\u00e4ntans tider &#8211; En utv\u00e4rdering av V\u00e4stra G\u00f6talandsregionens k\u00f6kansli<\/a><\/p>\n<p><a href=\"http:\/\/www.kfi.se\/wp-content\/uploads\/2016\/08\/U067.pdf\" target=\"_blank\" rel=\"noopener noreferrer\"><img decoding=\"async\" title=\"pdf.png\" src=\"https:\/\/www.kfi.se\/wp-content\/uploads\/2018\/01\/pdf.png\" alt=\"pdf.png\" \/>\u00a067 Bj\u00f6rn Brorstr\u00f6m och Marianne Leffler 2003 Spontan modernisering? En studie av utveckling och tillst\u00e5nd i Tanums kommun<\/a><\/p>\n<p><a href=\"http:\/\/www.kfi.se\/wp-content\/uploads\/2016\/08\/U066.pdf\" target=\"_blank\" rel=\"noopener noreferrer\"><img decoding=\"async\" title=\"pdf.png\" src=\"https:\/\/www.kfi.se\/wp-content\/uploads\/2018\/01\/pdf.png\" alt=\"pdf.png\" \/>\u00a066 Sven Siverbo och Peter Arkev\u00e5g 2003 Ber\u00e4ttelsen om Str\u00f6mstads kommun<\/a><\/p>\n<p><a href=\"http:\/\/www.kfi.se\/wp-content\/uploads\/2016\/08\/U065.pdf\" target=\"_blank\" rel=\"noopener noreferrer\"><img decoding=\"async\" title=\"pdf.png\" src=\"https:\/\/www.kfi.se\/wp-content\/uploads\/2018\/01\/pdf.png\" alt=\"pdf.png\" \/>\u00a065 Sven Siverbo 2003 Ber\u00e4ttelsen om Munkedals kommun<\/a><\/p>\n<p><a href=\"http:\/\/www.kfi.se\/wp-content\/uploads\/2016\/08\/U064.pdf\" target=\"_blank\" rel=\"noopener noreferrer\"><img decoding=\"async\" title=\"pdf.png\" src=\"https:\/\/www.kfi.se\/wp-content\/uploads\/2018\/01\/pdf.png\" alt=\"pdf.png\" \/>\u00a064 Gustaf Kastberg och Rolf Solli 2003 Den or\u00e4ttvisa omv\u00e4rlden \u2013 En studie om organisatorisk attribution inom omsorgen<\/a><\/p>\n<p><a href=\"http:\/\/www.kfi.se\/wp-content\/uploads\/2016\/08\/U063.pdf\" target=\"_blank\" rel=\"noopener noreferrer\"><img decoding=\"async\" title=\"pdf.png\" src=\"https:\/\/www.kfi.se\/wp-content\/uploads\/2018\/01\/pdf.png\" alt=\"pdf.png\" \/>\u00a063 Olga Panfilova 2002 Utv\u00e4rdering av \u201dNya sjukv\u00e5rden\u201d i G\u00f6teborg<\/a><\/p>\n<p><a href=\"http:\/\/www.kfi.se\/wp-content\/uploads\/2016\/08\/U062.pdf\" target=\"_blank\" rel=\"noopener noreferrer\"><img decoding=\"async\" title=\"pdf.png\" src=\"https:\/\/www.kfi.se\/wp-content\/uploads\/2018\/01\/pdf.png\" alt=\"pdf.png\" \/>\u00a062 Gustaf Kastberg och Rolf Solli 2002 Ekonomistyrning med f\u00f6rhinder \u2013 En studie av en liten bit p\u00e5 den l\u00e5nga v\u00e4gen mot modern f\u00f6rvaltningsstyrning.<\/a><\/p>\n<p><a href=\"http:\/\/www.kfi.se\/wp-content\/uploads\/2016\/08\/U061.pdf\" target=\"_blank\" rel=\"noopener noreferrer\"><img decoding=\"async\" title=\"pdf.png\" src=\"https:\/\/www.kfi.se\/wp-content\/uploads\/2018\/01\/pdf.png\" alt=\"pdf.png\" \/>\u00a061 Ylva M\u00fchlenbock 2002 Kommunens st\u00f6d till ungdomar.<\/a><\/p>\n<p><a href=\"http:\/\/www.kfi.se\/wp-content\/uploads\/2016\/08\/U060.pdf\" target=\"_blank\" rel=\"noopener noreferrer\"><img decoding=\"async\" title=\"pdf.png\" src=\"https:\/\/www.kfi.se\/wp-content\/uploads\/2018\/01\/pdf.png\" alt=\"pdf.png\" \/>\u00a060 Gustaf Kastberg och Rolf Solli 2002 Varf\u00f6r blir det inte som vi beslutar? \u2013 En longitudinell studie av ekonomistyrningens funktionalitet i Alings\u00e5s kommun<\/a><\/p>\n<p><a href=\"http:\/\/www.kfi.se\/wp-content\/uploads\/2016\/08\/U059.pdf\" target=\"_blank\" rel=\"noopener noreferrer\"><img decoding=\"async\" title=\"pdf.png\" src=\"https:\/\/www.kfi.se\/wp-content\/uploads\/2018\/01\/pdf.png\" alt=\"pdf.png\" \/>\u00a059 Sven Siverbo 2002 Anpassning eller inte? \u2013 om landstinget Dalarna, G\u00e4vleborg och V\u00e4stmanland<\/a><\/p>\n<p><a href=\"http:\/\/www.kfi.se\/wp-content\/uploads\/2016\/08\/U058.pdf\" target=\"_blank\" rel=\"noopener noreferrer\"><img decoding=\"async\" title=\"pdf.png\" src=\"https:\/\/www.kfi.se\/wp-content\/uploads\/2018\/01\/pdf.png\" alt=\"pdf.png\" \/>\u00a058 Sven Siverbo 2002 Ber\u00e4ttelsen om Landstinget G\u00e4vleborg<\/a><\/p>\n<p><a href=\"http:\/\/www.kfi.se\/wp-content\/uploads\/2016\/08\/U057.pdf\" target=\"_blank\" rel=\"noopener noreferrer\"><img decoding=\"async\" title=\"pdf.png\" src=\"https:\/\/www.kfi.se\/wp-content\/uploads\/2018\/01\/pdf.png\" alt=\"pdf.png\" \/>\u00a057 Bo Hallin 2002 V\u00e4gen mot det moderna landstinget \u2013 En ber\u00e4ttelse om landstinget V\u00e4stmanland<\/a><\/p>\n<p><a href=\"http:\/\/www.kfi.se\/wp-content\/uploads\/2016\/08\/U056.pdf\" target=\"_blank\" rel=\"noopener noreferrer\"><img decoding=\"async\" title=\"pdf.png\" src=\"https:\/\/www.kfi.se\/wp-content\/uploads\/2018\/01\/pdf.png\" alt=\"pdf.png\" \/>\u00a056 Sven Siverbo 2002 Ber\u00e4ttelsen om Dalarna \u2013 Om heterogenitet, kontinuitet och samarbete under Dalamodellens skugga<\/a><\/p>\n<p>55 Ulla Eriksson-Zetterquist, Christian Jensen och Mikael L\u00f6fstr\u00f6m 2001 Utv\u00e4rdering av projektet, Implementering av kvalitet \u201dN\u00e4tverk IFO-V\u00e4sternorrland\u201d Slutrapport<\/p>\n<p>54 Bj\u00f6rn Brorstr\u00f6m och Bo Hallin 2001 Ljusglimtar och m\u00f6rka moln \u2013 en enk\u00e4tstudie om Skaraborgs sjukhus<\/p>\n<p>53 Ylva M\u00fchlenbock och Ewa Wikstr\u00f6m 2000 Samverkansprojektet Arbetsmarknadsenhet \u00d6ster \u2013 En utv\u00e4rderingsrapport<\/p>\n<p>52 Peter Arkev\u00e5g och Gustaf Kastberg 2000 Reskontrahantering \u2013 En studie kring reskontrahanteringen i en n\u00e4mnd<\/p>\n<p>51 Marianne Leffler 2000 En intervjustudie Unga m\u00e4nniskor i \u00e4ldrev\u00e5rden \u2013 hur uppfattar unga anst\u00e4llda sitt arbete i \u00e4ldrev\u00e5rden?<\/p>\n<p>50 Bj\u00f6rn Brorstr\u00f6m och Rolf Solli 2000 Accounting models matter<\/p>\n<p>49 Bo Gertsson och Sven Siverbo 2000 Ekonomisk analys av FRISAM<\/p>\n<p>48 Lennart Jansson 2000 Utv\u00e4rdering av Hallands landstings ekonomistyrningsmodell f\u00f6r laboratoriemedicin<\/p>\n<p>47 Peter Arkev\u00e5g, Lennart Jansson och Rolf Solli 2000 Lika men \u00e4nd\u00e5 inte lika?! \u2013 En j\u00e4mf\u00f6rande studie av fyra gymnasieskolors kostnader i en kommun<\/p>\n<p>46 Bj\u00f6rn Brorstr\u00f6m och Bo Hallin 2000 Skaraborgs sjukhus \u2013 en organisation i omvandling<\/p>\n<p>45 Mikael L\u00f6fstr\u00f6m och Ylva M\u00fchlenbock 1999 Kunskapslyftet och den kommunala utv\u00e4rderingen \u2013 En f\u00f6rstudie av kommunernas egna utv\u00e4rderingar av Kunskapslyftet<\/p>\n<p>44 P\u00e4r Falkman och Katarina Orrbeck 1999 God ekonomiska hush\u00e5llning: Vad \u00e4r det?<\/p>\n<p>43 Marianne Leffler och Ewa Wikstr\u00f6m 1999 Obalans mellan chefskap och ledarskap i den platta organisationen \u2013 en utv\u00e4rdering av lednings och organisationspolicyn i Lidk\u00f6pings kommun<\/p>\n<p>42 P\u00e4r Falkman 1999 Kommunala koncernbokslut \u2013 Problem att uppr\u00e4tta finansieringsanalys<\/p>\n<p>41 Bj\u00f6rn Brorstr\u00f6m och Rolf Solli 1999 \u00d6ppenhet och hederliga effekter \u2013 En rapport om en accepterad ny resursf\u00f6rdelningsmodell inom skolan<\/p>\n<p>40 Peter Arkev\u00e5g 1998 Kommunal revision.<\/p>\n<p>39 Anna Hedlin 1998 Reell ekonomi vs virtuell ekonomi \u2013 En redovisningsteoretisk studie av f\u00f6rh\u00e5llandet mellan ekonomi och ekologi.<\/p>\n<p>38 Bj\u00f6rn Brorstr\u00f6m 1998 Ett redovisningsproblem s\u00f6ker l\u00f6sning \u2013 Citytunneln i Malm\u00f6 stad ur ett redovisningsperspektiv<\/p>\n<p>37 Marianne Leffler och Ylva M\u00fchlenbock 1998 NU-sjukv\u00e5rden \u2013 sjukv\u00e5rd i f\u00f6r\u00e4ndring. En studie av fusionen mellan Uddevalla sjukhus och N\u00c4L.<\/p>\n<p>36 Bj\u00f6rn Brorstr\u00f6m 1998 F\u00f6rklaring av framg\u00e5ng \u2013 ett forskningsprogram med fokus p\u00e5 kommuners utveckling<\/p>\n<p>35 Staffan Carlsson och Sven Siverbo 1998 4S-projektet i Stenungsund \u2013 Ekonomisk analys<\/p>\n<p>34 Lennart Jansson, Mikael L\u00f6fstr\u00f6m och Ewa Wikstr\u00f6m 1998 Sanna-projektet i G\u00f6teborg \u2013 Flerpartssamverkan i missbruksv\u00e5rden<\/p>\n<p>33 Mikael L\u00f6fstr\u00f6m och Sven Siverbo 1998 SESAM-projektet i Ume\u00e5 \u2013 Flerpartssamverkan i missbruksv\u00e5rden<\/p>\n<p>32 Ylva M\u00fchlenbock 1998 SESAM-projektet i Kristianstad \u2013 Flerpartssamverkan i missbruksv\u00e5den<\/p>\n<p>31 Lennart Jansson 1997 Verksamhetsuppf\u00f6ljnings- och prestationsl\u00f6nemodell, Gatukontoret i Lidk\u00f6ping \u2013 En processutv\u00e4rdering<\/p>\n<p>30 Marianne Leffler 1996 Tv\u00e5 steg fram \u2013 och ett tillbaka. Erfarenheter fr\u00e5n landsting med best\u00e4llar-utf\u00f6rarmodeller<\/p>\n<p>29 Hans Petersson, Ulla Bengtsson, Sven Siverbo under medverkan av Bj\u00f6rn Brorstr\u00f6m 1996 Extern finansiell analys av kommuner<\/p>\n<p>28 Hans Petersson 1996 Hur st\u00e5r det till med ekonomin? (II) \u2013 En till\u00e4mpning av en finansiell analysmodell p\u00e5 tolv kranskommuner till G\u00f6teborg<\/p>\n<p>27 Glenn Fihn och Hans Petersson 1996 Finansiell analys och bed\u00f6mning \u2013 En j\u00e4mf\u00f6relse mellan \u201dG\u00f6teborgs stad\u201d och \u201dOslo kommune\u201d baserad p\u00e5 \u00e5rsredovisningsinformation<\/p>\n<p>26 Bj\u00f6rn Brorstr\u00f6m 1996 Lag om kommunal redovisning \u2013 n\u00e5gra f\u00e5 men viktiga synpunkter<\/p>\n<p>25 Ulla Bengtsson och Lennart Nilsson 1995 Politikerna och Bohusmodellen<\/p>\n<p>24 Hans Petersson 1995 Hur st\u00e5r det till med ekonomin? (I) \u2013 En analys av den finansiella situationen i tolv kranskommuner till G\u00f6teborg<\/p>\n<p>23 Bj\u00f6rn Wannebo 1995 Kvalitet inom offentlig sektor \u2013 en f\u00f6rstudie av p\u00e5g\u00e5ende forskning<\/p>\n<p>22 Rolf Solli och Gabriella Waern 1994 Anv\u00e4ndarna och ekonomisystemen \u2013 En studie av anv\u00e4ndares synpunkter p\u00e5 ekonomisystem<\/p>\n<p>21 Bj\u00f6rn Brorstr\u00f6m 1994 Tre bilder av ett sjukhus i f\u00f6r\u00e4ndring<\/p>\n<p>20 Marianne Leffler 1994 Att best\u00e4lla sjukv\u00e5rd \u2013 Best\u00e4llarsidan i en ny styrmodell<\/p>\n<p>19 Ylva M\u00fchlenbock 1994 Modell m\u00f6ter lokal verklighet \u2013 om kommunalt verksamhetsansvariga och deras m\u00f6jligheter att handla innovativt.<\/p>\n<p>18 Ewa Wikstr\u00f6m 1993 Boken om Torslanda<\/p>\n<p>17 Christian Jensen 1993 Boken om Gunnared<\/p>\n<p>16 Lennart Jansson 1993 Boken om Linn\u00e9staden<\/p>\n<p>15 Mikael Blom 1993 Kvalitet i kommuner och landsting \u2013 tolv exempel<\/p>\n<p>14 Hans Petersson 1993 Den finansiella externredovisningen i landsting<\/p>\n<p>13 Bo Westerlund 1993 God kommunal organisation \u2013 mer konst \u00e4n hantverk<\/p>\n<p>12 Berit Skottsberg 1993 Kvalitet i omsorgsarbetet ig\u00e5r \u2013 idag \u2013 imorgon<\/p>\n<p>11 Svante Leijon 1993 Kvalitet genom f\u00f6rebyggande arbete<\/p>\n<p>10 Ewa Wikstr\u00f6m 1993 Den mellanm\u00e4nskliga dialogen \u2013 en studie om deltagande i arbetsgrupper och dess betydelse f\u00f6r att aktivt tolka och f\u00f6reta sig verksamhetens uppgifter<\/p>\n<p>9 Bj\u00f6rn Brorstr\u00f6m 1993 Organisation och effektivitet ur ett kommunledningsperspektiv<\/p>\n<p>8 Ingemar Larsson 1993 Relationer och styrning inom en koncern<\/p>\n<p>7 Einar H\u00e4ckner 1993 Effektivitet i gymnasieutbildning<\/p>\n<p>6 Berit Skottsberg 1993 God avveckling \u2013 att f\u00f6rmedla och reflektera kring avvecklingen av Sag\u00e5sens v\u00e5rdhem<\/p>\n<p>5 Bj\u00f6rn Brorstr\u00f6m 1993 God ekonomi \u2013 en bed\u00f6mning av kommunernas och landstingens ekonomi<\/p>\n<p>4 Bj\u00f6rn Brorstr\u00f6m 1993 Ekonomistyrning \u2013 beskrivning och problematisering<\/p>\n<p>3 Bj\u00f6rn Brorstr\u00f6m 1993 Finansiell redovisning \u2013 modeller och metoder<\/p>\n<p>2 Martin \u00d6berg 1992 Kommunens Konsumentkontor \u2013 verksamhet och effektivitet<\/p>\n<p>1 Lennart Jansson och Malgorzata Cwejman 1992 F\u00f6rslag till utv\u00e4rderingsmodell av Ale-f\u00f6rs\u00f6ket<\/p>\n<p>\u200b<\/p>\n<p>F\u00f6r mer information om KFi kontakta g\u00e4rna: <a href=\"http:\/\/www.kfi.se\/wp-index.php\/kontakt\/viveka-nilsson\/\">Viveka Nilsson<\/a> Administrationsansvarig KFi.<\/p>\n<p>\u200b<\/p>\n<p>&nbsp;<\/p>\n<p>&nbsp;<\/p>\n","protected":false},"excerpt":{"rendered":"<p>(U-serien &#8211; utredning, utveckling och utbildning.) De senaste rapporterna finns som PDF-fil &#8211; klicka p\u00e5 respektive rapport. 119. Gustaf Kastberg Weichselberger och Mikael L\u00f6fstr\u00f6m 2025. &#8221;Utv\u00e4rdering av Alings\u00e5s kommuns politiska organisation&#8221;\u00a0 118. Gustaf Kastberg Weichselberger och Sofia Rosvall 2024. &#8221;En robust modell: om resursf\u00f6rdelning i Bor\u00e5s Stad&#8221; 117. Bj\u00f6rn Brorstr\u00f6m 2023. &#8221;Tillitsbaserad styrning och ledning &hellip; <a href=\"https:\/\/www.kfi.se\/wp-index.php\/publikationer\/kfi-u-rapporter\/\" class=\"more-link\">Forts\u00e4tt l\u00e4sa <span class=\"screen-reader-text\">U-rapporter<\/span><\/a><\/p>\n","protected":false},"author":3,"featured_media":0,"parent":24,"menu_order":0,"comment_status":"closed","ping_status":"closed","template":"","meta":{"footnotes":""},"class_list":["post-510","page","type-page","status-publish","hentry"],"_links":{"self":[{"href":"https:\/\/www.kfi.se\/wp-index.php\/wp-json\/wp\/v2\/pages\/510"}],"collection":[{"href":"https:\/\/www.kfi.se\/wp-index.php\/wp-json\/wp\/v2\/pages"}],"about":[{"href":"https:\/\/www.kfi.se\/wp-index.php\/wp-json\/wp\/v2\/types\/page"}],"author":[{"embeddable":true,"href":"https:\/\/www.kfi.se\/wp-index.php\/wp-json\/wp\/v2\/users\/3"}],"replies":[{"embeddable":true,"href":"https:\/\/www.kfi.se\/wp-index.php\/wp-json\/wp\/v2\/comments?post=510"}],"version-history":[{"count":55,"href":"https:\/\/www.kfi.se\/wp-index.php\/wp-json\/wp\/v2\/pages\/510\/revisions"}],"predecessor-version":[{"id":6950,"href":"https:\/\/www.kfi.se\/wp-index.php\/wp-json\/wp\/v2\/pages\/510\/revisions\/6950"}],"up":[{"embeddable":true,"href":"https:\/\/www.kfi.se\/wp-index.php\/wp-json\/wp\/v2\/pages\/24"}],"wp:attachment":[{"href":"https:\/\/www.kfi.se\/wp-index.php\/wp-json\/wp\/v2\/media?parent=510"}],"curies":[{"name":"wp","href":"https:\/\/api.w.org\/{rel}","templated":true}]}}